{"id":3415,"date":"2024-07-08T11:21:56","date_gmt":"2024-07-08T17:21:56","guid":{"rendered":"https:\/\/recrea.jalisco.gob.mx\/coordinacion-educacion-inicial\/?page_id=3415"},"modified":"2025-08-18T13:11:40","modified_gmt":"2025-08-18T19:11:40","slug":"comites","status":"publish","type":"page","link":"https:\/\/apprende.jalisco.gob.mx\/coordinacion-educacion-inicial\/peei\/comites\/","title":{"rendered":"Comit\u00e9s"},"content":{"rendered":"\t\t<div data-elementor-type=\"wp-page\" data-elementor-id=\"3415\" class=\"elementor elementor-3415\" data-elementor-post-type=\"page\">\n\t\t\t\t\t\t\t\t\t<section class=\"elementor-section elementor-top-section elementor-element elementor-element-ddfb6fd elementor-section-boxed elementor-section-height-default elementor-section-height-default\" data-id=\"ddfb6fd\" data-element_type=\"section\" data-settings=\"{&quot;ekit_has_onepagescroll_dot&quot;:&quot;yes&quot;}\">\n\t\t\t\t\t\t<div class=\"elementor-container elementor-column-gap-default\">\n\t\t\t\t\t<div class=\"elementor-column elementor-col-100 elementor-top-column elementor-element elementor-element-b5fef51\" data-id=\"b5fef51\" data-element_type=\"column\">\n\t\t\t<div class=\"elementor-widget-wrap elementor-element-populated\">\n\t\t\t\t\t\t\t\t<div class=\"elementor-element elementor-element-7c6b08c elementor-widget elementor-widget-breadcrumbs\" data-id=\"7c6b08c\" data-element_type=\"widget\" data-settings=\"{&quot;ekit_we_effect_on&quot;:&quot;none&quot;}\" data-widget_type=\"breadcrumbs.default\">\n\t\t\t\t<div class=\"elementor-widget-container\">\n\t\t\t<div id=\"breadcrumbs\"><span><span><a href=\"https:\/\/apprende.jalisco.gob.mx\/coordinacion-educacion-inicial\/\">Inicio<\/a><\/span><\/span><\/div>\t\t<\/div>\n\t\t\t\t<\/div>\n\t\t\t\t<div class=\"elementor-element elementor-element-04a7450 elementor-widget elementor-widget-heading\" data-id=\"04a7450\" data-element_type=\"widget\" data-settings=\"{&quot;ekit_we_effect_on&quot;:&quot;none&quot;}\" data-widget_type=\"heading.default\">\n\t\t\t\t<div class=\"elementor-widget-container\">\n\t\t\t<h2 class=\"elementor-heading-title elementor-size-default\">Comit\u00e9 de Contralor\u00eda Social<\/h2>\t\t<\/div>\n\t\t\t\t<\/div>\n\t\t\t\t\t<\/div>\n\t\t<\/div>\n\t\t\t\t\t\t\t<\/div>\n\t\t<\/section>\n\t\t\t\t<section class=\"elementor-section elementor-top-section elementor-element elementor-element-be26938 elementor-section-boxed elementor-section-height-default elementor-section-height-default\" data-id=\"be26938\" data-element_type=\"section\" data-settings=\"{&quot;ekit_has_onepagescroll_dot&quot;:&quot;yes&quot;}\">\n\t\t\t\t\t\t<div class=\"elementor-container elementor-column-gap-default\">\n\t\t\t\t\t<div class=\"elementor-column elementor-col-100 elementor-top-column elementor-element elementor-element-a1a01a1\" data-id=\"a1a01a1\" data-element_type=\"column\">\n\t\t\t<div class=\"elementor-widget-wrap\">\n\t\t\t\t\t\t\t\t\t<\/div>\n\t\t<\/div>\n\t\t\t\t\t\t\t<\/div>\n\t\t<\/section>\n\t\t\t\t<section class=\"elementor-section elementor-top-section elementor-element elementor-element-b6bfe0e elementor-section-boxed elementor-section-height-default elementor-section-height-default\" data-id=\"b6bfe0e\" data-element_type=\"section\" data-settings=\"{&quot;ekit_has_onepagescroll_dot&quot;:&quot;yes&quot;}\">\n\t\t\t\t\t\t<div class=\"elementor-container elementor-column-gap-default\">\n\t\t\t\t\t<div class=\"elementor-column elementor-col-25 elementor-top-column elementor-element elementor-element-3371691\" data-id=\"3371691\" data-element_type=\"column\">\n\t\t\t<div class=\"elementor-widget-wrap elementor-element-populated\">\n\t\t\t\t\t\t\t\t<div class=\"elementor-element elementor-element-41da71c elementor-widget elementor-widget-image\" data-id=\"41da71c\" data-element_type=\"widget\" data-settings=\"{&quot;ekit_we_effect_on&quot;:&quot;none&quot;}\" data-widget_type=\"image.default\">\n\t\t\t\t<div class=\"elementor-widget-container\">\n\t\t\t\t\t\t\t\t\t\t\t\t\t\t\t\t<a href=\"https:\/\/apprende.jalisco.gob.mx\/coordinacion-educacion-inicial\/wp-content\/uploads\/sites\/43\/2025\/08\/Folleto-La-Contraloria-Social-en-el-PEEI.pdf\" target=\"_blank\">\n\t\t\t\t\t\t\t<img decoding=\"async\" width=\"671\" height=\"878\" src=\"https:\/\/apprende.jalisco.gob.mx\/coordinacion-educacion-inicial\/wp-content\/uploads\/sites\/43\/2025\/08\/Contraloria-Social-2025.png\" class=\"attachment-medium_large size-medium_large wp-image-3635\" alt=\"\" srcset=\"https:\/\/apprende.jalisco.gob.mx\/coordinacion-educacion-inicial\/wp-content\/uploads\/sites\/43\/2025\/08\/Contraloria-Social-2025.png 671w, https:\/\/apprende.jalisco.gob.mx\/coordinacion-educacion-inicial\/wp-content\/uploads\/sites\/43\/2025\/08\/Contraloria-Social-2025-229x300.png 229w\" sizes=\"(max-width: 671px) 100vw, 671px\" \/>\t\t\t\t\t\t\t\t<\/a>\n\t\t\t\t\t\t\t\t\t\t\t\t\t\t\t<\/div>\n\t\t\t\t<\/div>\n\t\t\t\t\t<\/div>\n\t\t<\/div>\n\t\t\t\t<div class=\"elementor-column elementor-col-25 elementor-top-column elementor-element elementor-element-b206e20\" data-id=\"b206e20\" data-element_type=\"column\">\n\t\t\t<div class=\"elementor-widget-wrap elementor-element-populated\">\n\t\t\t\t\t\t\t\t<div class=\"elementor-element elementor-element-8f16a1d elementor-widget elementor-widget-image\" data-id=\"8f16a1d\" data-element_type=\"widget\" data-settings=\"{&quot;ekit_we_effect_on&quot;:&quot;none&quot;}\" data-widget_type=\"image.default\">\n\t\t\t\t<div class=\"elementor-widget-container\">\n\t\t\t\t\t\t\t\t\t\t\t\t\t\t\t\t<a href=\"https:\/\/apprende.jalisco.gob.mx\/coordinacion-educacion-inicial\/wp-content\/uploads\/sites\/43\/2025\/08\/Cartel-Que-es-la-Contraloria-Social-2025.pdf\" target=\"_blank\">\n\t\t\t\t\t\t\t<img decoding=\"async\" width=\"201\" height=\"300\" src=\"https:\/\/apprende.jalisco.gob.mx\/coordinacion-educacion-inicial\/wp-content\/uploads\/sites\/43\/2025\/08\/Que-es-la-Contraloria-Social-201x300.png\" class=\"attachment-medium size-medium wp-image-3638\" alt=\"\" srcset=\"https:\/\/apprende.jalisco.gob.mx\/coordinacion-educacion-inicial\/wp-content\/uploads\/sites\/43\/2025\/08\/Que-es-la-Contraloria-Social-201x300.png 201w, https:\/\/apprende.jalisco.gob.mx\/coordinacion-educacion-inicial\/wp-content\/uploads\/sites\/43\/2025\/08\/Que-es-la-Contraloria-Social.png 594w\" sizes=\"(max-width: 201px) 100vw, 201px\" \/>\t\t\t\t\t\t\t\t<\/a>\n\t\t\t\t\t\t\t\t\t\t\t\t\t\t\t<\/div>\n\t\t\t\t<\/div>\n\t\t\t\t\t<\/div>\n\t\t<\/div>\n\t\t\t\t<div class=\"elementor-column elementor-col-25 elementor-top-column elementor-element elementor-element-5830e06\" data-id=\"5830e06\" data-element_type=\"column\">\n\t\t\t<div class=\"elementor-widget-wrap elementor-element-populated\">\n\t\t\t\t\t\t\t\t<div class=\"elementor-element elementor-element-dff139b elementor-widget elementor-widget-image\" data-id=\"dff139b\" data-element_type=\"widget\" data-settings=\"{&quot;ekit_we_effect_on&quot;:&quot;none&quot;}\" data-widget_type=\"image.default\">\n\t\t\t\t<div class=\"elementor-widget-container\">\n\t\t\t\t\t\t\t\t\t\t\t\t\t\t\t\t<a href=\"https:\/\/apprende.jalisco.gob.mx\/coordinacion-educacion-inicial\/wp-content\/uploads\/sites\/43\/2025\/08\/Folleto-Quejas-Denuncias-Sugerencias-PEEI-2025.pdf\" target=\"_blank\">\n\t\t\t\t\t\t\t<img decoding=\"async\" width=\"229\" height=\"300\" src=\"https:\/\/apprende.jalisco.gob.mx\/coordinacion-educacion-inicial\/wp-content\/uploads\/sites\/43\/2025\/08\/Contraloria-Social-2025-Quejas-Denuncias-y-Sugerencias-229x300.png\" class=\"attachment-medium size-medium wp-image-3637\" alt=\"\" srcset=\"https:\/\/apprende.jalisco.gob.mx\/coordinacion-educacion-inicial\/wp-content\/uploads\/sites\/43\/2025\/08\/Contraloria-Social-2025-Quejas-Denuncias-y-Sugerencias-229x300.png 229w, https:\/\/apprende.jalisco.gob.mx\/coordinacion-educacion-inicial\/wp-content\/uploads\/sites\/43\/2025\/08\/Contraloria-Social-2025-Quejas-Denuncias-y-Sugerencias.png 669w\" sizes=\"(max-width: 229px) 100vw, 229px\" \/>\t\t\t\t\t\t\t\t<\/a>\n\t\t\t\t\t\t\t\t\t\t\t\t\t\t\t<\/div>\n\t\t\t\t<\/div>\n\t\t\t\t\t<\/div>\n\t\t<\/div>\n\t\t\t\t<div class=\"elementor-column elementor-col-25 elementor-top-column elementor-element elementor-element-5d6d9bb\" data-id=\"5d6d9bb\" data-element_type=\"column\">\n\t\t\t<div class=\"elementor-widget-wrap elementor-element-populated\">\n\t\t\t\t\t\t\t\t<div class=\"elementor-element elementor-element-7a7457f elementor-widget elementor-widget-image\" data-id=\"7a7457f\" data-element_type=\"widget\" data-settings=\"{&quot;ekit_we_effect_on&quot;:&quot;none&quot;}\" data-widget_type=\"image.default\">\n\t\t\t\t<div class=\"elementor-widget-container\">\n\t\t\t\t\t\t\t\t\t\t\t\t\t\t\t\t<a href=\"https:\/\/apprende.jalisco.gob.mx\/coordinacion-educacion-inicial\/wp-content\/uploads\/sites\/43\/2025\/08\/Cartel-Que-es-el-Comite-de-Contraloria-Social-2025.pdf\" target=\"_blank\">\n\t\t\t\t\t\t\t<img decoding=\"async\" width=\"201\" height=\"300\" src=\"https:\/\/apprende.jalisco.gob.mx\/coordinacion-educacion-inicial\/wp-content\/uploads\/sites\/43\/2025\/08\/Comite-de-Contraloria-Social-201x300.png\" class=\"attachment-medium size-medium wp-image-3636\" alt=\"\" srcset=\"https:\/\/apprende.jalisco.gob.mx\/coordinacion-educacion-inicial\/wp-content\/uploads\/sites\/43\/2025\/08\/Comite-de-Contraloria-Social-201x300.png 201w, https:\/\/apprende.jalisco.gob.mx\/coordinacion-educacion-inicial\/wp-content\/uploads\/sites\/43\/2025\/08\/Comite-de-Contraloria-Social.png 592w\" sizes=\"(max-width: 201px) 100vw, 201px\" \/>\t\t\t\t\t\t\t\t<\/a>\n\t\t\t\t\t\t\t\t\t\t\t\t\t\t\t<\/div>\n\t\t\t\t<\/div>\n\t\t\t\t\t<\/div>\n\t\t<\/div>\n\t\t\t\t\t\t\t<\/div>\n\t\t<\/section>\n\t\t\t\t\t\t\t<\/div>\n\t\t","protected":false},"excerpt":{"rendered":"<p>Comit\u00e9 de Contralor\u00eda Social<\/p>\n","protected":false},"author":8,"featured_media":0,"parent":3181,"menu_order":0,"comment_status":"closed","ping_status":"closed","template":"","meta":{"_monsterinsights_skip_tracking":false,"_monsterinsights_sitenote_active":false,"_monsterinsights_sitenote_note":"","_monsterinsights_sitenote_category":0,"site-sidebar-layout":"no-sidebar","site-content-layout":"page-builder","ast-site-content-layout":"","site-content-style":"default","site-sidebar-style":"default","ast-global-header-display":"","ast-banner-title-visibility":"","ast-main-header-display":"","ast-hfb-above-header-display":"","ast-hfb-below-header-display":"","ast-hfb-mobile-header-display":"","site-post-title":"disabled","ast-breadcrumbs-content":"","ast-featured-img":"disabled","footer-sml-layout":"","theme-transparent-header-meta":"default","adv-header-id-meta":"","stick-header-meta":"default","header-above-stick-meta":"","header-main-stick-meta":"","header-below-stick-meta":"","astra-migrate-meta-layouts":"","ep_exclude_from_search":false,"footnotes":""},"acf":[],"yoast_head":"<!-- This site is optimized with the Yoast SEO Premium plugin v17.7 (Yoast SEO v21.0) - https:\/\/yoast.com\/wordpress\/plugins\/seo\/ -->\n<title>Comit\u00e9s - Coordinaci\u00f3n de Educaci\u00f3n Inicial<\/title>\n<meta name=\"robots\" content=\"index, follow, max-snippet:-1, max-image-preview:large, max-video-preview:-1\" \/>\n<link rel=\"canonical\" href=\"https:\/\/apprende.jalisco.gob.mx\/coordinacion-educacion-inicial\/peei\/comites\/\" \/>\n<meta property=\"og:locale\" content=\"es_MX\" \/>\n<meta property=\"og:type\" content=\"article\" \/>\n<meta property=\"og:title\" content=\"Comit\u00e9s\" \/>\n<meta property=\"og:description\" content=\"Comit\u00e9 de Contralor\u00eda Social\" \/>\n<meta property=\"og:url\" content=\"https:\/\/apprende.jalisco.gob.mx\/coordinacion-educacion-inicial\/peei\/comites\/\" \/>\n<meta property=\"og:site_name\" content=\"Coordinaci\u00f3n de Educaci\u00f3n Inicial\" \/>\n<meta property=\"article:modified_time\" content=\"2025-08-18T19:11:40+00:00\" \/>\n<meta property=\"og:image\" content=\"https:\/\/apprende.jalisco.gob.mx\/coordinacion-educacion-inicial\/wp-content\/uploads\/sites\/43\/2025\/08\/Contraloria-Social-2025.png\" \/>\n<meta name=\"twitter:card\" content=\"summary_large_image\" \/>\n<meta name=\"twitter:label1\" content=\"Tiempo de lectura\" \/>\n\t<meta name=\"twitter:data1\" content=\"1 minuto\" \/>\n<script type=\"application\/ld+json\" class=\"yoast-schema-graph\">{\"@context\":\"https:\/\/schema.org\",\"@graph\":[{\"@type\":\"WebPage\",\"@id\":\"https:\/\/apprende.jalisco.gob.mx\/coordinacion-educacion-inicial\/peei\/comites\/\",\"url\":\"https:\/\/apprende.jalisco.gob.mx\/coordinacion-educacion-inicial\/peei\/comites\/\",\"name\":\"Comit\u00e9s - Coordinaci\u00f3n de Educaci\u00f3n Inicial\",\"isPartOf\":{\"@id\":\"https:\/\/apprende.jalisco.gob.mx\/coordinacion-educacion-inicial\/#website\"},\"datePublished\":\"2024-07-08T17:21:56+00:00\",\"dateModified\":\"2025-08-18T19:11:40+00:00\",\"breadcrumb\":{\"@id\":\"https:\/\/apprende.jalisco.gob.mx\/coordinacion-educacion-inicial\/peei\/comites\/#breadcrumb\"},\"inLanguage\":\"es-MX\",\"potentialAction\":[{\"@type\":\"ReadAction\",\"target\":[\"https:\/\/apprende.jalisco.gob.mx\/coordinacion-educacion-inicial\/peei\/comites\/\"]}]},{\"@type\":\"BreadcrumbList\",\"@id\":\"https:\/\/apprende.jalisco.gob.mx\/coordinacion-educacion-inicial\/peei\/comites\/#breadcrumb\",\"itemListElement\":[{\"@type\":\"ListItem\",\"position\":1,\"name\":\"Inicio\",\"item\":\"https:\/\/apprende.jalisco.gob.mx\/coordinacion-educacion-inicial\/\"},{\"@type\":\"ListItem\",\"position\":2,\"name\":\"PEEI\",\"item\":\"https:\/\/apprende.jalisco.gob.mx\/coordinacion-educacion-inicial\/peei\/\"},{\"@type\":\"ListItem\",\"position\":3,\"name\":\"Comit\u00e9s\"}]},{\"@type\":\"WebSite\",\"@id\":\"https:\/\/apprende.jalisco.gob.mx\/coordinacion-educacion-inicial\/#website\",\"url\":\"https:\/\/apprende.jalisco.gob.mx\/coordinacion-educacion-inicial\/\",\"name\":\"Coordinaci\u00f3n de Educaci\u00f3n Inicial\",\"description\":\"Micrositio\",\"publisher\":{\"@id\":\"https:\/\/apprende.jalisco.gob.mx\/coordinacion-educacion-inicial\/#organization\"},\"potentialAction\":[{\"@type\":\"SearchAction\",\"target\":{\"@type\":\"EntryPoint\",\"urlTemplate\":\"https:\/\/apprende.jalisco.gob.mx\/coordinacion-educacion-inicial\/?s={search_term_string}\"},\"query-input\":\"required name=search_term_string\"}],\"inLanguage\":\"es-MX\"},{\"@type\":\"Organization\",\"@id\":\"https:\/\/apprende.jalisco.gob.mx\/coordinacion-educacion-inicial\/#organization\",\"name\":\"Coordinaci\u00f3n de Educaci\u00f3n Inicial\",\"url\":\"https:\/\/apprende.jalisco.gob.mx\/coordinacion-educacion-inicial\/\",\"logo\":{\"@type\":\"ImageObject\",\"inLanguage\":\"es-MX\",\"@id\":\"https:\/\/apprende.jalisco.gob.mx\/coordinacion-educacion-inicial\/#\/schema\/logo\/image\/\",\"url\":\"https:\/\/apprende.jalisco.gob.mx\/coordinacion-educacion-inicial\/wp-content\/uploads\/sites\/43\/2022\/03\/logo-Educacion2025.png\",\"contentUrl\":\"https:\/\/apprende.jalisco.gob.mx\/coordinacion-educacion-inicial\/wp-content\/uploads\/sites\/43\/2022\/03\/logo-Educacion2025.png\",\"width\":427,\"height\":108,\"caption\":\"Coordinaci\u00f3n de Educaci\u00f3n Inicial\"},\"image\":{\"@id\":\"https:\/\/apprende.jalisco.gob.mx\/coordinacion-educacion-inicial\/#\/schema\/logo\/image\/\"}}]}<\/script>\n<!-- \/ Yoast SEO Premium plugin. -->","yoast_head_json":{"title":"Comit\u00e9s - Coordinaci\u00f3n de Educaci\u00f3n Inicial","robots":{"index":"index","follow":"follow","max-snippet":"max-snippet:-1","max-image-preview":"max-image-preview:large","max-video-preview":"max-video-preview:-1"},"canonical":"https:\/\/apprende.jalisco.gob.mx\/coordinacion-educacion-inicial\/peei\/comites\/","og_locale":"es_MX","og_type":"article","og_title":"Comit\u00e9s","og_description":"Comit\u00e9 de Contralor\u00eda Social","og_url":"https:\/\/apprende.jalisco.gob.mx\/coordinacion-educacion-inicial\/peei\/comites\/","og_site_name":"Coordinaci\u00f3n de Educaci\u00f3n Inicial","article_modified_time":"2025-08-18T19:11:40+00:00","og_image":[{"url":"https:\/\/apprende.jalisco.gob.mx\/coordinacion-educacion-inicial\/wp-content\/uploads\/sites\/43\/2025\/08\/Contraloria-Social-2025.png"}],"twitter_card":"summary_large_image","twitter_misc":{"Tiempo de lectura":"1 minuto"},"schema":{"@context":"https:\/\/schema.org","@graph":[{"@type":"WebPage","@id":"https:\/\/apprende.jalisco.gob.mx\/coordinacion-educacion-inicial\/peei\/comites\/","url":"https:\/\/apprende.jalisco.gob.mx\/coordinacion-educacion-inicial\/peei\/comites\/","name":"Comit\u00e9s - Coordinaci\u00f3n de Educaci\u00f3n Inicial","isPartOf":{"@id":"https:\/\/apprende.jalisco.gob.mx\/coordinacion-educacion-inicial\/#website"},"datePublished":"2024-07-08T17:21:56+00:00","dateModified":"2025-08-18T19:11:40+00:00","breadcrumb":{"@id":"https:\/\/apprende.jalisco.gob.mx\/coordinacion-educacion-inicial\/peei\/comites\/#breadcrumb"},"inLanguage":"es-MX","potentialAction":[{"@type":"ReadAction","target":["https:\/\/apprende.jalisco.gob.mx\/coordinacion-educacion-inicial\/peei\/comites\/"]}]},{"@type":"BreadcrumbList","@id":"https:\/\/apprende.jalisco.gob.mx\/coordinacion-educacion-inicial\/peei\/comites\/#breadcrumb","itemListElement":[{"@type":"ListItem","position":1,"name":"Inicio","item":"https:\/\/apprende.jalisco.gob.mx\/coordinacion-educacion-inicial\/"},{"@type":"ListItem","position":2,"name":"PEEI","item":"https:\/\/apprende.jalisco.gob.mx\/coordinacion-educacion-inicial\/peei\/"},{"@type":"ListItem","position":3,"name":"Comit\u00e9s"}]},{"@type":"WebSite","@id":"https:\/\/apprende.jalisco.gob.mx\/coordinacion-educacion-inicial\/#website","url":"https:\/\/apprende.jalisco.gob.mx\/coordinacion-educacion-inicial\/","name":"Coordinaci\u00f3n de Educaci\u00f3n Inicial","description":"Micrositio","publisher":{"@id":"https:\/\/apprende.jalisco.gob.mx\/coordinacion-educacion-inicial\/#organization"},"potentialAction":[{"@type":"SearchAction","target":{"@type":"EntryPoint","urlTemplate":"https:\/\/apprende.jalisco.gob.mx\/coordinacion-educacion-inicial\/?s={search_term_string}"},"query-input":"required name=search_term_string"}],"inLanguage":"es-MX"},{"@type":"Organization","@id":"https:\/\/apprende.jalisco.gob.mx\/coordinacion-educacion-inicial\/#organization","name":"Coordinaci\u00f3n de Educaci\u00f3n Inicial","url":"https:\/\/apprende.jalisco.gob.mx\/coordinacion-educacion-inicial\/","logo":{"@type":"ImageObject","inLanguage":"es-MX","@id":"https:\/\/apprende.jalisco.gob.mx\/coordinacion-educacion-inicial\/#\/schema\/logo\/image\/","url":"https:\/\/apprende.jalisco.gob.mx\/coordinacion-educacion-inicial\/wp-content\/uploads\/sites\/43\/2022\/03\/logo-Educacion2025.png","contentUrl":"https:\/\/apprende.jalisco.gob.mx\/coordinacion-educacion-inicial\/wp-content\/uploads\/sites\/43\/2022\/03\/logo-Educacion2025.png","width":427,"height":108,"caption":"Coordinaci\u00f3n de Educaci\u00f3n Inicial"},"image":{"@id":"https:\/\/apprende.jalisco.gob.mx\/coordinacion-educacion-inicial\/#\/schema\/logo\/image\/"}}]}},"_links":{"self":[{"href":"https:\/\/apprende.jalisco.gob.mx\/coordinacion-educacion-inicial\/wp-json\/wp\/v2\/pages\/3415"}],"collection":[{"href":"https:\/\/apprende.jalisco.gob.mx\/coordinacion-educacion-inicial\/wp-json\/wp\/v2\/pages"}],"about":[{"href":"https:\/\/apprende.jalisco.gob.mx\/coordinacion-educacion-inicial\/wp-json\/wp\/v2\/types\/page"}],"author":[{"embeddable":true,"href":"https:\/\/apprende.jalisco.gob.mx\/coordinacion-educacion-inicial\/wp-json\/wp\/v2\/users\/8"}],"replies":[{"embeddable":true,"href":"https:\/\/apprende.jalisco.gob.mx\/coordinacion-educacion-inicial\/wp-json\/wp\/v2\/comments?post=3415"}],"version-history":[{"count":34,"href":"https:\/\/apprende.jalisco.gob.mx\/coordinacion-educacion-inicial\/wp-json\/wp\/v2\/pages\/3415\/revisions"}],"predecessor-version":[{"id":3668,"href":"https:\/\/apprende.jalisco.gob.mx\/coordinacion-educacion-inicial\/wp-json\/wp\/v2\/pages\/3415\/revisions\/3668"}],"up":[{"embeddable":true,"href":"https:\/\/apprende.jalisco.gob.mx\/coordinacion-educacion-inicial\/wp-json\/wp\/v2\/pages\/3181"}],"wp:attachment":[{"href":"https:\/\/apprende.jalisco.gob.mx\/coordinacion-educacion-inicial\/wp-json\/wp\/v2\/media?parent=3415"}],"curies":[{"name":"wp","href":"https:\/\/api.w.org\/{rel}","templated":true}]}}