{"id":2950,"date":"2022-09-05T18:26:17","date_gmt":"2022-09-05T23:26:17","guid":{"rendered":"https:\/\/apprende.jalisco.gob.mx\/direccion-educacion-especial\/?page_id=2950"},"modified":"2026-01-08T10:53:55","modified_gmt":"2026-01-08T16:53:55","slug":"servicios","status":"publish","type":"page","link":"https:\/\/apprende.jalisco.gob.mx\/direccion-educacion-especial\/servicios\/","title":{"rendered":"Servicios"},"content":{"rendered":"\t\t<div data-elementor-type=\"wp-page\" data-elementor-id=\"2950\" class=\"elementor elementor-2950\" data-elementor-post-type=\"page\">\n\t\t\t\t\t\t\t\t\t<section class=\"elementor-section elementor-top-section elementor-element elementor-element-ddfb6fd elementor-section-boxed elementor-section-height-default elementor-section-height-default\" data-id=\"ddfb6fd\" data-element_type=\"section\" data-settings=\"{&quot;ekit_has_onepagescroll_dot&quot;:&quot;yes&quot;}\">\n\t\t\t\t\t\t<div class=\"elementor-container elementor-column-gap-default\">\n\t\t\t\t\t<div class=\"elementor-column elementor-col-100 elementor-top-column elementor-element elementor-element-b5fef51\" data-id=\"b5fef51\" data-element_type=\"column\">\n\t\t\t<div class=\"elementor-widget-wrap elementor-element-populated\">\n\t\t\t\t\t\t\t\t<div class=\"elementor-element elementor-element-7c6b08c elementor-widget elementor-widget-breadcrumbs\" data-id=\"7c6b08c\" data-element_type=\"widget\" data-settings=\"{&quot;ekit_we_effect_on&quot;:&quot;none&quot;}\" data-widget_type=\"breadcrumbs.default\">\n\t\t\t\t<div class=\"elementor-widget-container\">\n\t\t\t<div id=\"breadcrumbs\"><span><span><a href=\"https:\/\/apprende.jalisco.gob.mx\/direccion-educacion-especial\/\">Inicio<\/a><\/span><\/span><\/div>\t\t<\/div>\n\t\t\t\t<\/div>\n\t\t\t\t\t<\/div>\n\t\t<\/div>\n\t\t\t\t\t\t\t<\/div>\n\t\t<\/section>\n\t\t\t\t<section class=\"elementor-section elementor-top-section elementor-element elementor-element-2496b07 elementor-section-full_width elementor-section-height-default elementor-section-height-default\" data-id=\"2496b07\" data-element_type=\"section\" data-settings=\"{&quot;background_background&quot;:&quot;classic&quot;,&quot;ekit_has_onepagescroll_dot&quot;:&quot;yes&quot;}\">\n\t\t\t\t\t\t<div class=\"elementor-container elementor-column-gap-default\">\n\t\t\t\t\t<div class=\"elementor-column elementor-col-100 elementor-top-column elementor-element elementor-element-abc373b\" data-id=\"abc373b\" data-element_type=\"column\">\n\t\t\t<div class=\"elementor-widget-wrap elementor-element-populated\">\n\t\t\t\t\t\t\t\t<section class=\"elementor-section elementor-inner-section elementor-element elementor-element-82a360c elementor-section-boxed elementor-section-height-default elementor-section-height-default\" data-id=\"82a360c\" data-element_type=\"section\" data-settings=\"{&quot;ekit_has_onepagescroll_dot&quot;:&quot;yes&quot;}\">\n\t\t\t\t\t\t<div class=\"elementor-container elementor-column-gap-default\">\n\t\t\t\t\t<div class=\"elementor-column elementor-col-100 elementor-inner-column elementor-element elementor-element-177f601\" data-id=\"177f601\" data-element_type=\"column\">\n\t\t\t<div class=\"elementor-widget-wrap elementor-element-populated\">\n\t\t\t\t\t\t\t\t<div class=\"elementor-element elementor-element-6db45a8 elementor-widget elementor-widget-heading\" data-id=\"6db45a8\" data-element_type=\"widget\" data-settings=\"{&quot;ekit_we_effect_on&quot;:&quot;none&quot;}\" data-widget_type=\"heading.default\">\n\t\t\t\t<div class=\"elementor-widget-container\">\n\t\t\t<h2 class=\"elementor-heading-title elementor-size-default\">Servicios<\/h2>\t\t<\/div>\n\t\t\t\t<\/div>\n\t\t\t\t<div class=\"elementor-element elementor-element-5487cb7 elementor-widget elementor-widget-text-editor\" data-id=\"5487cb7\" data-element_type=\"widget\" data-settings=\"{&quot;ekit_we_effect_on&quot;:&quot;none&quot;}\" data-widget_type=\"text-editor.default\">\n\t\t\t\t<div class=\"elementor-widget-container\">\n\t\t\t\t\t\t\t<p>La Educaci\u00f3n ha de ser Inclusiva y se busca garantizar este derecho a los educandos que enfrentan Barreras para el Aprendizaje y la Participaci\u00f3n. Por tanto, ofrecer los Servicios de Educaci\u00f3n Especial, permitir\u00e1 el apoyo a los alumnos con alguna discapacidad (Visual, Auditiva, Intelectual, Motriz o con alg\u00fan Trastorno), aptitudes sobresalientes y aquellos con mayores necesidades de atenci\u00f3n educativa en el \u00e1rea del aprendizaje, la comunicaci\u00f3n y la conducta en los niveles de educaci\u00f3n obligatoria, en su proceso de inclusi\u00f3n. Los Servicios de Educaci\u00f3n Especial son los que, en corresponsabilidad con los niveles de Educaci\u00f3n b\u00e1sica, contribuyen al logro de la educaci\u00f3n inclusiva en el sistema educativo nacional, a trav\u00e9s de equipos multidisciplinarios, que brindan apoyos pedag\u00f3gicos, did\u00e1cticos, metodol\u00f3gicos, tecnol\u00f3gicos y de gesti\u00f3n de recursos y contribuir a la creaci\u00f3n de culturas inclusivas, establecimiento de pol\u00edticas inclusivas y el desarrollo de pr\u00e1cticas inclusivas. Estos se organizan en:<\/p>\t\t\t\t\t\t<\/div>\n\t\t\t\t<\/div>\n\t\t\t\t<div class=\"elementor-element elementor-element-fd3449f elementor-widget elementor-widget-accordion\" data-id=\"fd3449f\" data-element_type=\"widget\" data-settings=\"{&quot;ekit_we_effect_on&quot;:&quot;none&quot;}\" data-widget_type=\"accordion.default\">\n\t\t\t\t<div class=\"elementor-widget-container\">\n\t\t\t\t\t<div class=\"elementor-accordion\">\n\t\t\t\t\t\t\t<div class=\"elementor-accordion-item\">\n\t\t\t\t\t<div id=\"elementor-tab-title-2651\" class=\"elementor-tab-title\" data-tab=\"1\" role=\"button\" aria-controls=\"elementor-tab-content-2651\" aria-expanded=\"false\">\n\t\t\t\t\t\t\t\t\t\t\t\t\t<span class=\"elementor-accordion-icon elementor-accordion-icon-left\" aria-hidden=\"true\">\n\t\t\t\t\t\t\t\t\t\t\t\t\t\t\t<span class=\"elementor-accordion-icon-closed\"><i class=\"fas fa-plus\"><\/i><\/span>\n\t\t\t\t\t\t\t\t<span class=\"elementor-accordion-icon-opened\"><i class=\"fas fa-minus\"><\/i><\/span>\n\t\t\t\t\t\t\t\t\t\t\t\t\t\t<\/span>\n\t\t\t\t\t\t\t\t\t\t\t\t<a class=\"elementor-accordion-title\" tabindex=\"0\">Servicio Escolarizado. Centro de Atenci\u00f3n M\u00faltiple (CAM)<\/a>\n\t\t\t\t\t<\/div>\n\t\t\t\t\t<div id=\"elementor-tab-content-2651\" class=\"elementor-tab-content elementor-clearfix\" data-tab=\"1\" role=\"region\" aria-labelledby=\"elementor-tab-title-2651\"><p>Este servicio de Educaci\u00f3n especial tiene la responsabilidad de escolarizar a aquellos alumnos y alumnas que presentan cualquier condici\u00f3n de discapacidad (Visual, Auditiva, Intelectual, Motriz o con alg\u00fan Trastorno) que por sus caracter\u00edsticas requiere que se establezcan ajustes razonables para su atenci\u00f3n desde un enfoque inclusivo, desde los principios del Dise\u00f1o Universal para el Aprendizaje, as\u00ed como de la ense\u00f1anza Diversificada. Los alumnos atendidos en el CAM pueden permanecer escolarizados de manera transitoria o permanente, de acuerdo a su desarrollo y caracter\u00edsticas, con el fin de brindarles una atenci\u00f3n Educativa de Calidad y con equidad.<\/p><p>Tambi\u00e9n ofrece servicio de Formaci\u00f3n para el trabajo donde se promueve el desarrollo de competencias laborales para favorecer su autonom\u00eda e independencia.<\/p><p>Se enfoca a eliminar las barreras para el aprendizaje y la participaci\u00f3n a la que se enfrentan los NNA, favorecer el desarrollo integral, maximizando la adquisici\u00f3n de competencias que les permita ejercer su independencia y mejorar su calidad de vida.<\/p><p>Este Servicio ofrece su atenci\u00f3n en los distintos momentos formativos de los alumnos y alumnas:<\/p><table><tbody><tr><td colspan=\"2\"><p><strong>EDADES DE ATENCI\u00d3N EN CAM<\/strong><\/p><\/td><\/tr><tr><td><p><strong>NIVEL EDUCATIVO<\/strong><\/p><\/td><td><p><strong>EDAD<\/strong><\/p><\/td><\/tr><tr><td><p>Educaci\u00f3n Inicial<\/p><\/td><td><p>De 43 d\u00edas a 2 a\u00f1os 11 meses.<\/p><\/td><\/tr><tr><td><p>Educaci\u00f3n Preescolar<\/p><\/td><td><p>De 3 a\u00f1os a 5 a\u00f1os 11 meses.<\/p><\/td><\/tr><tr><td><p>Educaci\u00f3n Primaria<\/p><\/td><td><p>De 6 a\u00f1os a 14 a\u00f1os 11 meses.<\/p><\/td><\/tr><tr><td><p>Educaci\u00f3n Secundaria<\/p><\/td><td><p>De 12 a\u00f1os a 18 a\u00f1os.<\/p><\/td><\/tr><tr><td><p>Formaci\u00f3n para la Vida y el Trabajo<\/p><\/td><td><p>De 15 a\u00f1os a 22 a\u00f1os<\/p><\/td><\/tr><\/tbody><\/table><p><strong>Horarios de atenci\u00f3n de los CAM:<\/strong><\/p><ul><li>Turno matutino (8:00 a 12:30 horas)<\/li><li>Turno vespertino (14:00 a 18:30)<\/li><li>Turno continuo (8:00 a 16:00 horas)<\/li><\/ul><\/div>\n\t\t\t\t<\/div>\n\t\t\t\t\t\t\t<div class=\"elementor-accordion-item\">\n\t\t\t\t\t<div id=\"elementor-tab-title-2652\" class=\"elementor-tab-title\" data-tab=\"2\" role=\"button\" aria-controls=\"elementor-tab-content-2652\" aria-expanded=\"false\">\n\t\t\t\t\t\t\t\t\t\t\t\t\t<span class=\"elementor-accordion-icon elementor-accordion-icon-left\" aria-hidden=\"true\">\n\t\t\t\t\t\t\t\t\t\t\t\t\t\t\t<span class=\"elementor-accordion-icon-closed\"><i class=\"fas fa-plus\"><\/i><\/span>\n\t\t\t\t\t\t\t\t<span class=\"elementor-accordion-icon-opened\"><i class=\"fas fa-minus\"><\/i><\/span>\n\t\t\t\t\t\t\t\t\t\t\t\t\t\t<\/span>\n\t\t\t\t\t\t\t\t\t\t\t\t<a class=\"elementor-accordion-title\" tabindex=\"0\">Unidad de Servicios de Apoyo a la Educaci\u00f3n Regular (USAER)<\/a>\n\t\t\t\t\t<\/div>\n\t\t\t\t\t<div id=\"elementor-tab-content-2652\" class=\"elementor-tab-content elementor-clearfix\" data-tab=\"2\" role=\"region\" aria-labelledby=\"elementor-tab-title-2652\"><p>Son los servicios de educaci\u00f3n especial encargados de apoyar el proceso de inclusi\u00f3n educativa de alumnas y alumnos que enfrentan Barreras para el Aprendizaje y la Participaci\u00f3n, prioritariamente aquellos(as) con discapacidad y\/o aptitudes sobresalientes, en las escuelas de educaci\u00f3n regular de los diferentes niveles y modalidades educativas. Estos servicios promueven, en vinculaci\u00f3n con la escuela que apoyan, la eliminaci\u00f3n de las barreras que obstaculizan la participaci\u00f3n y el aprendizaje de los alumnos, a partir de un trabajo de gesti\u00f3n y de organizaci\u00f3n flexible, de un trabajo conjunto y de orientaci\u00f3n a los maestros, la familia y la comunidad educativa en general.<\/p><\/div>\n\t\t\t\t<\/div>\n\t\t\t\t\t\t\t<div class=\"elementor-accordion-item\">\n\t\t\t\t\t<div id=\"elementor-tab-title-2653\" class=\"elementor-tab-title\" data-tab=\"3\" role=\"button\" aria-controls=\"elementor-tab-content-2653\" aria-expanded=\"false\">\n\t\t\t\t\t\t\t\t\t\t\t\t\t<span class=\"elementor-accordion-icon elementor-accordion-icon-left\" aria-hidden=\"true\">\n\t\t\t\t\t\t\t\t\t\t\t\t\t\t\t<span class=\"elementor-accordion-icon-closed\"><i class=\"fas fa-plus\"><\/i><\/span>\n\t\t\t\t\t\t\t\t<span class=\"elementor-accordion-icon-opened\"><i class=\"fas fa-minus\"><\/i><\/span>\n\t\t\t\t\t\t\t\t\t\t\t\t\t\t<\/span>\n\t\t\t\t\t\t\t\t\t\t\t\t<a class=\"elementor-accordion-title\" tabindex=\"0\">Centro de Recursos para la Integraci\u00f3n Educativa (CRIE)<\/a>\n\t\t\t\t\t<\/div>\n\t\t\t\t\t<div id=\"elementor-tab-content-2653\" class=\"elementor-tab-content elementor-clearfix\" data-tab=\"3\" role=\"region\" aria-labelledby=\"elementor-tab-title-2653\"><div id=\"content\" class=\"site-content\"><div class=\"ast-container\"><div id=\"primary\" class=\"content-area primary\"><p><span style=\"font-size: 16px;\">Son servicios de orientaci\u00f3n a las familias y maestros de educaci\u00f3n inicial, preescolar, primaria, secundaria, especial y comunidad en general.<\/span><\/p><p>\u00a0<\/p><\/div><\/div><\/div><footer id=\"colophon\" class=\"site-footer\"><div class=\"ast-small-footer footer-sml-layout-1\"><div class=\"ast-footer-overlay\"><div class=\"ast-container\"><div class=\"ast-small-footer-wrap\"><div class=\"ast-small-footer-section ast-small-footer-section-1\"><div class=\"row\">\u00a0<\/div><\/div><\/div><\/div><\/div><\/div><\/footer><\/div>\n\t\t\t\t<\/div>\n\t\t\t\t\t\t\t\t<\/div>\n\t\t\t\t<\/div>\n\t\t\t\t<\/div>\n\t\t\t\t\t<\/div>\n\t\t<\/div>\n\t\t\t\t\t\t\t<\/div>\n\t\t<\/section>\n\t\t\t\t\t<\/div>\n\t\t<\/div>\n\t\t\t\t\t\t\t<\/div>\n\t\t<\/section>\n\t\t\t\t\t\t\t<\/div>\n\t\t","protected":false},"excerpt":{"rendered":"<p>Servicios La Educaci\u00f3n ha de ser Inclusiva y se busca garantizar este derecho a los educandos que enfrentan Barreras para el Aprendizaje y la Participaci\u00f3n. Por tanto, ofrecer los Servicios de Educaci\u00f3n Especial, permitir\u00e1 el apoyo a los alumnos con alguna discapacidad (Visual, Auditiva, Intelectual, Motriz o con alg\u00fan Trastorno), aptitudes sobresalientes y aquellos con &hellip;<\/p>\n<p class=\"read-more\"> <a class=\"\" href=\"https:\/\/apprende.jalisco.gob.mx\/direccion-educacion-especial\/servicios\/\"> <span class=\"screen-reader-text\">Servicios<\/span> Leer m\u00e1s &raquo;<\/a><\/p>\n","protected":false},"author":1,"featured_media":0,"parent":0,"menu_order":0,"comment_status":"closed","ping_status":"closed","template":"","meta":{"_monsterinsights_skip_tracking":false,"_monsterinsights_sitenote_active":false,"_monsterinsights_sitenote_note":"","_monsterinsights_sitenote_category":0,"site-sidebar-layout":"no-sidebar","site-content-layout":"page-builder","ast-site-content-layout":"","site-content-style":"default","site-sidebar-style":"default","ast-global-header-display":"","ast-banner-title-visibility":"","ast-main-header-display":"","ast-hfb-above-header-display":"","ast-hfb-below-header-display":"","ast-hfb-mobile-header-display":"","site-post-title":"disabled","ast-breadcrumbs-content":"","ast-featured-img":"disabled","footer-sml-layout":"","theme-transparent-header-meta":"default","adv-header-id-meta":"","stick-header-meta":"default","header-above-stick-meta":"","header-main-stick-meta":"","header-below-stick-meta":"","astra-migrate-meta-layouts":"","ep_exclude_from_search":false,"footnotes":""},"acf":[],"yoast_head":"<!-- This site is optimized with the Yoast SEO Premium plugin v17.7 (Yoast SEO v21.0) - https:\/\/yoast.com\/wordpress\/plugins\/seo\/ -->\n<title>Servicios - Direcci\u00f3n de Educaci\u00f3n Especial<\/title>\n<meta name=\"robots\" content=\"index, follow, max-snippet:-1, max-image-preview:large, max-video-preview:-1\" \/>\n<link rel=\"canonical\" href=\"https:\/\/apprende.jalisco.gob.mx\/direccion-educacion-especial\/servicios\/\" \/>\n<meta property=\"og:locale\" content=\"es_MX\" \/>\n<meta property=\"og:type\" content=\"article\" \/>\n<meta property=\"og:title\" content=\"Servicios\" \/>\n<meta property=\"og:description\" content=\"Servicios La Educaci\u00f3n ha de ser Inclusiva y se busca garantizar este derecho a los educandos que enfrentan Barreras para el Aprendizaje y la Participaci\u00f3n. Por tanto, ofrecer los Servicios de Educaci\u00f3n Especial, permitir\u00e1 el apoyo a los alumnos con alguna discapacidad (Visual, Auditiva, Intelectual, Motriz o con alg\u00fan Trastorno), aptitudes sobresalientes y aquellos con &hellip; Servicios Leer m\u00e1s &raquo;\" \/>\n<meta property=\"og:url\" content=\"https:\/\/apprende.jalisco.gob.mx\/direccion-educacion-especial\/servicios\/\" \/>\n<meta property=\"og:site_name\" content=\"Direcci\u00f3n de Educaci\u00f3n Especial\" \/>\n<meta property=\"article:modified_time\" content=\"2026-01-08T16:53:55+00:00\" \/>\n<meta name=\"twitter:card\" content=\"summary_large_image\" \/>\n<meta name=\"twitter:label1\" content=\"Tiempo de lectura\" \/>\n\t<meta name=\"twitter:data1\" content=\"3 minutos\" \/>\n<script type=\"application\/ld+json\" class=\"yoast-schema-graph\">{\"@context\":\"https:\/\/schema.org\",\"@graph\":[{\"@type\":\"WebPage\",\"@id\":\"https:\/\/apprende.jalisco.gob.mx\/direccion-educacion-especial\/servicios\/\",\"url\":\"https:\/\/apprende.jalisco.gob.mx\/direccion-educacion-especial\/servicios\/\",\"name\":\"Servicios - Direcci\u00f3n de Educaci\u00f3n Especial\",\"isPartOf\":{\"@id\":\"https:\/\/apprende.jalisco.gob.mx\/direccion-educacion-especial\/#website\"},\"datePublished\":\"2022-09-05T23:26:17+00:00\",\"dateModified\":\"2026-01-08T16:53:55+00:00\",\"breadcrumb\":{\"@id\":\"https:\/\/apprende.jalisco.gob.mx\/direccion-educacion-especial\/servicios\/#breadcrumb\"},\"inLanguage\":\"es-MX\",\"potentialAction\":[{\"@type\":\"ReadAction\",\"target\":[\"https:\/\/apprende.jalisco.gob.mx\/direccion-educacion-especial\/servicios\/\"]}]},{\"@type\":\"BreadcrumbList\",\"@id\":\"https:\/\/apprende.jalisco.gob.mx\/direccion-educacion-especial\/servicios\/#breadcrumb\",\"itemListElement\":[{\"@type\":\"ListItem\",\"position\":1,\"name\":\"Inicio\",\"item\":\"https:\/\/apprende.jalisco.gob.mx\/direccion-educacion-especial\/\"},{\"@type\":\"ListItem\",\"position\":2,\"name\":\"Servicios\"}]},{\"@type\":\"WebSite\",\"@id\":\"https:\/\/apprende.jalisco.gob.mx\/direccion-educacion-especial\/#website\",\"url\":\"https:\/\/apprende.jalisco.gob.mx\/direccion-educacion-especial\/\",\"name\":\"Direcci\u00f3n de Educaci\u00f3n Especial\",\"description\":\"Micrositio\",\"publisher\":{\"@id\":\"https:\/\/apprende.jalisco.gob.mx\/direccion-educacion-especial\/#organization\"},\"potentialAction\":[{\"@type\":\"SearchAction\",\"target\":{\"@type\":\"EntryPoint\",\"urlTemplate\":\"https:\/\/apprende.jalisco.gob.mx\/direccion-educacion-especial\/?s={search_term_string}\"},\"query-input\":\"required name=search_term_string\"}],\"inLanguage\":\"es-MX\"},{\"@type\":\"Organization\",\"@id\":\"https:\/\/apprende.jalisco.gob.mx\/direccion-educacion-especial\/#organization\",\"name\":\"Direcci\u00f3n de Educaci\u00f3n Especial\",\"url\":\"https:\/\/apprende.jalisco.gob.mx\/direccion-educacion-especial\/\",\"logo\":{\"@type\":\"ImageObject\",\"inLanguage\":\"es-MX\",\"@id\":\"https:\/\/apprende.jalisco.gob.mx\/direccion-educacion-especial\/#\/schema\/logo\/image\/\",\"url\":\"https:\/\/apprende.jalisco.gob.mx\/direccion-educacion-especial\/wp-content\/uploads\/sites\/7\/2022\/03\/logo-Educacion2025.png\",\"contentUrl\":\"https:\/\/apprende.jalisco.gob.mx\/direccion-educacion-especial\/wp-content\/uploads\/sites\/7\/2022\/03\/logo-Educacion2025.png\",\"width\":427,\"height\":108,\"caption\":\"Direcci\u00f3n de Educaci\u00f3n Especial\"},\"image\":{\"@id\":\"https:\/\/apprende.jalisco.gob.mx\/direccion-educacion-especial\/#\/schema\/logo\/image\/\"}}]}<\/script>\n<!-- \/ Yoast SEO Premium plugin. -->","yoast_head_json":{"title":"Servicios - Direcci\u00f3n de Educaci\u00f3n Especial","robots":{"index":"index","follow":"follow","max-snippet":"max-snippet:-1","max-image-preview":"max-image-preview:large","max-video-preview":"max-video-preview:-1"},"canonical":"https:\/\/apprende.jalisco.gob.mx\/direccion-educacion-especial\/servicios\/","og_locale":"es_MX","og_type":"article","og_title":"Servicios","og_description":"Servicios La Educaci\u00f3n ha de ser Inclusiva y se busca garantizar este derecho a los educandos que enfrentan Barreras para el Aprendizaje y la Participaci\u00f3n. Por tanto, ofrecer los Servicios de Educaci\u00f3n Especial, permitir\u00e1 el apoyo a los alumnos con alguna discapacidad (Visual, Auditiva, Intelectual, Motriz o con alg\u00fan Trastorno), aptitudes sobresalientes y aquellos con &hellip; Servicios Leer m\u00e1s &raquo;","og_url":"https:\/\/apprende.jalisco.gob.mx\/direccion-educacion-especial\/servicios\/","og_site_name":"Direcci\u00f3n de Educaci\u00f3n Especial","article_modified_time":"2026-01-08T16:53:55+00:00","twitter_card":"summary_large_image","twitter_misc":{"Tiempo de lectura":"3 minutos"},"schema":{"@context":"https:\/\/schema.org","@graph":[{"@type":"WebPage","@id":"https:\/\/apprende.jalisco.gob.mx\/direccion-educacion-especial\/servicios\/","url":"https:\/\/apprende.jalisco.gob.mx\/direccion-educacion-especial\/servicios\/","name":"Servicios - Direcci\u00f3n de Educaci\u00f3n Especial","isPartOf":{"@id":"https:\/\/apprende.jalisco.gob.mx\/direccion-educacion-especial\/#website"},"datePublished":"2022-09-05T23:26:17+00:00","dateModified":"2026-01-08T16:53:55+00:00","breadcrumb":{"@id":"https:\/\/apprende.jalisco.gob.mx\/direccion-educacion-especial\/servicios\/#breadcrumb"},"inLanguage":"es-MX","potentialAction":[{"@type":"ReadAction","target":["https:\/\/apprende.jalisco.gob.mx\/direccion-educacion-especial\/servicios\/"]}]},{"@type":"BreadcrumbList","@id":"https:\/\/apprende.jalisco.gob.mx\/direccion-educacion-especial\/servicios\/#breadcrumb","itemListElement":[{"@type":"ListItem","position":1,"name":"Inicio","item":"https:\/\/apprende.jalisco.gob.mx\/direccion-educacion-especial\/"},{"@type":"ListItem","position":2,"name":"Servicios"}]},{"@type":"WebSite","@id":"https:\/\/apprende.jalisco.gob.mx\/direccion-educacion-especial\/#website","url":"https:\/\/apprende.jalisco.gob.mx\/direccion-educacion-especial\/","name":"Direcci\u00f3n de Educaci\u00f3n Especial","description":"Micrositio","publisher":{"@id":"https:\/\/apprende.jalisco.gob.mx\/direccion-educacion-especial\/#organization"},"potentialAction":[{"@type":"SearchAction","target":{"@type":"EntryPoint","urlTemplate":"https:\/\/apprende.jalisco.gob.mx\/direccion-educacion-especial\/?s={search_term_string}"},"query-input":"required name=search_term_string"}],"inLanguage":"es-MX"},{"@type":"Organization","@id":"https:\/\/apprende.jalisco.gob.mx\/direccion-educacion-especial\/#organization","name":"Direcci\u00f3n de Educaci\u00f3n Especial","url":"https:\/\/apprende.jalisco.gob.mx\/direccion-educacion-especial\/","logo":{"@type":"ImageObject","inLanguage":"es-MX","@id":"https:\/\/apprende.jalisco.gob.mx\/direccion-educacion-especial\/#\/schema\/logo\/image\/","url":"https:\/\/apprende.jalisco.gob.mx\/direccion-educacion-especial\/wp-content\/uploads\/sites\/7\/2022\/03\/logo-Educacion2025.png","contentUrl":"https:\/\/apprende.jalisco.gob.mx\/direccion-educacion-especial\/wp-content\/uploads\/sites\/7\/2022\/03\/logo-Educacion2025.png","width":427,"height":108,"caption":"Direcci\u00f3n de Educaci\u00f3n Especial"},"image":{"@id":"https:\/\/apprende.jalisco.gob.mx\/direccion-educacion-especial\/#\/schema\/logo\/image\/"}}]}},"_links":{"self":[{"href":"https:\/\/apprende.jalisco.gob.mx\/direccion-educacion-especial\/wp-json\/wp\/v2\/pages\/2950"}],"collection":[{"href":"https:\/\/apprende.jalisco.gob.mx\/direccion-educacion-especial\/wp-json\/wp\/v2\/pages"}],"about":[{"href":"https:\/\/apprende.jalisco.gob.mx\/direccion-educacion-especial\/wp-json\/wp\/v2\/types\/page"}],"author":[{"embeddable":true,"href":"https:\/\/apprende.jalisco.gob.mx\/direccion-educacion-especial\/wp-json\/wp\/v2\/users\/1"}],"replies":[{"embeddable":true,"href":"https:\/\/apprende.jalisco.gob.mx\/direccion-educacion-especial\/wp-json\/wp\/v2\/comments?post=2950"}],"version-history":[{"count":16,"href":"https:\/\/apprende.jalisco.gob.mx\/direccion-educacion-especial\/wp-json\/wp\/v2\/pages\/2950\/revisions"}],"predecessor-version":[{"id":3552,"href":"https:\/\/apprende.jalisco.gob.mx\/direccion-educacion-especial\/wp-json\/wp\/v2\/pages\/2950\/revisions\/3552"}],"wp:attachment":[{"href":"https:\/\/apprende.jalisco.gob.mx\/direccion-educacion-especial\/wp-json\/wp\/v2\/media?parent=2950"}],"curies":[{"name":"wp","href":"https:\/\/api.w.org\/{rel}","templated":true}]}}