{"id":3636,"date":"2022-10-12T19:55:24","date_gmt":"2022-10-13T00:55:24","guid":{"rendered":"https:\/\/recrea.jalisco.gob.mx\/direccion-participacion-social\/?page_id=3636"},"modified":"2026-02-20T14:04:04","modified_gmt":"2026-02-20T20:04:04","slug":"formatos-apf","status":"publish","type":"page","link":"https:\/\/apprende.jalisco.gob.mx\/direccion-participacion-social\/formatos-apf\/","title":{"rendered":"Formatos"},"content":{"rendered":"\t\t<div data-elementor-type=\"wp-page\" data-elementor-id=\"3636\" class=\"elementor elementor-3636\" data-elementor-post-type=\"page\">\n\t\t\t\t\t\t\t\t\t<section class=\"elementor-section elementor-top-section elementor-element elementor-element-90e1ac2 elementor-section-boxed elementor-section-height-default elementor-section-height-default\" data-id=\"90e1ac2\" data-element_type=\"section\" data-settings=\"{&quot;ekit_has_onepagescroll_dot&quot;:&quot;yes&quot;}\">\n\t\t\t\t\t\t<div class=\"elementor-container elementor-column-gap-default\">\n\t\t\t\t\t<div class=\"elementor-column elementor-col-100 elementor-top-column elementor-element elementor-element-e1a6d5c\" data-id=\"e1a6d5c\" data-element_type=\"column\">\n\t\t\t<div class=\"elementor-widget-wrap elementor-element-populated\">\n\t\t\t\t\t\t\t\t<div class=\"elementor-element elementor-element-feb4731 elementor-widget elementor-widget-breadcrumbs\" data-id=\"feb4731\" data-element_type=\"widget\" data-settings=\"{&quot;ekit_we_effect_on&quot;:&quot;none&quot;}\" data-widget_type=\"breadcrumbs.default\">\n\t\t\t\t<div class=\"elementor-widget-container\">\n\t\t\t<div id=\"breadcrumbs\"><span><span><a href=\"https:\/\/apprende.jalisco.gob.mx\/direccion-participacion-social\/\">Inicio<\/a><\/span><\/span><\/div>\t\t<\/div>\n\t\t\t\t<\/div>\n\t\t\t\t\t<\/div>\n\t\t<\/div>\n\t\t\t\t\t\t\t<\/div>\n\t\t<\/section>\n\t\t\t\t<section class=\"elementor-section elementor-top-section elementor-element elementor-element-f598b9d elementor-section-boxed elementor-section-height-default elementor-section-height-default\" data-id=\"f598b9d\" data-element_type=\"section\" data-settings=\"{&quot;ekit_has_onepagescroll_dot&quot;:&quot;yes&quot;}\">\n\t\t\t\t\t\t<div class=\"elementor-container elementor-column-gap-default\">\n\t\t\t\t\t<div class=\"elementor-column elementor-col-100 elementor-top-column elementor-element elementor-element-4e47999\" data-id=\"4e47999\" data-element_type=\"column\">\n\t\t\t<div class=\"elementor-widget-wrap elementor-element-populated\">\n\t\t\t\t\t\t\t\t<div class=\"elementor-element elementor-element-19eac19 elementor-widget elementor-widget-heading\" data-id=\"19eac19\" data-element_type=\"widget\" data-settings=\"{&quot;ekit_we_effect_on&quot;:&quot;none&quot;}\" data-widget_type=\"heading.default\">\n\t\t\t\t<div class=\"elementor-widget-container\">\n\t\t\t<h2 class=\"elementor-heading-title elementor-size-default\">Formatos<\/h2>\t\t<\/div>\n\t\t\t\t<\/div>\n\t\t\t\t<section class=\"elementor-section elementor-inner-section elementor-element elementor-element-3a3f935 elementor-section-boxed elementor-section-height-default elementor-section-height-default\" data-id=\"3a3f935\" data-element_type=\"section\" id=\"ajedrez\" data-settings=\"{&quot;ekit_has_onepagescroll_dot&quot;:&quot;yes&quot;}\">\n\t\t\t\t\t\t<div class=\"elementor-container elementor-column-gap-default\">\n\t\t\t\t\t<div class=\"elementor-column elementor-col-100 elementor-inner-column elementor-element elementor-element-ac5a10c\" data-id=\"ac5a10c\" data-element_type=\"column\">\n\t\t\t<div class=\"elementor-widget-wrap elementor-element-populated\">\n\t\t\t\t\t\t\t\t<div class=\"elementor-element elementor-element-64a9e2a elementor-tabs-view-horizontal elementor-widget elementor-widget-tabs\" data-id=\"64a9e2a\" data-element_type=\"widget\" data-settings=\"{&quot;ekit_we_effect_on&quot;:&quot;none&quot;}\" data-widget_type=\"tabs.default\">\n\t\t\t\t<div class=\"elementor-widget-container\">\n\t\t\t\t\t<div class=\"elementor-tabs\">\n\t\t\t<div class=\"elementor-tabs-wrapper\" role=\"tablist\" >\n\t\t\t\t\t\t\t\t\t<div id=\"elementor-tab-title-1051\" class=\"elementor-tab-title elementor-tab-desktop-title\" aria-selected=\"true\" data-tab=\"1\" role=\"tab\" tabindex=\"0\" aria-controls=\"elementor-tab-content-1051\" aria-expanded=\"false\">2025-2026<\/div>\n\t\t\t\t\t\t\t\t\t<div id=\"elementor-tab-title-1052\" class=\"elementor-tab-title elementor-tab-desktop-title\" aria-selected=\"false\" data-tab=\"2\" role=\"tab\" tabindex=\"-1\" aria-controls=\"elementor-tab-content-1052\" aria-expanded=\"false\">2024- 2025<\/div>\n\t\t\t\t\t\t\t\t\t<div id=\"elementor-tab-title-1053\" class=\"elementor-tab-title elementor-tab-desktop-title\" aria-selected=\"false\" data-tab=\"3\" role=\"tab\" tabindex=\"-1\" aria-controls=\"elementor-tab-content-1053\" aria-expanded=\"false\">2023- 2024<\/div>\n\t\t\t\t\t\t\t\t\t<div id=\"elementor-tab-title-1054\" class=\"elementor-tab-title elementor-tab-desktop-title\" aria-selected=\"false\" data-tab=\"4\" role=\"tab\" tabindex=\"-1\" aria-controls=\"elementor-tab-content-1054\" aria-expanded=\"false\">2022- 2023<\/div>\n\t\t\t\t\t\t\t\t\t<div id=\"elementor-tab-title-1055\" class=\"elementor-tab-title elementor-tab-desktop-title\" aria-selected=\"false\" data-tab=\"5\" role=\"tab\" tabindex=\"-1\" aria-controls=\"elementor-tab-content-1055\" aria-expanded=\"false\">2021- 2022\t<\/div>\n\t\t\t\t\t\t\t\t\t<div id=\"elementor-tab-title-1056\" class=\"elementor-tab-title elementor-tab-desktop-title\" aria-selected=\"false\" data-tab=\"6\" role=\"tab\" tabindex=\"-1\" aria-controls=\"elementor-tab-content-1056\" aria-expanded=\"false\">2020 -2021<\/div>\n\t\t\t\t\t\t\t\t\t<div id=\"elementor-tab-title-1057\" class=\"elementor-tab-title elementor-tab-desktop-title\" aria-selected=\"false\" data-tab=\"7\" role=\"tab\" tabindex=\"-1\" aria-controls=\"elementor-tab-content-1057\" aria-expanded=\"false\">2019- 2020\t<\/div>\n\t\t\t\t\t\t\t\t\t<div id=\"elementor-tab-title-1058\" class=\"elementor-tab-title elementor-tab-desktop-title\" aria-selected=\"false\" data-tab=\"8\" role=\"tab\" tabindex=\"-1\" aria-controls=\"elementor-tab-content-1058\" aria-expanded=\"false\">2018- 2019<\/div>\n\t\t\t\t\t\t\t<\/div>\n\t\t\t<div class=\"elementor-tabs-content-wrapper\" role=\"tablist\" aria-orientation=\"vertical\">\n\t\t\t\t\t\t\t\t\t<div class=\"elementor-tab-title elementor-tab-mobile-title\" aria-selected=\"true\" data-tab=\"1\" role=\"tab\" tabindex=\"0\" aria-controls=\"elementor-tab-content-1051\" aria-expanded=\"false\">2025-2026<\/div>\n\t\t\t\t\t<div id=\"elementor-tab-content-1051\" class=\"elementor-tab-content elementor-clearfix\" data-tab=\"1\" role=\"tabpanel\" aria-labelledby=\"elementor-tab-title-1051\" tabindex=\"0\" hidden=\"false\"><table style=\"font-size: 16px; font-style: normal;\"><tbody><tr><td><a href=\"https:\/\/apprende.jalisco.gob.mx\/direccion-participacion-social\/wp-content\/uploads\/sites\/33\/2025\/08\/CONVOCATORIA-DE-INTEGRACIoN-PARA-LOS-oRGANOS.pdf\" target=\"_blank\" rel=\"noopener\">CONVOCATORIA DE INTEGRACI\u00d3N PARA LOS \u00d3RGANOS DE PARTICIPACI\u00d3N SOCIAL<\/a><br \/><a href=\"https:\/\/apprende.jalisco.gob.mx\/direccion-participacion-social\/wp-content\/uploads\/sites\/33\/2025\/08\/APMF-ACTA-CONSTITUTIVA-25-26.pdf\" target=\"_blank\" rel=\"noopener\">AMPF ACTA CONSTITUTIVA 2025-2026<\/a><br \/><a href=\"https:\/\/apprende.jalisco.gob.mx\/direccion-participacion-social\/wp-content\/uploads\/sites\/33\/2025\/08\/AMPF-TRASP-ECON-2025-2026.pdf\" target=\"_blank\" rel=\"noopener\">AMPF TRASP ECON 2025-2026<\/a><br \/><a href=\"https:\/\/apprende.jalisco.gob.mx\/direccion-participacion-social\/wp-content\/uploads\/sites\/33\/2025\/08\/AMPF-PROG-TRAB-2025-2026.pdf\" target=\"_blank\" rel=\"noopener\">AMPF PROG TRAB 2025-2026<\/a><br \/><a href=\"https:\/\/apprende.jalisco.gob.mx\/direccion-participacion-social\/wp-content\/uploads\/sites\/33\/2025\/08\/AMPF-RECIBO-Aportacion-Voluntaria-25-26.pdf\" target=\"_blank\" rel=\"noopener\">AMPF RECIBO APORT VOLUN 2025-2026<\/a><br \/><a href=\"https:\/\/apprende.jalisco.gob.mx\/direccion-participacion-social\/wp-content\/uploads\/sites\/33\/2025\/08\/AMPF-1ER-SEMES-2025-2026.pdf\" target=\"_blank\" rel=\"noopener\">AMPF 1ER SEMES 2025-2026<\/a><br \/><a href=\"https:\/\/apprende.jalisco.gob.mx\/direccion-participacion-social\/wp-content\/uploads\/sites\/33\/2025\/08\/AMPF-2DO-SEMES-2025-2026.pdf\" target=\"_blank\" rel=\"noopener\">AMPF 2DO SEMES 2025-2026<\/a><br \/><a href=\"https:\/\/apprende.jalisco.gob.mx\/direccion-participacion-social\/wp-content\/uploads\/sites\/33\/2025\/08\/AMPF-RECIBO-padres-de-familia-2025-2026.pdf\" target=\"_blank\" rel=\"noopener\">AMPF RECIBO PADRES FAM 2025-2026<\/a><br \/><a href=\"https:\/\/apprende.jalisco.gob.mx\/direccion-participacion-social\/wp-content\/uploads\/sites\/33\/2025\/08\/AMPF-Concepto-Gastos-2025-2026.pdf\" target=\"_blank\" rel=\"noopener\">AMPF CONCEPTO GASTO 2025-2026<\/a><br \/><a href=\"https:\/\/apprende.jalisco.gob.mx\/direccion-participacion-social\/wp-content\/uploads\/sites\/33\/2025\/10\/Formato-recibo-seguro-escolar-25-26.pdf\" target=\"_blank\" rel=\"noopener\">SECAP RECIBO 2025-2026<\/a><br \/><a href=\"https:\/\/apprende.jalisco.gob.mx\/direccion-participacion-social\/wp-content\/uploads\/sites\/33\/2025\/10\/Formato-solicitud-de-ayuda-seguro-escolar-25-26.pdf\" target=\"_blank\" rel=\"noopener\">SECAP SOLICITUD DE REEMBOLSO 2025-2026<\/a><\/td><td><a href=\"https:\/\/apprende.jalisco.gob.mx\/direccion-participacion-social\/wp-content\/uploads\/sites\/33\/2025\/09\/CAS-CONVOCATORIA-2025-2026.pdf\" target=\"_blank\" rel=\"noopener\">CAS CONVOCATORIA\u00a0 2025-2026<\/a><br \/><a href=\"https:\/\/apprende.jalisco.gob.mx\/direccion-participacion-social\/wp-content\/uploads\/sites\/33\/2025\/10\/CASRECIBOINGRESOS2025.pdf\" target=\"_blank\" rel=\"noopener\">CAS INGRESO 2025-2026<\/a><br \/><a href=\"https:\/\/apprende.jalisco.gob.mx\/direccion-participacion-social\/wp-content\/uploads\/sites\/33\/2025\/10\/CASRECIBOEGRESOS2025.pdf\" target=\"_blank\" rel=\"noopener\">CAS EGRESO 2025-2026<\/a><br \/><a href=\"https:\/\/apprende.jalisco.gob.mx\/direccion-participacion-social\/wp-content\/uploads\/sites\/33\/2026\/02\/CSF-SAT-SHP-10-02-2026.pdf\" target=\"_blank\" rel=\"noopener\">CONSTANCIA DE SITUACION FISCAL 2025-2026<\/a><\/td><\/tr><\/tbody><\/table><\/div>\n\t\t\t\t\t\t\t\t\t<div class=\"elementor-tab-title elementor-tab-mobile-title\" aria-selected=\"false\" data-tab=\"2\" role=\"tab\" tabindex=\"-1\" aria-controls=\"elementor-tab-content-1052\" aria-expanded=\"false\">2024- 2025<\/div>\n\t\t\t\t\t<div id=\"elementor-tab-content-1052\" class=\"elementor-tab-content elementor-clearfix\" data-tab=\"2\" role=\"tabpanel\" aria-labelledby=\"elementor-tab-title-1052\" tabindex=\"0\" hidden=\"hidden\"><table><tbody><tr><td style=\"text-align: left;\"><a href=\"https:\/\/apprende.jalisco.gob.mx\/direccion-participacion-social\/wp-content\/uploads\/sites\/33\/2025\/05\/AMPFACTA-DE-CONSTITUCION-24-25-numerada.pdf\" target=\"_blank\" rel=\"noopener\">AMPF ACTA DE CONSTITUCI\u00d3N 2024-2025<\/a><br \/><a href=\"https:\/\/apprende.jalisco.gob.mx\/direccion-participacion-social\/wp-content\/uploads\/sites\/33\/2025\/05\/AMPFCONVOCATORIA-UNIFICADA-2023-2024-MICROSITIO.pdf\" target=\"_blank\" rel=\"noopener\">AMPF CONVOCATORIA UNIFICADA 2024-2025<\/a><br \/><a href=\"https:\/\/apprende.jalisco.gob.mx\/direccion-participacion-social\/wp-content\/uploads\/sites\/33\/2025\/05\/AMPFPrograma-Trab-24-25.pdf\" target=\"_blank\" rel=\"noopener\">AMPF PROGRAMA TRABAJO 2024-2025<\/a><br \/><a href=\"https:\/\/apprende.jalisco.gob.mx\/direccion-participacion-social\/wp-content\/uploads\/sites\/33\/2025\/05\/AMPFRECIBO-Aportacion-Voluntaria-23-24.pdf\" target=\"_blank\" rel=\"noopener\">AMPF RECIBO APORTACI\u00d3N VOLUNTARIA 2024-2025<\/a><br \/><a href=\"https:\/\/apprende.jalisco.gob.mx\/direccion-participacion-social\/wp-content\/uploads\/sites\/33\/2025\/05\/AMPF-TRASPASO-ECONOMICO-24-25-micrositio.pdf\" target=\"_blank\" rel=\"noopener\">AMPF TRASPASO ECON\u00d3MICO 2024-2025\u00a0<\/a><br \/><a href=\"https:\/\/apprende.jalisco.gob.mx\/direccion-participacion-social\/wp-content\/uploads\/sites\/33\/2025\/05\/AMPF-recibo-de-padres-de-familia-24-25.pdf\" target=\"_blank\" rel=\"noopener\">AMPF RECIBO DE PADRES DE FAMILIA 24-25<\/a><br \/><a href=\"https:\/\/apprende.jalisco.gob.mx\/direccion-participacion-social\/wp-content\/uploads\/sites\/33\/2024\/08\/ACTA-DE-INSTALACION-CONSEJOS-2024-2025.pdf\" target=\"_blank\" rel=\"noopener\">CEPS ACTA DE INSTALACI\u00d3N CONSEJOS 2024\u00a0<\/a><br \/><a href=\"https:\/\/apprende.jalisco.gob.mx\/direccion-participacion-social\/wp-content\/uploads\/sites\/33\/2024\/08\/ACTA-DEL-COMITE-PARTICIPATIVO-DE-SALUD-ESCOLAR-2024-2025.pdf\" target=\"_blank\" rel=\"noopener\">ACTA DEL COMIT\u00c9 PARTICIPATIVO DE SALUD<\/a><br \/><a href=\"https:\/\/apprende.jalisco.gob.mx\/direccion-participacion-social\/wp-content\/uploads\/sites\/33\/2024\/08\/CALENDARIO-SESIONES-2024-2025.pdf\" target=\"_blank\" rel=\"noopener\">CEPS CALENDARIO SESIONES 2024\u00a0<\/a><br \/><a href=\"https:\/\/apprende.jalisco.gob.mx\/direccion-participacion-social\/wp-content\/uploads\/sites\/33\/2025\/01\/RECIBO-SEGURO-ESCOLAR-2024-2025.pdf\" target=\"_blank\" rel=\"noopener\">RECIBO SEGURO ESCOLAR 2024-2025<\/a><br \/><a href=\"https:\/\/apprende.jalisco.gob.mx\/direccion-participacion-social\/wp-content\/uploads\/sites\/33\/2025\/01\/SOLICITUD-SEGURO-ESCOLAR-2024-2025.pdf\" target=\"_blank\" rel=\"noopener\">SOLICITUD SEGURO ESCOLAR 2024-2025<\/a><br \/><a href=\"https:\/\/apprende.jalisco.gob.mx\/direccion-participacion-social\/wp-content\/uploads\/sites\/33\/2024\/09\/Constancia-de-Situacion-Fiscal-2024.pdf\" target=\"_blank\" rel=\"noopener\">CONSTANCIA DE SITUACION FISCAL 2024-2025<\/a><\/td><td><p><a href=\"https:\/\/apprende.jalisco.gob.mx\/direccion-participacion-social\/wp-content\/uploads\/sites\/33\/2025\/05\/CAS-CONVOCATORIA-2024-2025.pdf\" target=\"_blank\" rel=\"noopener\">CAS CONVOCATORIA 2024-2025<\/a><br \/><a href=\"https:\/\/apprende.jalisco.gob.mx\/direccion-participacion-social\/wp-content\/uploads\/sites\/33\/2025\/05\/CAS-INTEGRACION-DE-LA-COMISION-2024-2025.pdf\" target=\"_blank\" rel=\"noopener\">CAS INTEGRACION DE LA COMISION 2024-2025<\/a><br \/><a href=\"https:\/\/apprende.jalisco.gob.mx\/direccion-participacion-social\/wp-content\/uploads\/sites\/33\/2025\/05\/CAS-INFORME-SEMESTRAL-2024-2025.pdf\" target=\"_blank\" rel=\"noopener\">CAS INFORME SEMESTRAL 2024-2025<\/a><br \/><a href=\"https:\/\/apprende.jalisco.gob.mx\/direccion-participacion-social\/wp-content\/uploads\/sites\/33\/2025\/05\/CAS-INFORME-FINAL-2024-2025.pdf\" target=\"_blank\" rel=\"noopener\">CAS INFORME FINAL 2024-2025<\/a><br \/><a href=\"https:\/\/apprende.jalisco.gob.mx\/direccion-participacion-social\/wp-content\/uploads\/sites\/33\/2025\/05\/CAS-NO-CONSTITUCION-2024-2025.pdf\" target=\"_blank\" rel=\"noopener\">CAS NO CONSTITUCION 2024-2025<\/a><br \/><a href=\"https:\/\/apprende.jalisco.gob.mx\/direccion-participacion-social\/wp-content\/uploads\/sites\/33\/2025\/05\/CAS-PARCELA-ESCOLAR-2024-2025.pdf\" target=\"_blank\" rel=\"noopener\">CAS PARCELA ESCOLAR 2024-2025<\/a><br \/><a class=\"link mi_muro-color_cyan\" href=\"https:\/\/apprende.jalisco.gob.mx\/direccion-participacion-social\/wp-content\/uploads\/sites\/33\/2024\/09\/CONTRATO-DEL-CENTRO-DE-ATENCIoN-Y-SERVICIOS.pdf\" target=\"_blank\" rel=\"noopener noreferrer\">CAS CONTRATO 2024-2025<\/a><br \/><a href=\"https:\/\/apprende.jalisco.gob.mx\/direccion-participacion-social\/wp-content\/uploads\/sites\/33\/2025\/06\/CAS-INGRESO-2024-2025.pdf\" target=\"_blank\" rel=\"noopener\">CAS INGRESO 2024-2025<\/a><br \/><a href=\"https:\/\/apprende.jalisco.gob.mx\/direccion-participacion-social\/wp-content\/uploads\/sites\/33\/2025\/06\/CAS-EGRESO-2024-2025.pdf\" target=\"_blank\" rel=\"noopener\">CAS EGRESO 2024-2025<\/a><\/p><\/td><\/tr><\/tbody><\/table><\/div>\n\t\t\t\t\t\t\t\t\t<div class=\"elementor-tab-title elementor-tab-mobile-title\" aria-selected=\"false\" data-tab=\"3\" role=\"tab\" tabindex=\"-1\" aria-controls=\"elementor-tab-content-1053\" aria-expanded=\"false\">2023- 2024<\/div>\n\t\t\t\t\t<div id=\"elementor-tab-content-1053\" class=\"elementor-tab-content elementor-clearfix\" data-tab=\"3\" role=\"tabpanel\" aria-labelledby=\"elementor-tab-title-1053\" tabindex=\"0\" hidden=\"hidden\"><table>\n<tbody>\n<tr>\n<td><a href=\"https:\/\/apprende.jalisco.gob.mx\/direccion-participacion-social\/wp-content\/uploads\/sites\/33\/2023\/08\/AMPF-ACTA-DE-CONSTITUCION-AMPF-23-24-numerada.pdf\" target=\"_blank\" rel=\"noopener\">AMPF ACTA DE CONSTITUCION AMPF 23-24 numerada<\/a><br>\n<a href=\"https:\/\/apprende.jalisco.gob.mx\/direccion-participacion-social\/wp-content\/uploads\/sites\/33\/2023\/08\/AMPF-CONVOCATORIA-UNIFICADA-PARTICIPACION-SOCIAL-2023-2024.pdf\" target=\"_blank\" rel=\"noopener\">AMPF CONVOCATORIA UNIFICADA PARTICIPACION SOCIAL 2023 2024<\/a><br>\n<a href=\"https:\/\/apprende.jalisco.gob.mx\/direccion-participacion-social\/wp-content\/uploads\/sites\/33\/2025\/05\/AMPF-INFORME-1ER-SEMES-23-24.pdf\" target=\"_blank\" rel=\"noopener\">AMPF INFORME 1ER SEMES 23-24<\/a><br>\n<a href=\"https:\/\/apprende.jalisco.gob.mx\/direccion-participacion-social\/wp-content\/uploads\/sites\/33\/2025\/05\/AMPF-INFORME-2DO-SEMES-23-24.pdf\" target=\"_blank\" rel=\"noopener\">AMPF INFORME 2DO SEMES 23-24<\/a><br>\n<a href=\"https:\/\/apprende.jalisco.gob.mx\/direccion-participacion-social\/wp-content\/uploads\/sites\/33\/2023\/08\/AMPF-Programa-de-Trabajo-AMPF-23-24.pdf\" target=\"_blank\" rel=\"noopener\">AMPF Programa de Trabajo AMPF 23 24<\/a><br>\n<a href=\"https:\/\/apprende.jalisco.gob.mx\/direccion-participacion-social\/wp-content\/uploads\/sites\/33\/2023\/08\/AMPF-RECIBO-Aportacion-Voluntaria-23-24.pdf\" target=\"_blank\" rel=\"noopener\">AMPF RECIBO Aportaci\u00f3n Voluntaria 23-24<\/a><br>\n<a href=\"https:\/\/apprende.jalisco.gob.mx\/direccion-participacion-social\/wp-content\/uploads\/sites\/33\/2023\/08\/AMPF-Recibo-de-AMPF-23-24.pdf\" target=\"_blank\" rel=\"noopener\">AMPF Recibo de AMPF 23-24<\/a><br>\n<a href=\"https:\/\/apprende.jalisco.gob.mx\/direccion-participacion-social\/wp-content\/uploads\/sites\/33\/2023\/09\/AMPFTRASPASOECONOMICO23-24-.pdf\" target=\"_blank\" rel=\"noopener\">AMPF TRASPASO ECONOMICO AMPF 23-24<\/a><br>\n<a href=\"https:\/\/apprende.jalisco.gob.mx\/direccion-participacion-social\/wp-content\/uploads\/sites\/33\/2023\/08\/SOLICITUD-DE-AYUDA-SEGURO-ESCOLAR-23-24.pdf\" target=\"_blank\" rel=\"noopener\">SOLICITUD DE AYUDA SEGURO ESCOLAR 23-24<\/a><br>\n<a href=\"https:\/\/apprende.jalisco.gob.mx\/direccion-participacion-social\/wp-content\/uploads\/sites\/33\/2023\/08\/RECIBO-SEGURO-ESCOLAR-2023-2024.pdf\" target=\"_blank\" rel=\"noopener\">RECIBO SEGURO ESCOLAR 2023-2024<\/a><br><\/td>\n<td><a href=\"https:\/\/apprende.jalisco.gob.mx\/direccion-participacion-social\/wp-content\/uploads\/sites\/33\/2023\/10\/CAS-FORMATO-EGRESOS-2023-2024.pdf\" target=\"_blank\" rel=\"noopener\">CAS FORMATO EGRESOS 2023-2024<\/a><br>\n<a href=\"https:\/\/apprende.jalisco.gob.mx\/direccion-participacion-social\/wp-content\/uploads\/sites\/33\/2023\/10\/CAS-FORMATO-INGRESOS-2023-2024.pdf\" target=\"_blank\" rel=\"noopener\">CAS FORMATO INGRESOS 2023-2024<\/a><br>\n<a href=\"https:\/\/apprende.jalisco.gob.mx\/direccion-participacion-social\/wp-content\/uploads\/sites\/33\/2023\/10\/CONSTANCIA-DE-SITUACION-FISCAL-SAT-EMITIDA-EL-13-DE-ENERO-2023.pdf\" target=\"_blank\" rel=\"noopener\">CONSTANCIA DE SITUACION FISCAL SAT EMITIDA EL 13 DE ENERO 2023<\/a><br>\n<a href=\"https:\/\/apprende.jalisco.gob.mx\/direccion-participacion-social\/wp-content\/uploads\/sites\/33\/2023\/10\/ACTA-COMITE-PARTICIPATIVO-ESCOLAR_2023_2024.pdf\" target=\"_blank\" rel=\"noopener\">ACTA COMITE PARTICIPATIVO ESCOLAR 2023-2024<\/a><br>\n<a href=\"https:\/\/apprende.jalisco.gob.mx\/direccion-participacion-social\/wp-content\/uploads\/sites\/33\/2023\/10\/ACTA-DE-INSTALACION-CONSEJOS-2023-2024.pdf\" target=\"_blank\" rel=\"noopener\">ACTA DE INSTALACION DE CONSEJOS 2023-2024<\/a><\/td>\n<\/tr>\n<\/tbody>\n<\/table><\/div>\n\t\t\t\t\t\t\t\t\t<div class=\"elementor-tab-title elementor-tab-mobile-title\" aria-selected=\"false\" data-tab=\"4\" role=\"tab\" tabindex=\"-1\" aria-controls=\"elementor-tab-content-1054\" aria-expanded=\"false\">2022- 2023<\/div>\n\t\t\t\t\t<div id=\"elementor-tab-content-1054\" class=\"elementor-tab-content elementor-clearfix\" data-tab=\"4\" role=\"tabpanel\" aria-labelledby=\"elementor-tab-title-1054\" tabindex=\"0\" hidden=\"hidden\"><table><tbody><tr><td><a href=\"https:\/\/apprende.jalisco.gob.mx\/direccion-participacion-social\/wp-content\/uploads\/sites\/33\/2022\/10\/CONVOCATORIA-UNIFICADA-2022-2023-MICROSITIO.pdf\" target=\"_blank\" rel=\"noopener\">AMPF Convocatoria<\/a><br \/><a href=\"https:\/\/apprende.jalisco.gob.mx\/direccion-participacion-social\/wp-content\/uploads\/sites\/33\/2022\/10\/ACTA-DE-CONSTITUCION-22-23-numerada-1.pdf\" target=\"_blank\" rel=\"noopener\">AMPF Acta de Constituci\u00f3n<\/a><br \/><a href=\"https:\/\/apprende.jalisco.gob.mx\/direccion-participacion-social\/wp-content\/uploads\/sites\/33\/2022\/10\/RECIBO-Aportacion-Voluntaria.pdf\" target=\"_blank\" rel=\"noopener\">AMPF Recibo de Aportaci\u00f3n Voluntaria<\/a><br \/><a href=\"https:\/\/apprende.jalisco.gob.mx\/direccion-participacion-social\/wp-content\/uploads\/sites\/33\/2022\/10\/Concepto-de-Gastos-2022.pdf\" target=\"_blank\" rel=\"noopener\">AMPF Gastos Permitidos<\/a><br \/><a href=\"https:\/\/apprende.jalisco.gob.mx\/direccion-participacion-social\/wp-content\/uploads\/sites\/33\/2023\/03\/Constancia-de-Situacion-Fiscal-SAT-emitida-el-13-de-Enero-2023.pdf\" target=\"_blank\" rel=\"noopener\">AMPF Constancia de Situaci\u00f3n Fiscal<\/a><br \/><a href=\"https:\/\/apprende.jalisco.gob.mx\/direccion-participacion-social\/wp-content\/uploads\/sites\/33\/2022\/10\/Acta-de-traspaso-de-recurso-financiero.pdf\" target=\"_blank\" rel=\"noopener\">AMPF Acta de Traspaso de Recurso Financiero<\/a><br \/><a href=\"https:\/\/apprende.jalisco.gob.mx\/direccion-participacion-social\/wp-content\/uploads\/sites\/33\/2023\/02\/recibo-de-padres-de-familia.pdf\" target=\"_blank\" rel=\"noopener\">AMPF Recibo de Padres de Familia<\/a><br \/><a href=\"https:\/\/apprende.jalisco.gob.mx\/direccion-participacion-social\/wp-content\/uploads\/sites\/33\/2022\/10\/CONVOCATORIA-PRESTADORES-DE-SERVICIO-PARA-EL-CICLO-ESCOLAR-2022-2023.pdf\" target=\"_blank\" rel=\"noopener\">CAS Convocatoria Prestadores de Servicio<\/a><br \/><a href=\"https:\/\/apprende.jalisco.gob.mx\/direccion-participacion-social\/wp-content\/uploads\/sites\/33\/2022\/10\/REGISTRO-DE-INTEGRACION-DE-LA-COMISION-DE-CAS.pdf\" target=\"_blank\" rel=\"noopener\">CAS Registro de Integraci\u00f3n<\/a><br \/><a href=\"https:\/\/apprende.jalisco.gob.mx\/direccion-participacion-social\/wp-content\/uploads\/sites\/33\/2022\/10\/CONTRATO-DEL-CENTRO-DE-ATENCION-Y-SERVICIOS.pdf\" target=\"_blank\" rel=\"noopener\">CAS Contrato<\/a><br \/><br \/><\/td><td><a href=\"https:\/\/apprende.jalisco.gob.mx\/direccion-participacion-social\/wp-content\/uploads\/sites\/33\/2023\/06\/CAS-01A-Oficio-de-No-Constitucion-1.pdf\" target=\"_blank\" rel=\"noopener\">CAS Oficio de NO Constituci\u00f3n<\/a><br \/><a href=\"https:\/\/apprende.jalisco.gob.mx\/direccion-participacion-social\/wp-content\/uploads\/sites\/33\/2022\/10\/OFICIO-PARA-LA-ENTREGA-RECEPCION-DE-LOS-CENTROS-DE-ATENCION-Y-SERVICIOS.pdf\" target=\"_blank\" rel=\"noopener\">CAS Oficio para Entrega Recepci\u00f3n<\/a><br \/><a href=\"https:\/\/apprende.jalisco.gob.mx\/direccion-participacion-social\/wp-content\/uploads\/sites\/33\/2022\/10\/ACTA-DE-ENTREGA-RECEPCION-DE-COMISION-CAS.pdf\" target=\"_blank\" rel=\"noopener\">CAS Acta Entrega Recepci\u00f3n<\/a><br \/><a href=\"https:\/\/apprende.jalisco.gob.mx\/direccion-participacion-social\/wp-content\/uploads\/sites\/33\/2022\/10\/RELACION-DE-GASTOS-AUTORIZADOS-CAS.pdf\" target=\"_blank\" rel=\"noopener\">CAS Relaci\u00f3n de Gastos Autorizados<\/a><br \/><a href=\"https:\/\/apprende.jalisco.gob.mx\/direccion-participacion-social\/wp-content\/uploads\/sites\/33\/2022\/10\/CAS-Formato-de-Ingresos-Ciclo-2022-2023.pdf\" target=\"_blank\" rel=\"noopener\">CAS Formato Ingresos<\/a><br \/><a href=\"https:\/\/apprende.jalisco.gob.mx\/direccion-participacion-social\/wp-content\/uploads\/sites\/33\/2022\/10\/CAS-Formato-Unico-de-Egresos-ciclo-2022-2023.pdf\" target=\"_blank\" rel=\"noopener\">CAS Formato Egresos<\/a><br \/><a href=\"https:\/\/apprende.jalisco.gob.mx\/direccion-participacion-social\/wp-content\/uploads\/sites\/33\/2022\/10\/Manual-de-Usuario-para-el-Registro-de-la-Sesion-de-Instalacion-2022-2023.pdf\" target=\"_blank\" rel=\"noopener\">REPAE Manual de usuario CPE y Comit\u00e9 de Salud<\/a><br \/><a href=\"https:\/\/apprende.jalisco.gob.mx\/direccion-participacion-social\/wp-content\/uploads\/sites\/33\/2022\/10\/solicitud-de-Ayuda-Seguro-Escolar.pdf\" target=\"_blank\" rel=\"noopener\">SECAP Solicitud de Reembolso<\/a><br \/><a href=\"https:\/\/apprende.jalisco.gob.mx\/direccion-participacion-social\/wp-content\/uploads\/sites\/33\/2022\/10\/Recibo-seguro-escolar-22-23.pdf\" target=\"_blank\" rel=\"noopener\">SECAP Recibo de Seguro Escolar<\/a><\/td><\/tr><\/tbody><\/table><\/div>\n\t\t\t\t\t\t\t\t\t<div class=\"elementor-tab-title elementor-tab-mobile-title\" aria-selected=\"false\" data-tab=\"5\" role=\"tab\" tabindex=\"-1\" aria-controls=\"elementor-tab-content-1055\" aria-expanded=\"false\">2021- 2022\t<\/div>\n\t\t\t\t\t<div id=\"elementor-tab-content-1055\" class=\"elementor-tab-content elementor-clearfix\" data-tab=\"5\" role=\"tabpanel\" aria-labelledby=\"elementor-tab-title-1055\" tabindex=\"0\" hidden=\"hidden\"><table border=\"0\"><tbody><tr><td><a href=\"https:\/\/apprende.jalisco.gob.mx\/direccion-participacion-social\/wp-content\/uploads\/sites\/33\/2022\/10\/CONVOCATORIA-UNIFICADA-2021-2022-PRESENCIAL.pdf\" target=\"_blank\" rel=\"noopener\">APF Convocatoria para Elecci\u00f3n de la Mesa Directiva Presencial<\/a><br \/><a href=\"https:\/\/apprende.jalisco.gob.mx\/direccion-participacion-social\/wp-content\/uploads\/sites\/33\/2022\/10\/CONVOCATORIA-UNIFICADA-2021-2022-VIRTUAL.pdf\" target=\"_blank\" rel=\"noopener\">APF Convocatoria para la Elecci\u00f3n de la Mesa Directiva Virtual<\/a><br \/><a href=\"https:\/\/apprende.jalisco.gob.mx\/direccion-participacion-social\/wp-content\/uploads\/sites\/33\/2022\/10\/acta-de-constitucion-Mesa-Directiva2021-2022.pdf\" target=\"_blank\" rel=\"noopener\">APF Acta de Constituci\u00f3n<\/a><br \/><a href=\"https:\/\/apprende.jalisco.gob.mx\/direccion-participacion-social\/wp-content\/uploads\/sites\/33\/2022\/10\/CONSTANCIA-FISCAL-SECRETARIA-DE-LA-HACIENDA-PUBLICA.pdf\" target=\"_blank\" rel=\"noopener\">APF Constancia Fiscal Secretaria de la Hacienda P\u00fablica<\/a><br \/><a href=\"https:\/\/apprende.jalisco.gob.mx\/direccion-participacion-social\/wp-content\/uploads\/sites\/33\/2022\/10\/Protocolo_paraestablecimientos_consumo_escolar-1-1.pdf\" target=\"_blank\" rel=\"noopener\">CAS Protocolo para Establecimiento de Consumo Escolar ante COVID19<\/a><br \/><a href=\"https:\/\/apprende.jalisco.gob.mx\/direccion-participacion-social\/wp-content\/uploads\/sites\/33\/2022\/10\/CONTRATO-CAS-CICLO-ESCOLAR-21-22modifoct.pdf\" target=\"_blank\" rel=\"noopener\">CAS Contrato<\/a><br \/><a href=\"https:\/\/apprende.jalisco.gob.mx\/direccion-participacion-social\/wp-content\/uploads\/sites\/33\/2022\/10\/CONVOCATORIA-21-22modifoct.pdf\" target=\"_blank\" rel=\"noopener\">CAS Convocatoria<\/a><br \/><a href=\"https:\/\/apprende.jalisco.gob.mx\/direccion-participacion-social\/wp-content\/uploads\/sites\/33\/2022\/10\/CAS-01-Registro.pdf\" target=\"_blank\" rel=\"noopener\">CAS Acta de Integraci\u00f3n<\/a><br \/><a href=\"https:\/\/apprende.jalisco.gob.mx\/direccion-participacion-social\/wp-content\/uploads\/sites\/33\/2022\/10\/CAS-01A-Oficio-de-No-Constitucion-19-20-1.pdf\" target=\"_blank\" rel=\"noopener\">CAS Oficio de NO CAS\u00a0<\/a><br \/><a href=\"https:\/\/apprende.jalisco.gob.mx\/direccion-participacion-social\/wp-content\/uploads\/sites\/33\/2022\/10\/CONTABILIDAD-SEP-AGO-SEM-Y-FINAL-1.xlsx\" target=\"_blank\" rel=\"noopener\">CAS Sistema de Contabilidad<\/a><\/td><td><a href=\"https:\/\/apprende.jalisco.gob.mx\/direccion-participacion-social\/wp-content\/uploads\/sites\/33\/2022\/10\/acta_intalacion_consejos_2021_2022.pdf\" target=\"_blank\" rel=\"noopener\">CPE Acta de Instalaci\u00f3n<\/a><br \/><a href=\"https:\/\/apprende.jalisco.gob.mx\/direccion-participacion-social\/wp-content\/uploads\/sites\/33\/2022\/10\/acta_comite_salud_escolar_2021_2022.pdf\" target=\"_blank\" rel=\"noopener\">CPE Comit\u00e9 Participativo Escolar<\/a><br \/><a href=\"https:\/\/apprende.jalisco.gob.mx\/direccion-participacion-social\/wp-content\/uploads\/sites\/33\/2022\/10\/ACTA_CIERRE_CICLO_2021_2022.pdf\" target=\"_blank\" rel=\"noopener\">CPE Acta de Cierre<\/a><br \/><a href=\"https:\/\/apprende.jalisco.gob.mx\/direccion-participacion-social\/wp-content\/uploads\/sites\/33\/2022\/10\/Convocatoria-Consejos-Municipales-21-24.pdf\" target=\"_blank\" rel=\"noopener\">CMPE Convocatoria<\/a><br \/><a href=\"https:\/\/apprende.jalisco.gob.mx\/direccion-participacion-social\/wp-content\/uploads\/sites\/33\/2022\/10\/LISTA-DE-ASISTENCIA-21-24.pdf\" target=\"_blank\" rel=\"noopener\">CMPE Lista de Asistencia<\/a><br \/><a href=\"https:\/\/apprende.jalisco.gob.mx\/direccion-participacion-social\/wp-content\/uploads\/sites\/33\/2022\/10\/Acta-integracion-Consejos-Municipales-21-24.pdf\" target=\"_blank\" rel=\"noopener\">CMPE Acta de integraci\u00f3n<\/a><br \/><a href=\"https:\/\/apprende.jalisco.gob.mx\/direccion-participacion-social\/wp-content\/uploads\/sites\/33\/2022\/10\/Acta-de-sesion-Consejo-Municipal-21-24.pdf\" target=\"_blank\" rel=\"noopener\">CMPE Acta de Sesi\u00f3n<\/a><br \/><a href=\"https:\/\/apprende.jalisco.gob.mx\/direccion-participacion-social\/wp-content\/uploads\/sites\/33\/2022\/10\/GUIA-PARA-LA-ASAMBLEA-DE-ELECCION-DEL-CMPE.pdf\" target=\"_blank\" rel=\"noopener\">CMPE Gu\u00eda para la Asamblea<\/a><br \/><a href=\"https:\/\/apprende.jalisco.gob.mx\/direccion-participacion-social\/wp-content\/uploads\/sites\/33\/2022\/10\/Solicitud-de-Reembolso-21.pdf\" target=\"_blank\" rel=\"noopener\">SECAP Solicitud de Reembolso<\/a><br \/><a href=\"https:\/\/apprende.jalisco.gob.mx\/direccion-participacion-social\/wp-content\/uploads\/sites\/33\/2022\/10\/recibo-Seguro-Escolar-2021.pdf\" target=\"_blank\" rel=\"noopener\">SECAP Recibo de Seguro Escolar<\/a><\/td><\/tr><\/tbody><\/table><\/div>\n\t\t\t\t\t\t\t\t\t<div class=\"elementor-tab-title elementor-tab-mobile-title\" aria-selected=\"false\" data-tab=\"6\" role=\"tab\" tabindex=\"-1\" aria-controls=\"elementor-tab-content-1056\" aria-expanded=\"false\">2020 -2021<\/div>\n\t\t\t\t\t<div id=\"elementor-tab-content-1056\" class=\"elementor-tab-content elementor-clearfix\" data-tab=\"6\" role=\"tabpanel\" aria-labelledby=\"elementor-tab-title-1056\" tabindex=\"0\" hidden=\"hidden\"><p><a href=\"https:\/\/apprende.jalisco.gob.mx\/direccion-participacion-social\/wp-content\/uploads\/sites\/33\/2022\/10\/acta-de-constitucion-Mesa-Directiva-.-2020-2021.pdf\" target=\"_blank\" rel=\"noopener\">APF Acta Constituci\u00f3n Mesa Directiva<\/a><br \/><a href=\"https:\/\/apprende.jalisco.gob.mx\/direccion-participacion-social\/wp-content\/uploads\/sites\/33\/2022\/10\/plan-de-trabajo-apf-20-21.pdf\" target=\"_blank\" rel=\"noopener\">APF Plan de Trabajo<\/a><br \/><a href=\"https:\/\/apprende.jalisco.gob.mx\/direccion-participacion-social\/wp-content\/uploads\/sites\/33\/2022\/10\/TRASPASO-ECONOMICO-2020-2021.pdf\" target=\"_blank\" rel=\"noopener\">APF Traspaso Econ\u00f3mico<\/a><br \/><a href=\"https:\/\/apprende.jalisco.gob.mx\/direccion-participacion-social\/wp-content\/uploads\/sites\/33\/2022\/10\/1er.-Semestre-ciclo-20-21-.pdf\" target=\"_blank\" rel=\"noopener\">APF 1er. Semestre ciclo 20-21<\/a><br \/><a href=\"https:\/\/apprende.jalisco.gob.mx\/direccion-participacion-social\/wp-content\/uploads\/sites\/33\/2022\/10\/2o.-SEMESTRE-ciclo-20-21.pdf\" target=\"_blank\" rel=\"noopener\">APF 2do. Semestre ciclo 20-21<\/a><br \/><a href=\"https:\/\/apprende.jalisco.gob.mx\/direccion-participacion-social\/wp-content\/uploads\/sites\/33\/2022\/10\/OFICIO-399-2020-1.pdf\" target=\"_blank\" rel=\"noopener\">Oficio<\/a><\/p><\/div>\n\t\t\t\t\t\t\t\t\t<div class=\"elementor-tab-title elementor-tab-mobile-title\" aria-selected=\"false\" data-tab=\"7\" role=\"tab\" tabindex=\"-1\" aria-controls=\"elementor-tab-content-1057\" aria-expanded=\"false\">2019- 2020\t<\/div>\n\t\t\t\t\t<div id=\"elementor-tab-content-1057\" class=\"elementor-tab-content elementor-clearfix\" data-tab=\"7\" role=\"tabpanel\" aria-labelledby=\"elementor-tab-title-1057\" tabindex=\"0\" hidden=\"hidden\"><p><a href=\"https:\/\/apprende.jalisco.gob.mx\/direccion-participacion-social\/wp-content\/uploads\/sites\/33\/2022\/10\/CONVOCATORIA-UNIFICADA-2019-2020.pdf\" target=\"_blank\" rel=\"noopener\">APF Convocatoria Unificada<\/a><br \/><a href=\"https:\/\/apprende.jalisco.gob.mx\/direccion-participacion-social\/wp-content\/uploads\/sites\/33\/2022\/10\/ACTA-DE-CONSTITUCION-19-20.pdf\" target=\"_blank\" rel=\"noopener\">APF Acta Constituci\u00f3n<\/a><br \/><a href=\"https:\/\/apprende.jalisco.gob.mx\/direccion-participacion-social\/wp-content\/uploads\/sites\/33\/2022\/10\/PROGRAMA-DE-TRABAJO-19-20.pdf\" target=\"_blank\" rel=\"noopener\">APF Programa de Trabajo<\/a><br \/><a href=\"https:\/\/apprende.jalisco.gob.mx\/direccion-participacion-social\/wp-content\/uploads\/sites\/33\/2022\/10\/TRASPASO-ECONOMICO-19-20.pdf\" target=\"_blank\" rel=\"noopener\">APF Traspaso Econ\u00f3mico<\/a><br \/><a href=\"https:\/\/apprende.jalisco.gob.mx\/direccion-participacion-social\/wp-content\/uploads\/sites\/33\/2022\/10\/FORMATO-INFORME-FINAL-APF-5.1-CORREGIDO.pdf\" target=\"_blank\" rel=\"noopener\">APF Formato Informe Final<\/a><br \/><a href=\"https:\/\/apprende.jalisco.gob.mx\/direccion-participacion-social\/wp-content\/uploads\/sites\/33\/2022\/10\/CAS-01-ACTA-DE-INTEGRACION-1.pdf\" target=\"_blank\" rel=\"noopener\">CAS Acta de Integraci\u00f3n<\/a><br \/><a href=\"https:\/\/apprende.jalisco.gob.mx\/direccion-participacion-social\/wp-content\/uploads\/sites\/33\/2022\/10\/CAS-01A-Oficio-de-No-Constitucion-19-20.pdf\" target=\"_blank\" rel=\"noopener\">CAS Oficio de NO CAS\u00a0<\/a><br \/><a href=\"https:\/\/apprende.jalisco.gob.mx\/direccion-participacion-social\/wp-content\/uploads\/sites\/33\/2022\/10\/CAS-03-Convocatoria-1.pdf\" target=\"_blank\" rel=\"noopener\">CAS Convocatoria\u00a0<\/a><br \/><a href=\"https:\/\/apprende.jalisco.gob.mx\/direccion-participacion-social\/wp-content\/uploads\/sites\/33\/2022\/10\/CAS-04-Contrato-Prestadores-de-Servicio-1-1.pdf\" target=\"_blank\" rel=\"noopener\">CAS Contrato\u00a0<\/a><br \/><a href=\"https:\/\/apprende.jalisco.gob.mx\/direccion-participacion-social\/wp-content\/uploads\/sites\/33\/2022\/10\/CAS-06-Formato-de-Ingresos.pdf\" target=\"_blank\" rel=\"noopener\">CAS Formato de Ingresos\u00a0<\/a><br \/><a href=\"https:\/\/apprende.jalisco.gob.mx\/direccion-participacion-social\/wp-content\/uploads\/sites\/33\/2022\/10\/CAS-07-Formato-Unico-de-Egresos-.pdf\" target=\"_blank\" rel=\"noopener\">CAS Formato de Egresos<\/a><br \/><a href=\"https:\/\/apprende.jalisco.gob.mx\/direccion-participacion-social\/wp-content\/uploads\/sites\/33\/2022\/10\/CONTABILIDAD-2019-2020-CON-INFORME-SEMESTRAL.xlsx\" target=\"_blank\" rel=\"noopener\">CAS Contabilidad Informes 2019-2020\u00a0<\/a><br \/><a href=\"https:\/\/apprende.jalisco.gob.mx\/direccion-participacion-social\/wp-content\/uploads\/sites\/33\/2022\/10\/REGISTRO-CONTABLE-2019-2020-Y-2020-2021.pdf\" target=\"_blank\" rel=\"noopener\">CAS Registro Contable 2019-2020 Y 2020-2021<\/a><\/p><\/div>\n\t\t\t\t\t\t\t\t\t<div class=\"elementor-tab-title elementor-tab-mobile-title\" aria-selected=\"false\" data-tab=\"8\" role=\"tab\" tabindex=\"-1\" aria-controls=\"elementor-tab-content-1058\" aria-expanded=\"false\">2018- 2019<\/div>\n\t\t\t\t\t<div id=\"elementor-tab-content-1058\" class=\"elementor-tab-content elementor-clearfix\" data-tab=\"8\" role=\"tabpanel\" aria-labelledby=\"elementor-tab-title-1058\" tabindex=\"0\" hidden=\"hidden\"><p><a href=\"https:\/\/apprende.jalisco.gob.mx\/direccion-participacion-social\/wp-content\/uploads\/sites\/33\/2022\/10\/ACTA-DE-CONSTITUCION-18-19.pdf\" target=\"_blank\" rel=\"noopener\">APF Acta\u00a0 Constituci\u00f3n<\/a><br \/><a href=\"https:\/\/apprende.jalisco.gob.mx\/direccion-participacion-social\/wp-content\/uploads\/sites\/33\/2022\/10\/CONVOCATORIA-18-19.pdf\" target=\"_blank\" rel=\"noopener\">APF Convocatoria<\/a>\u00a0<a href=\"https:\/\/apprende.jalisco.gob.mx\/direccion-participacion-social\/wp-content\/uploads\/sites\/33\/2022\/10\/PROGRAMA-DE-TRABAJO-18-19.pdf\" target=\"_blank\" rel=\"noopener\">Programa de trabajo<\/a><br \/><a href=\"https:\/\/apprende.jalisco.gob.mx\/direccion-participacion-social\/wp-content\/uploads\/sites\/33\/2022\/10\/TRASPASO-ECONOMICO-18-19.pdf\" target=\"_blank\" rel=\"noopener\">APF Traspaso econ\u00f3mico<\/a><br \/><a href=\"https:\/\/apprende.jalisco.gob.mx\/direccion-participacion-social\/wp-content\/uploads\/sites\/33\/2022\/10\/FORMATO-INFORME-FINAL-APF-5.1-18-19.pdf\" target=\"_blank\" rel=\"noopener\">APF Formato Informe Final\u00a0<\/a><br \/><a href=\"https:\/\/apprende.jalisco.gob.mx\/direccion-participacion-social\/wp-content\/uploads\/sites\/33\/2022\/10\/CAS-01-ACTA-DE-INTEGRACION.pdf\" target=\"_blank\" rel=\"noopener\">CAS Acta de integraci\u00f3n<\/a><br \/><a href=\"https:\/\/apprende.jalisco.gob.mx\/direccion-participacion-social\/wp-content\/uploads\/sites\/33\/2022\/10\/CAS-01A-Oficio-de-No-Constitucion-18-19.pdf\" target=\"_blank\" rel=\"noopener\">CAS Oficio de No Cas<\/a><br \/><a href=\"https:\/\/apprende.jalisco.gob.mx\/direccion-participacion-social\/wp-content\/uploads\/sites\/33\/2022\/10\/CAS-02-Listado-de-Prioridades-18-19.pdf\" target=\"_blank\" rel=\"noopener\">CAS Programa de Prioridades<\/a><br \/><a href=\"https:\/\/apprende.jalisco.gob.mx\/direccion-participacion-social\/wp-content\/uploads\/sites\/33\/2022\/10\/CAS-03-Convocatoria.pdf\" target=\"_blank\" rel=\"noopener\">CAS Convocatoria<\/a><br \/><a href=\"https:\/\/apprende.jalisco.gob.mx\/direccion-participacion-social\/wp-content\/uploads\/sites\/33\/2022\/10\/CAS-04-Contrato-Prestadores-de-Servicio-1.pdf\" target=\"_blank\" rel=\"noopener\">CAS Contrato<\/a><br \/><a href=\"https:\/\/apprende.jalisco.gob.mx\/direccion-participacion-social\/wp-content\/uploads\/sites\/33\/2022\/10\/CAS-06-Formato-de-Ingresos.pdf\" target=\"_blank\" rel=\"noopener\">CAS Formato de Ingresos<\/a><br \/><a href=\"https:\/\/apprende.jalisco.gob.mx\/direccion-participacion-social\/wp-content\/uploads\/sites\/33\/2022\/10\/CAS-07-Formato-Unico-de-Egresos-.pdf\" target=\"_blank\" rel=\"noopener\">CAS Formato de Egresos\u00a0<\/a><br \/><a href=\"https:\/\/apprende.jalisco.gob.mx\/direccion-participacion-social\/wp-content\/uploads\/sites\/33\/2022\/10\/CAS-09-ACTIVOS-FIJOS-18-19.pdf\" target=\"_blank\" rel=\"noopener\">CAS Activos Fijos<\/a><br \/><a href=\"https:\/\/apprende.jalisco.gob.mx\/direccion-participacion-social\/wp-content\/uploads\/sites\/33\/2022\/10\/CONTABILIDAD-CON-INFORME-SEMESTRAL-2018-2019-y-anteriores.xlsx\" target=\"_blank\" rel=\"noopener\">CAS Contabilidad Informes<\/a><\/p><\/div>\n\t\t\t\t\t\t\t<\/div>\n\t\t<\/div>\n\t\t\t\t<\/div>\n\t\t\t\t<\/div>\n\t\t\t\t\t<\/div>\n\t\t<\/div>\n\t\t\t\t\t\t\t<\/div>\n\t\t<\/section>\n\t\t\t\t\t<\/div>\n\t\t<\/div>\n\t\t\t\t\t\t\t<\/div>\n\t\t<\/section>\n\t\t\t\t\t\t\t<\/div>\n\t\t","protected":false},"excerpt":{"rendered":"<p>2025-2026 2024- 2025 2023- 2024 2022- 2023 2021- 2022 2020 -2021 2019- 2020 2018- 2019 2025-2026 CONVOCATORIA DE INTEGRACI\u00d3N PARA LOS \u00d3RGANOS DE PARTICIPACI\u00d3N SOCIALAMPF ACTA CONSTITUTIVA 2025-2026AMPF TRASP ECON 2025-2026AMPF PROG TRAB 2025-2026AMPF RECIBO APORT VOLUN 2025-2026AMPF 1ER SEMES 2025-2026AMPF 2DO SEMES 2025-2026AMPF RECIBO PADRES FAM 2025-2026AMPF CONCEPTO GASTO 2025-2026SECAP RECIBO 2025-2026SECAP SOLICITUD DE &hellip;<\/p>\n<p class=\"read-more\"> <a class=\"\" href=\"https:\/\/apprende.jalisco.gob.mx\/direccion-participacion-social\/formatos-apf\/\"> <span class=\"screen-reader-text\">Formatos<\/span> Leer m\u00e1s &raquo;<\/a><\/p>\n","protected":false},"author":5,"featured_media":0,"parent":0,"menu_order":0,"comment_status":"closed","ping_status":"closed","template":"","meta":{"_monsterinsights_skip_tracking":false,"_monsterinsights_sitenote_active":false,"_monsterinsights_sitenote_note":"","_monsterinsights_sitenote_category":0,"site-sidebar-layout":"no-sidebar","site-content-layout":"page-builder","ast-site-content-layout":"full-width-container","site-content-style":"unboxed","site-sidebar-style":"unboxed","ast-global-header-display":"","ast-banner-title-visibility":"","ast-main-header-display":"","ast-hfb-above-header-display":"","ast-hfb-below-header-display":"","ast-hfb-mobile-header-display":"","site-post-title":"disabled","ast-breadcrumbs-content":"","ast-featured-img":"disabled","footer-sml-layout":"","theme-transparent-header-meta":"default","adv-header-id-meta":"","stick-header-meta":"default","header-above-stick-meta":"","header-main-stick-meta":"","header-below-stick-meta":"","astra-migrate-meta-layouts":"set","ep_exclude_from_search":false,"footnotes":""},"acf":[],"yoast_head":"<!-- This site is optimized with the Yoast SEO Premium plugin v17.7 (Yoast SEO v21.0) - https:\/\/yoast.com\/wordpress\/plugins\/seo\/ -->\n<title>Formatos - Direcci\u00f3n de Participaci\u00f3n Social<\/title>\n<meta name=\"robots\" content=\"index, follow, max-snippet:-1, max-image-preview:large, max-video-preview:-1\" \/>\n<link rel=\"canonical\" href=\"https:\/\/apprende.jalisco.gob.mx\/direccion-participacion-social\/formatos-apf\/\" \/>\n<meta property=\"og:locale\" content=\"es_MX\" \/>\n<meta property=\"og:type\" content=\"article\" \/>\n<meta property=\"og:title\" content=\"Formatos\" \/>\n<meta property=\"og:description\" content=\"2025-2026 2024- 2025 2023- 2024 2022- 2023 2021- 2022 2020 -2021 2019- 2020 2018- 2019 2025-2026 CONVOCATORIA DE INTEGRACI\u00d3N PARA LOS \u00d3RGANOS DE PARTICIPACI\u00d3N SOCIALAMPF ACTA CONSTITUTIVA 2025-2026AMPF TRASP ECON 2025-2026AMPF PROG TRAB 2025-2026AMPF RECIBO APORT VOLUN 2025-2026AMPF 1ER SEMES 2025-2026AMPF 2DO SEMES 2025-2026AMPF RECIBO PADRES FAM 2025-2026AMPF CONCEPTO GASTO 2025-2026SECAP RECIBO 2025-2026SECAP SOLICITUD DE &hellip; Formatos Leer m\u00e1s &raquo;\" \/>\n<meta property=\"og:url\" content=\"https:\/\/apprende.jalisco.gob.mx\/direccion-participacion-social\/formatos-apf\/\" \/>\n<meta property=\"og:site_name\" content=\"Direcci\u00f3n de Participaci\u00f3n Social\" \/>\n<meta property=\"article:modified_time\" content=\"2026-02-20T20:04:04+00:00\" \/>\n<meta name=\"twitter:card\" content=\"summary_large_image\" \/>\n<meta name=\"twitter:label1\" content=\"Tiempo de lectura\" \/>\n\t<meta name=\"twitter:data1\" content=\"3 minutos\" \/>\n<script type=\"application\/ld+json\" class=\"yoast-schema-graph\">{\"@context\":\"https:\/\/schema.org\",\"@graph\":[{\"@type\":\"WebPage\",\"@id\":\"https:\/\/apprende.jalisco.gob.mx\/direccion-participacion-social\/formatos-apf\/\",\"url\":\"https:\/\/apprende.jalisco.gob.mx\/direccion-participacion-social\/formatos-apf\/\",\"name\":\"Formatos - Direcci\u00f3n de Participaci\u00f3n Social\",\"isPartOf\":{\"@id\":\"https:\/\/apprende.jalisco.gob.mx\/direccion-participacion-social\/#website\"},\"datePublished\":\"2022-10-13T00:55:24+00:00\",\"dateModified\":\"2026-02-20T20:04:04+00:00\",\"breadcrumb\":{\"@id\":\"https:\/\/apprende.jalisco.gob.mx\/direccion-participacion-social\/formatos-apf\/#breadcrumb\"},\"inLanguage\":\"es-MX\",\"potentialAction\":[{\"@type\":\"ReadAction\",\"target\":[\"https:\/\/apprende.jalisco.gob.mx\/direccion-participacion-social\/formatos-apf\/\"]}]},{\"@type\":\"BreadcrumbList\",\"@id\":\"https:\/\/apprende.jalisco.gob.mx\/direccion-participacion-social\/formatos-apf\/#breadcrumb\",\"itemListElement\":[{\"@type\":\"ListItem\",\"position\":1,\"name\":\"Inicio\",\"item\":\"https:\/\/apprende.jalisco.gob.mx\/direccion-participacion-social\/\"},{\"@type\":\"ListItem\",\"position\":2,\"name\":\"Formatos\"}]},{\"@type\":\"WebSite\",\"@id\":\"https:\/\/apprende.jalisco.gob.mx\/direccion-participacion-social\/#website\",\"url\":\"https:\/\/apprende.jalisco.gob.mx\/direccion-participacion-social\/\",\"name\":\"Direcci\u00f3n de Participaci\u00f3n Social\",\"description\":\"Micrositio\",\"publisher\":{\"@id\":\"https:\/\/apprende.jalisco.gob.mx\/direccion-participacion-social\/#organization\"},\"potentialAction\":[{\"@type\":\"SearchAction\",\"target\":{\"@type\":\"EntryPoint\",\"urlTemplate\":\"https:\/\/apprende.jalisco.gob.mx\/direccion-participacion-social\/?s={search_term_string}\"},\"query-input\":\"required name=search_term_string\"}],\"inLanguage\":\"es-MX\"},{\"@type\":\"Organization\",\"@id\":\"https:\/\/apprende.jalisco.gob.mx\/direccion-participacion-social\/#organization\",\"name\":\"Direcci\u00f3n de Participaci\u00f3n Social\",\"url\":\"https:\/\/apprende.jalisco.gob.mx\/direccion-participacion-social\/\",\"logo\":{\"@type\":\"ImageObject\",\"inLanguage\":\"es-MX\",\"@id\":\"https:\/\/apprende.jalisco.gob.mx\/direccion-participacion-social\/#\/schema\/logo\/image\/\",\"url\":\"https:\/\/apprende.jalisco.gob.mx\/direccion-participacion-social\/wp-content\/uploads\/sites\/33\/2022\/03\/logo-Educacion2025.png\",\"contentUrl\":\"https:\/\/apprende.jalisco.gob.mx\/direccion-participacion-social\/wp-content\/uploads\/sites\/33\/2022\/03\/logo-Educacion2025.png\",\"width\":427,\"height\":108,\"caption\":\"Direcci\u00f3n de Participaci\u00f3n Social\"},\"image\":{\"@id\":\"https:\/\/apprende.jalisco.gob.mx\/direccion-participacion-social\/#\/schema\/logo\/image\/\"}}]}<\/script>\n<!-- \/ Yoast SEO Premium plugin. -->","yoast_head_json":{"title":"Formatos - Direcci\u00f3n de Participaci\u00f3n Social","robots":{"index":"index","follow":"follow","max-snippet":"max-snippet:-1","max-image-preview":"max-image-preview:large","max-video-preview":"max-video-preview:-1"},"canonical":"https:\/\/apprende.jalisco.gob.mx\/direccion-participacion-social\/formatos-apf\/","og_locale":"es_MX","og_type":"article","og_title":"Formatos","og_description":"2025-2026 2024- 2025 2023- 2024 2022- 2023 2021- 2022 2020 -2021 2019- 2020 2018- 2019 2025-2026 CONVOCATORIA DE INTEGRACI\u00d3N PARA LOS \u00d3RGANOS DE PARTICIPACI\u00d3N SOCIALAMPF ACTA CONSTITUTIVA 2025-2026AMPF TRASP ECON 2025-2026AMPF PROG TRAB 2025-2026AMPF RECIBO APORT VOLUN 2025-2026AMPF 1ER SEMES 2025-2026AMPF 2DO SEMES 2025-2026AMPF RECIBO PADRES FAM 2025-2026AMPF CONCEPTO GASTO 2025-2026SECAP RECIBO 2025-2026SECAP SOLICITUD DE &hellip; Formatos Leer m\u00e1s &raquo;","og_url":"https:\/\/apprende.jalisco.gob.mx\/direccion-participacion-social\/formatos-apf\/","og_site_name":"Direcci\u00f3n de Participaci\u00f3n Social","article_modified_time":"2026-02-20T20:04:04+00:00","twitter_card":"summary_large_image","twitter_misc":{"Tiempo de lectura":"3 minutos"},"schema":{"@context":"https:\/\/schema.org","@graph":[{"@type":"WebPage","@id":"https:\/\/apprende.jalisco.gob.mx\/direccion-participacion-social\/formatos-apf\/","url":"https:\/\/apprende.jalisco.gob.mx\/direccion-participacion-social\/formatos-apf\/","name":"Formatos - Direcci\u00f3n de Participaci\u00f3n Social","isPartOf":{"@id":"https:\/\/apprende.jalisco.gob.mx\/direccion-participacion-social\/#website"},"datePublished":"2022-10-13T00:55:24+00:00","dateModified":"2026-02-20T20:04:04+00:00","breadcrumb":{"@id":"https:\/\/apprende.jalisco.gob.mx\/direccion-participacion-social\/formatos-apf\/#breadcrumb"},"inLanguage":"es-MX","potentialAction":[{"@type":"ReadAction","target":["https:\/\/apprende.jalisco.gob.mx\/direccion-participacion-social\/formatos-apf\/"]}]},{"@type":"BreadcrumbList","@id":"https:\/\/apprende.jalisco.gob.mx\/direccion-participacion-social\/formatos-apf\/#breadcrumb","itemListElement":[{"@type":"ListItem","position":1,"name":"Inicio","item":"https:\/\/apprende.jalisco.gob.mx\/direccion-participacion-social\/"},{"@type":"ListItem","position":2,"name":"Formatos"}]},{"@type":"WebSite","@id":"https:\/\/apprende.jalisco.gob.mx\/direccion-participacion-social\/#website","url":"https:\/\/apprende.jalisco.gob.mx\/direccion-participacion-social\/","name":"Direcci\u00f3n de Participaci\u00f3n Social","description":"Micrositio","publisher":{"@id":"https:\/\/apprende.jalisco.gob.mx\/direccion-participacion-social\/#organization"},"potentialAction":[{"@type":"SearchAction","target":{"@type":"EntryPoint","urlTemplate":"https:\/\/apprende.jalisco.gob.mx\/direccion-participacion-social\/?s={search_term_string}"},"query-input":"required name=search_term_string"}],"inLanguage":"es-MX"},{"@type":"Organization","@id":"https:\/\/apprende.jalisco.gob.mx\/direccion-participacion-social\/#organization","name":"Direcci\u00f3n de Participaci\u00f3n Social","url":"https:\/\/apprende.jalisco.gob.mx\/direccion-participacion-social\/","logo":{"@type":"ImageObject","inLanguage":"es-MX","@id":"https:\/\/apprende.jalisco.gob.mx\/direccion-participacion-social\/#\/schema\/logo\/image\/","url":"https:\/\/apprende.jalisco.gob.mx\/direccion-participacion-social\/wp-content\/uploads\/sites\/33\/2022\/03\/logo-Educacion2025.png","contentUrl":"https:\/\/apprende.jalisco.gob.mx\/direccion-participacion-social\/wp-content\/uploads\/sites\/33\/2022\/03\/logo-Educacion2025.png","width":427,"height":108,"caption":"Direcci\u00f3n de Participaci\u00f3n Social"},"image":{"@id":"https:\/\/apprende.jalisco.gob.mx\/direccion-participacion-social\/#\/schema\/logo\/image\/"}}]}},"_links":{"self":[{"href":"https:\/\/apprende.jalisco.gob.mx\/direccion-participacion-social\/wp-json\/wp\/v2\/pages\/3636"}],"collection":[{"href":"https:\/\/apprende.jalisco.gob.mx\/direccion-participacion-social\/wp-json\/wp\/v2\/pages"}],"about":[{"href":"https:\/\/apprende.jalisco.gob.mx\/direccion-participacion-social\/wp-json\/wp\/v2\/types\/page"}],"author":[{"embeddable":true,"href":"https:\/\/apprende.jalisco.gob.mx\/direccion-participacion-social\/wp-json\/wp\/v2\/users\/5"}],"replies":[{"embeddable":true,"href":"https:\/\/apprende.jalisco.gob.mx\/direccion-participacion-social\/wp-json\/wp\/v2\/comments?post=3636"}],"version-history":[{"count":164,"href":"https:\/\/apprende.jalisco.gob.mx\/direccion-participacion-social\/wp-json\/wp\/v2\/pages\/3636\/revisions"}],"predecessor-version":[{"id":4699,"href":"https:\/\/apprende.jalisco.gob.mx\/direccion-participacion-social\/wp-json\/wp\/v2\/pages\/3636\/revisions\/4699"}],"wp:attachment":[{"href":"https:\/\/apprende.jalisco.gob.mx\/direccion-participacion-social\/wp-json\/wp\/v2\/media?parent=3636"}],"curies":[{"name":"wp","href":"https:\/\/api.w.org\/{rel}","templated":true}]}}