{"id":3348,"date":"2022-09-27T13:03:54","date_gmt":"2022-09-27T18:03:54","guid":{"rendered":"https:\/\/recrea.jalisco.gob.mx\/direccion-unidad-pedagogica-nacional\/?page_id=3348"},"modified":"2023-02-27T10:48:29","modified_gmt":"2023-02-27T16:48:29","slug":"matricula-escolar","status":"publish","type":"page","link":"https:\/\/apprende.jalisco.gob.mx\/direccion-unidad-pedagogica-nacional\/matricula-escolar\/","title":{"rendered":"Matr\u00edcula Escolar"},"content":{"rendered":"\t\t<div data-elementor-type=\"wp-page\" data-elementor-id=\"3348\" class=\"elementor elementor-3348\" data-elementor-post-type=\"page\">\n\t\t\t\t\t\t\t\t\t<section class=\"elementor-section elementor-top-section elementor-element elementor-element-90e1ac2 elementor-section-boxed elementor-section-height-default elementor-section-height-default\" data-id=\"90e1ac2\" data-element_type=\"section\" data-settings=\"{&quot;ekit_has_onepagescroll_dot&quot;:&quot;yes&quot;}\">\n\t\t\t\t\t\t<div class=\"elementor-container elementor-column-gap-default\">\n\t\t\t\t\t<div class=\"elementor-column elementor-col-100 elementor-top-column elementor-element elementor-element-e1a6d5c\" data-id=\"e1a6d5c\" data-element_type=\"column\">\n\t\t\t<div class=\"elementor-widget-wrap elementor-element-populated\">\n\t\t\t\t\t\t\t\t<div class=\"elementor-element elementor-element-feb4731 elementor-widget elementor-widget-breadcrumbs\" data-id=\"feb4731\" data-element_type=\"widget\" data-settings=\"{&quot;ekit_we_effect_on&quot;:&quot;none&quot;}\" data-widget_type=\"breadcrumbs.default\">\n\t\t\t\t<div class=\"elementor-widget-container\">\n\t\t\t<div id=\"breadcrumbs\"><span><span><a href=\"https:\/\/apprende.jalisco.gob.mx\/direccion-unidad-pedagogica-nacional\/\">Inicio<\/a><\/span><\/span><\/div>\t\t<\/div>\n\t\t\t\t<\/div>\n\t\t\t\t\t<\/div>\n\t\t<\/div>\n\t\t\t\t\t\t\t<\/div>\n\t\t<\/section>\n\t\t\t\t<section class=\"elementor-section elementor-top-section elementor-element elementor-element-f598b9d elementor-section-boxed elementor-section-height-default elementor-section-height-default\" data-id=\"f598b9d\" data-element_type=\"section\" data-settings=\"{&quot;ekit_has_onepagescroll_dot&quot;:&quot;yes&quot;}\">\n\t\t\t\t\t\t<div class=\"elementor-container elementor-column-gap-default\">\n\t\t\t\t\t<div class=\"elementor-column elementor-col-100 elementor-top-column elementor-element elementor-element-4e47999\" data-id=\"4e47999\" data-element_type=\"column\">\n\t\t\t<div class=\"elementor-widget-wrap elementor-element-populated\">\n\t\t\t\t\t\t\t\t<div class=\"elementor-element elementor-element-19eac19 elementor-widget elementor-widget-heading\" data-id=\"19eac19\" data-element_type=\"widget\" data-settings=\"{&quot;ekit_we_effect_on&quot;:&quot;none&quot;}\" data-widget_type=\"heading.default\">\n\t\t\t\t<div class=\"elementor-widget-container\">\n\t\t\t<h2 class=\"elementor-heading-title elementor-size-default\">Matr\u00edcula Escolar<\/h2>\t\t<\/div>\n\t\t\t\t<\/div>\n\t\t\t\t<section class=\"elementor-section elementor-inner-section elementor-element elementor-element-3a3f935 elementor-section-boxed elementor-section-height-default elementor-section-height-default\" data-id=\"3a3f935\" data-element_type=\"section\" id=\"ajedrez\" data-settings=\"{&quot;ekit_has_onepagescroll_dot&quot;:&quot;yes&quot;}\">\n\t\t\t\t\t\t<div class=\"elementor-container elementor-column-gap-default\">\n\t\t\t\t\t<div class=\"elementor-column elementor-col-100 elementor-inner-column elementor-element elementor-element-53890f7\" data-id=\"53890f7\" data-element_type=\"column\">\n\t\t\t<div class=\"elementor-widget-wrap elementor-element-populated\">\n\t\t\t\t\t\t\t\t<div class=\"elementor-element elementor-element-1991e74 elementor-widget elementor-widget-text-editor\" data-id=\"1991e74\" data-element_type=\"widget\" data-settings=\"{&quot;ekit_we_effect_on&quot;:&quot;none&quot;}\" data-widget_type=\"text-editor.default\">\n\t\t\t\t<div class=\"elementor-widget-container\">\n\t\t\t\t\t\t\t<table border=\"2\" cellspacing=\"0\" cellpadding=\"0\">\n<tbody>\n<tr>\n<td><\/td>\n<td>UNIDAD 141<\/td>\n<td>UNIDAD 142<\/td>\n<td>UNIDAD 143<\/td>\n<td>UNIDAD 144<\/td>\n<td>UNIDAD 145<\/td>\n<\/tr>\n<tr>\n<td>\n<p align=\"center\">PROGRAMAS EDUCATIVOS<\/p>\n<\/td>\n<td colspan=\"5\">\n<p align=\"center\">Cantidad de alumnos por unidad<\/p>\n<\/td>\n<\/tr>\n<tr>\n<td>(LE\u00b494) Lic. En educaci\u00f3n plan 94<\/td>\n<td colspan=\"5\">\n<p align=\"center\">SOLO TITULACI\u00d3N EN CADA UNIDAD<\/p>\n<\/td>\n<\/tr>\n<tr>\n<td>(LIE) Lic. En intervenci\u00f3n educativa<\/td>\n<td>0<\/td>\n<td>224<\/td>\n<td>90<\/td>\n<td>240<\/td>\n<td>125<\/td>\n<\/tr>\n<tr>\n<td>(LP) Lic. En pedagog\u00eda<\/td>\n<td>98<\/td>\n<td>187<\/td>\n<td>119<\/td>\n<td>220<\/td>\n<td>209<\/td>\n<\/tr>\n<tr>\n<td>Lic. En educaci\u00f3n secundaria<\/td>\n<td>0<\/td>\n<td>15<\/td>\n<td>0<\/td>\n<td>0<\/td>\n<\/tr>\n<tr>\n<td>(LEIP) Lic. En educaci\u00f3n inicial y preescolar<\/td>\n<td>3<\/td>\n<td>155<\/td>\n<td>0<\/td>\n<td>0<\/td>\n<td>18<\/td>\n<\/tr>\n<tr>\n<td>Lic. En educaci\u00f3n primaria<\/td>\n<td>&lt;p<\/td>\n<td>67<\/td>\n<td>0<\/td>\n<td>0<\/td>\n<td>16<\/td>\n<\/tr>\n<tr>\n<td>Especialidad estudios de g\u00e9nero en educaci\u00f3n<\/td>\n<td>14<\/td>\n<td>0<\/td>\n<td>0<\/td>\n<td>0<\/td>\n<td>0<\/td>\n<\/tr>\n<tr>\n<td>(MEB) maestr\u00eda en educaci\u00f3n b\u00e1sica<\/td>\n<td>75<\/td>\n<td>103<\/td>\n<td>174<\/td>\n<td>50<\/td>\n<td>72<\/td>\n<\/tr>\n<tr>\n<td>(MEMS) maestr\u00eda en educaci\u00f3n media superior<\/td>\n<td>21<\/td>\n<td>9<\/td>\n<td>19<\/td>\n<td>20<\/td>\n<td>15<\/td>\n<\/tr>\n<tr>\n<td>(MEGSYC) Maestr\u00eda en estudios de g\u00e9nero, sociedad y cultura<\/td>\n<td>10<\/td>\n<td>0<\/td>\n<td>0<\/td>\n<td>0<\/td>\n<td>0<\/td>\n<\/tr>\n<\/tbody>\n<\/table>\t\t\t\t\t\t<\/div>\n\t\t\t\t<\/div>\n\t\t\t\t\t<\/div>\n\t\t<\/div>\n\t\t\t\t\t\t\t<\/div>\n\t\t<\/section>\n\t\t\t\t<div class=\"elementor-element elementor-element-1fbf7b1 elementor-widget elementor-widget-image\" data-id=\"1fbf7b1\" data-element_type=\"widget\" data-settings=\"{&quot;ekit_we_effect_on&quot;:&quot;none&quot;}\" data-widget_type=\"image.default\">\n\t\t\t\t<div class=\"elementor-widget-container\">\n\t\t\t\t\t\t\t\t\t\t\t\t\t\t\t<img decoding=\"async\" width=\"768\" height=\"496\" src=\"https:\/\/apprende.jalisco.gob.mx\/direccion-unidad-pedagogica-nacional\/wp-content\/uploads\/sites\/31\/2022\/10\/modulosupn-768x496-1.png\" class=\"attachment-large size-large wp-image-3664\" alt=\"\" srcset=\"https:\/\/apprende.jalisco.gob.mx\/direccion-unidad-pedagogica-nacional\/wp-content\/uploads\/sites\/31\/2022\/10\/modulosupn-768x496-1.png 768w, https:\/\/apprende.jalisco.gob.mx\/direccion-unidad-pedagogica-nacional\/wp-content\/uploads\/sites\/31\/2022\/10\/modulosupn-768x496-1-300x194.png 300w\" sizes=\"(max-width: 768px) 100vw, 768px\" \/>\t\t\t\t\t\t\t\t\t\t\t\t\t\t\t<\/div>\n\t\t\t\t<\/div>\n\t\t\t\t\t<\/div>\n\t\t<\/div>\n\t\t\t\t\t\t\t<\/div>\n\t\t<\/section>\n\t\t\t\t\t\t\t<\/div>\n\t\t","protected":false},"excerpt":{"rendered":"<p>UNIDAD 141 UNIDAD 142 UNIDAD 143 UNIDAD 144 UNIDAD 145 PROGRAMAS EDUCATIVOS Cantidad de alumnos por unidad (LE\u00b494) Lic. En educaci\u00f3n plan 94 SOLO TITULACI\u00d3N EN CADA UNIDAD (LIE) Lic. En intervenci\u00f3n educativa 0 224 90 240 125 (LP) Lic. En pedagog\u00eda 98 187 119 220 209 Lic. En educaci\u00f3n secundaria 0 15 0 0 &hellip;<\/p>\n<p class=\"read-more\"> <a class=\"\" href=\"https:\/\/apprende.jalisco.gob.mx\/direccion-unidad-pedagogica-nacional\/matricula-escolar\/\"> <span class=\"screen-reader-text\">Matr\u00edcula Escolar<\/span> Leer m\u00e1s &raquo;<\/a><\/p>\n","protected":false},"author":1,"featured_media":0,"parent":0,"menu_order":0,"comment_status":"closed","ping_status":"closed","template":"","meta":{"_monsterinsights_skip_tracking":false,"_monsterinsights_sitenote_active":false,"_monsterinsights_sitenote_note":"","_monsterinsights_sitenote_category":0,"site-sidebar-layout":"no-sidebar","site-content-layout":"page-builder","ast-site-content-layout":"","site-content-style":"default","site-sidebar-style":"default","ast-global-header-display":"","ast-banner-title-visibility":"","ast-main-header-display":"","ast-hfb-above-header-display":"","ast-hfb-below-header-display":"","ast-hfb-mobile-header-display":"","site-post-title":"disabled","ast-breadcrumbs-content":"","ast-featured-img":"disabled","footer-sml-layout":"","theme-transparent-header-meta":"","adv-header-id-meta":"","stick-header-meta":"","header-above-stick-meta":"","header-main-stick-meta":"","header-below-stick-meta":"","astra-migrate-meta-layouts":"","ep_exclude_from_search":false,"footnotes":""},"acf":[],"yoast_head":"<!-- This site is optimized with the Yoast SEO Premium plugin v17.7 (Yoast SEO v21.0) - https:\/\/yoast.com\/wordpress\/plugins\/seo\/ -->\n<title>Matr\u00edcula Escolar - Direcci\u00f3n de la UPN<\/title>\n<meta name=\"robots\" content=\"index, follow, max-snippet:-1, max-image-preview:large, max-video-preview:-1\" \/>\n<link rel=\"canonical\" href=\"https:\/\/apprende.jalisco.gob.mx\/direccion-unidad-pedagogica-nacional\/matricula-escolar\/\" \/>\n<meta property=\"og:locale\" content=\"es_MX\" \/>\n<meta property=\"og:type\" content=\"article\" \/>\n<meta property=\"og:title\" content=\"Matr\u00edcula Escolar\" \/>\n<meta property=\"og:description\" content=\"UNIDAD 141 UNIDAD 142 UNIDAD 143 UNIDAD 144 UNIDAD 145 PROGRAMAS EDUCATIVOS Cantidad de alumnos por unidad (LE\u00b494) Lic. En educaci\u00f3n plan 94 SOLO TITULACI\u00d3N EN CADA UNIDAD (LIE) Lic. En intervenci\u00f3n educativa 0 224 90 240 125 (LP) Lic. En pedagog\u00eda 98 187 119 220 209 Lic. En educaci\u00f3n secundaria 0 15 0 0 &hellip; Matr\u00edcula Escolar Leer m\u00e1s &raquo;\" \/>\n<meta property=\"og:url\" content=\"https:\/\/apprende.jalisco.gob.mx\/direccion-unidad-pedagogica-nacional\/matricula-escolar\/\" \/>\n<meta property=\"og:site_name\" content=\"Direcci\u00f3n de la UPN\" \/>\n<meta property=\"article:modified_time\" content=\"2023-02-27T16:48:29+00:00\" \/>\n<meta property=\"og:image\" content=\"https:\/\/recrea.jalisco.gob.mx\/direccion-unidad-pedagogica-nacional\/wp-content\/uploads\/sites\/31\/2022\/10\/modulosupn-768x496-1.png\" \/>\n<meta name=\"twitter:card\" content=\"summary_large_image\" \/>\n<meta name=\"twitter:label1\" content=\"Tiempo de lectura\" \/>\n\t<meta name=\"twitter:data1\" content=\"1 minuto\" \/>\n<script type=\"application\/ld+json\" class=\"yoast-schema-graph\">{\"@context\":\"https:\/\/schema.org\",\"@graph\":[{\"@type\":\"WebPage\",\"@id\":\"https:\/\/apprende.jalisco.gob.mx\/direccion-unidad-pedagogica-nacional\/matricula-escolar\/\",\"url\":\"https:\/\/apprende.jalisco.gob.mx\/direccion-unidad-pedagogica-nacional\/matricula-escolar\/\",\"name\":\"Matr\u00edcula Escolar - Direcci\u00f3n de la UPN\",\"isPartOf\":{\"@id\":\"https:\/\/apprende.jalisco.gob.mx\/direccion-unidad-pedagogica-nacional\/#website\"},\"datePublished\":\"2022-09-27T18:03:54+00:00\",\"dateModified\":\"2023-02-27T16:48:29+00:00\",\"breadcrumb\":{\"@id\":\"https:\/\/apprende.jalisco.gob.mx\/direccion-unidad-pedagogica-nacional\/matricula-escolar\/#breadcrumb\"},\"inLanguage\":\"es-MX\",\"potentialAction\":[{\"@type\":\"ReadAction\",\"target\":[\"https:\/\/apprende.jalisco.gob.mx\/direccion-unidad-pedagogica-nacional\/matricula-escolar\/\"]}]},{\"@type\":\"BreadcrumbList\",\"@id\":\"https:\/\/apprende.jalisco.gob.mx\/direccion-unidad-pedagogica-nacional\/matricula-escolar\/#breadcrumb\",\"itemListElement\":[{\"@type\":\"ListItem\",\"position\":1,\"name\":\"Inicio\",\"item\":\"https:\/\/apprende.jalisco.gob.mx\/direccion-unidad-pedagogica-nacional\/\"},{\"@type\":\"ListItem\",\"position\":2,\"name\":\"Matr\u00edcula Escolar\"}]},{\"@type\":\"WebSite\",\"@id\":\"https:\/\/apprende.jalisco.gob.mx\/direccion-unidad-pedagogica-nacional\/#website\",\"url\":\"https:\/\/apprende.jalisco.gob.mx\/direccion-unidad-pedagogica-nacional\/\",\"name\":\"Direcci\u00f3n de la UPN\",\"description\":\"Micrositio\",\"publisher\":{\"@id\":\"https:\/\/apprende.jalisco.gob.mx\/direccion-unidad-pedagogica-nacional\/#organization\"},\"potentialAction\":[{\"@type\":\"SearchAction\",\"target\":{\"@type\":\"EntryPoint\",\"urlTemplate\":\"https:\/\/apprende.jalisco.gob.mx\/direccion-unidad-pedagogica-nacional\/?s={search_term_string}\"},\"query-input\":\"required name=search_term_string\"}],\"inLanguage\":\"es-MX\"},{\"@type\":\"Organization\",\"@id\":\"https:\/\/apprende.jalisco.gob.mx\/direccion-unidad-pedagogica-nacional\/#organization\",\"name\":\"Direcci\u00f3n de la UPN\",\"url\":\"https:\/\/apprende.jalisco.gob.mx\/direccion-unidad-pedagogica-nacional\/\",\"logo\":{\"@type\":\"ImageObject\",\"inLanguage\":\"es-MX\",\"@id\":\"https:\/\/apprende.jalisco.gob.mx\/direccion-unidad-pedagogica-nacional\/#\/schema\/logo\/image\/\",\"url\":\"https:\/\/apprende.jalisco.gob.mx\/direccion-unidad-pedagogica-nacional\/wp-content\/uploads\/sites\/31\/2022\/03\/logo-Educacion2025.png\",\"contentUrl\":\"https:\/\/apprende.jalisco.gob.mx\/direccion-unidad-pedagogica-nacional\/wp-content\/uploads\/sites\/31\/2022\/03\/logo-Educacion2025.png\",\"width\":427,\"height\":108,\"caption\":\"Direcci\u00f3n de la UPN\"},\"image\":{\"@id\":\"https:\/\/apprende.jalisco.gob.mx\/direccion-unidad-pedagogica-nacional\/#\/schema\/logo\/image\/\"}}]}<\/script>\n<!-- \/ Yoast SEO Premium plugin. -->","yoast_head_json":{"title":"Matr\u00edcula Escolar - Direcci\u00f3n de la UPN","robots":{"index":"index","follow":"follow","max-snippet":"max-snippet:-1","max-image-preview":"max-image-preview:large","max-video-preview":"max-video-preview:-1"},"canonical":"https:\/\/apprende.jalisco.gob.mx\/direccion-unidad-pedagogica-nacional\/matricula-escolar\/","og_locale":"es_MX","og_type":"article","og_title":"Matr\u00edcula Escolar","og_description":"UNIDAD 141 UNIDAD 142 UNIDAD 143 UNIDAD 144 UNIDAD 145 PROGRAMAS EDUCATIVOS Cantidad de alumnos por unidad (LE\u00b494) Lic. En educaci\u00f3n plan 94 SOLO TITULACI\u00d3N EN CADA UNIDAD (LIE) Lic. En intervenci\u00f3n educativa 0 224 90 240 125 (LP) Lic. En pedagog\u00eda 98 187 119 220 209 Lic. En educaci\u00f3n secundaria 0 15 0 0 &hellip; Matr\u00edcula Escolar Leer m\u00e1s &raquo;","og_url":"https:\/\/apprende.jalisco.gob.mx\/direccion-unidad-pedagogica-nacional\/matricula-escolar\/","og_site_name":"Direcci\u00f3n de la UPN","article_modified_time":"2023-02-27T16:48:29+00:00","og_image":[{"url":"https:\/\/recrea.jalisco.gob.mx\/direccion-unidad-pedagogica-nacional\/wp-content\/uploads\/sites\/31\/2022\/10\/modulosupn-768x496-1.png"}],"twitter_card":"summary_large_image","twitter_misc":{"Tiempo de lectura":"1 minuto"},"schema":{"@context":"https:\/\/schema.org","@graph":[{"@type":"WebPage","@id":"https:\/\/apprende.jalisco.gob.mx\/direccion-unidad-pedagogica-nacional\/matricula-escolar\/","url":"https:\/\/apprende.jalisco.gob.mx\/direccion-unidad-pedagogica-nacional\/matricula-escolar\/","name":"Matr\u00edcula Escolar - Direcci\u00f3n de la UPN","isPartOf":{"@id":"https:\/\/apprende.jalisco.gob.mx\/direccion-unidad-pedagogica-nacional\/#website"},"datePublished":"2022-09-27T18:03:54+00:00","dateModified":"2023-02-27T16:48:29+00:00","breadcrumb":{"@id":"https:\/\/apprende.jalisco.gob.mx\/direccion-unidad-pedagogica-nacional\/matricula-escolar\/#breadcrumb"},"inLanguage":"es-MX","potentialAction":[{"@type":"ReadAction","target":["https:\/\/apprende.jalisco.gob.mx\/direccion-unidad-pedagogica-nacional\/matricula-escolar\/"]}]},{"@type":"BreadcrumbList","@id":"https:\/\/apprende.jalisco.gob.mx\/direccion-unidad-pedagogica-nacional\/matricula-escolar\/#breadcrumb","itemListElement":[{"@type":"ListItem","position":1,"name":"Inicio","item":"https:\/\/apprende.jalisco.gob.mx\/direccion-unidad-pedagogica-nacional\/"},{"@type":"ListItem","position":2,"name":"Matr\u00edcula Escolar"}]},{"@type":"WebSite","@id":"https:\/\/apprende.jalisco.gob.mx\/direccion-unidad-pedagogica-nacional\/#website","url":"https:\/\/apprende.jalisco.gob.mx\/direccion-unidad-pedagogica-nacional\/","name":"Direcci\u00f3n de la UPN","description":"Micrositio","publisher":{"@id":"https:\/\/apprende.jalisco.gob.mx\/direccion-unidad-pedagogica-nacional\/#organization"},"potentialAction":[{"@type":"SearchAction","target":{"@type":"EntryPoint","urlTemplate":"https:\/\/apprende.jalisco.gob.mx\/direccion-unidad-pedagogica-nacional\/?s={search_term_string}"},"query-input":"required name=search_term_string"}],"inLanguage":"es-MX"},{"@type":"Organization","@id":"https:\/\/apprende.jalisco.gob.mx\/direccion-unidad-pedagogica-nacional\/#organization","name":"Direcci\u00f3n de la UPN","url":"https:\/\/apprende.jalisco.gob.mx\/direccion-unidad-pedagogica-nacional\/","logo":{"@type":"ImageObject","inLanguage":"es-MX","@id":"https:\/\/apprende.jalisco.gob.mx\/direccion-unidad-pedagogica-nacional\/#\/schema\/logo\/image\/","url":"https:\/\/apprende.jalisco.gob.mx\/direccion-unidad-pedagogica-nacional\/wp-content\/uploads\/sites\/31\/2022\/03\/logo-Educacion2025.png","contentUrl":"https:\/\/apprende.jalisco.gob.mx\/direccion-unidad-pedagogica-nacional\/wp-content\/uploads\/sites\/31\/2022\/03\/logo-Educacion2025.png","width":427,"height":108,"caption":"Direcci\u00f3n de la UPN"},"image":{"@id":"https:\/\/apprende.jalisco.gob.mx\/direccion-unidad-pedagogica-nacional\/#\/schema\/logo\/image\/"}}]}},"_links":{"self":[{"href":"https:\/\/apprende.jalisco.gob.mx\/direccion-unidad-pedagogica-nacional\/wp-json\/wp\/v2\/pages\/3348"}],"collection":[{"href":"https:\/\/apprende.jalisco.gob.mx\/direccion-unidad-pedagogica-nacional\/wp-json\/wp\/v2\/pages"}],"about":[{"href":"https:\/\/apprende.jalisco.gob.mx\/direccion-unidad-pedagogica-nacional\/wp-json\/wp\/v2\/types\/page"}],"author":[{"embeddable":true,"href":"https:\/\/apprende.jalisco.gob.mx\/direccion-unidad-pedagogica-nacional\/wp-json\/wp\/v2\/users\/1"}],"replies":[{"embeddable":true,"href":"https:\/\/apprende.jalisco.gob.mx\/direccion-unidad-pedagogica-nacional\/wp-json\/wp\/v2\/comments?post=3348"}],"version-history":[{"count":36,"href":"https:\/\/apprende.jalisco.gob.mx\/direccion-unidad-pedagogica-nacional\/wp-json\/wp\/v2\/pages\/3348\/revisions"}],"predecessor-version":[{"id":3700,"href":"https:\/\/apprende.jalisco.gob.mx\/direccion-unidad-pedagogica-nacional\/wp-json\/wp\/v2\/pages\/3348\/revisions\/3700"}],"wp:attachment":[{"href":"https:\/\/apprende.jalisco.gob.mx\/direccion-unidad-pedagogica-nacional\/wp-json\/wp\/v2\/media?parent=3348"}],"curies":[{"name":"wp","href":"https:\/\/api.w.org\/{rel}","templated":true}]}}