{"id":11,"date":"2022-03-17T18:40:56","date_gmt":"2022-03-17T18:40:56","guid":{"rendered":"https:\/\/apprende.jalisco.gob.mx\/formacion-del-caracter\/?page_id=11"},"modified":"2026-03-12T14:10:45","modified_gmt":"2026-03-12T20:10:45","slug":"inicio","status":"publish","type":"page","link":"https:\/\/apprende.jalisco.gob.mx\/formacion-del-caracter\/","title":{"rendered":"Inicio"},"content":{"rendered":"\t\t<div data-elementor-type=\"wp-page\" data-elementor-id=\"11\" class=\"elementor elementor-11\" data-elementor-post-type=\"page\">\n\t\t\t\t\t\t\t\t\t<section class=\"elementor-section elementor-top-section elementor-element elementor-element-de33298 elementor-section-full_width elementor-section-height-default elementor-section-height-default\" data-id=\"de33298\" data-element_type=\"section\" data-settings=\"{&quot;ekit_has_onepagescroll_dot&quot;:&quot;yes&quot;}\">\n\t\t\t\t\t\t<div class=\"elementor-container elementor-column-gap-default\">\n\t\t\t\t\t<div class=\"elementor-column elementor-col-100 elementor-top-column elementor-element elementor-element-234e37a\" data-id=\"234e37a\" data-element_type=\"column\">\n\t\t\t<div class=\"elementor-widget-wrap elementor-element-populated\">\n\t\t\t\t\t\t\t\t<div class=\"elementor-element elementor-element-6a66236 elementor--h-position-center elementor--v-position-middle elementor-arrows-position-inside elementor-pagination-position-inside elementor-widget elementor-widget-slides\" data-id=\"6a66236\" data-element_type=\"widget\" data-settings=\"{&quot;navigation&quot;:&quot;both&quot;,&quot;autoplay&quot;:&quot;yes&quot;,&quot;pause_on_hover&quot;:&quot;yes&quot;,&quot;pause_on_interaction&quot;:&quot;yes&quot;,&quot;autoplay_speed&quot;:5000,&quot;infinite&quot;:&quot;yes&quot;,&quot;transition&quot;:&quot;slide&quot;,&quot;transition_speed&quot;:500,&quot;ekit_we_effect_on&quot;:&quot;none&quot;}\" data-widget_type=\"slides.default\">\n\t\t\t\t<div class=\"elementor-widget-container\">\n\t\t\t\t\t<div class=\"elementor-swiper\">\n\t\t\t<div class=\"elementor-slides-wrapper elementor-main-swiper swiper-container\" dir=\"ltr\" data-animation=\"fadeInUp\">\n\t\t\t\t<div class=\"swiper-wrapper elementor-slides\">\n\t\t\t\t\t\t\t\t\t\t<div class=\"elementor-repeater-item-eaafd9a swiper-slide\"><div class=\"swiper-slide-bg\" role=\"img\"><\/div><div class=\"swiper-slide-inner\" ><div class=\"swiper-slide-contents\"><\/div><\/div><\/div>\t\t\t\t<\/div>\n\t\t\t\t\t\t\t<\/div>\n\t\t<\/div>\n\t\t\t\t<\/div>\n\t\t\t\t<\/div>\n\t\t\t\t<section class=\"elementor-section elementor-inner-section elementor-element elementor-element-6b326fc elementor-section-content-middle elementor-section-boxed elementor-section-height-default elementor-section-height-default\" data-id=\"6b326fc\" data-element_type=\"section\" data-settings=\"{&quot;ekit_has_onepagescroll_dot&quot;:&quot;yes&quot;}\">\n\t\t\t\t\t\t<div class=\"elementor-container elementor-column-gap-default\">\n\t\t\t\t\t<div class=\"elementor-column elementor-col-50 elementor-inner-column elementor-element elementor-element-2688c76\" data-id=\"2688c76\" data-element_type=\"column\">\n\t\t\t<div class=\"elementor-widget-wrap elementor-element-populated\">\n\t\t\t\t\t\t\t\t<div class=\"elementor-element elementor-element-60e5b1f elementor-widget-laptop__width-initial elementor-widget elementor-widget-text-editor\" data-id=\"60e5b1f\" data-element_type=\"widget\" data-settings=\"{&quot;ekit_we_effect_on&quot;:&quot;none&quot;}\" data-widget_type=\"text-editor.default\">\n\t\t\t\t<div class=\"elementor-widget-container\">\n\t\t\t\t\t\t\t<p>La <em>Formaci\u00f3n del Car\u00e1cter Al Estilo Jalisco<\/em> coloca al<strong> ser humano en el centro<\/strong>. Busca fortalecer virtudes que orientan la vida personal, escolar y comunitaria, <strong>construyendo ciudadan\u00eda responsable, emp\u00e1tica y participativa.<\/strong><\/p><p>Este espacio digital re\u00fane recursos materiales y experiencias que acompa\u00f1an a familias, maestras y maestros y estudiantes en este camino.<\/p>\t\t\t\t\t\t<\/div>\n\t\t\t\t<\/div>\n\t\t\t\t\t<\/div>\n\t\t<\/div>\n\t\t\t\t<div class=\"elementor-column elementor-col-50 elementor-inner-column elementor-element elementor-element-f88d4c1\" data-id=\"f88d4c1\" data-element_type=\"column\">\n\t\t\t<div class=\"elementor-widget-wrap elementor-element-populated\">\n\t\t\t\t\t\t\t\t<div class=\"elementor-element elementor-element-bce114a elementor-widget-laptop__width-initial elementor-widget elementor-widget-image\" data-id=\"bce114a\" data-element_type=\"widget\" data-settings=\"{&quot;ekit_we_effect_on&quot;:&quot;none&quot;}\" data-widget_type=\"image.default\">\n\t\t\t\t<div class=\"elementor-widget-container\">\n\t\t\t\t\t\t\t\t\t\t\t\t\t\t\t<img decoding=\"async\" width=\"300\" height=\"290\" src=\"https:\/\/apprende.jalisco.gob.mx\/formacion-del-caracter\/wp-content\/uploads\/sites\/61\/2025\/10\/VIRTUDES-300x290.png\" class=\"attachment-medium size-medium wp-image-3858\" alt=\"\" srcset=\"https:\/\/apprende.jalisco.gob.mx\/formacion-del-caracter\/wp-content\/uploads\/sites\/61\/2025\/10\/VIRTUDES-300x290.png 300w, https:\/\/apprende.jalisco.gob.mx\/formacion-del-caracter\/wp-content\/uploads\/sites\/61\/2025\/10\/VIRTUDES-768x741.png 768w, https:\/\/apprende.jalisco.gob.mx\/formacion-del-caracter\/wp-content\/uploads\/sites\/61\/2025\/10\/VIRTUDES.png 778w\" sizes=\"(max-width: 300px) 100vw, 300px\" \/>\t\t\t\t\t\t\t\t\t\t\t\t\t\t\t<\/div>\n\t\t\t\t<\/div>\n\t\t\t\t\t<\/div>\n\t\t<\/div>\n\t\t\t\t\t\t\t<\/div>\n\t\t<\/section>\n\t\t\t\t<section class=\"elementor-section elementor-inner-section elementor-element elementor-element-7182be1 elementor-section-content-middle elementor-section-boxed elementor-section-height-default elementor-section-height-default\" data-id=\"7182be1\" data-element_type=\"section\" data-settings=\"{&quot;background_background&quot;:&quot;classic&quot;,&quot;ekit_has_onepagescroll_dot&quot;:&quot;yes&quot;}\">\n\t\t\t\t\t\t<div class=\"elementor-container elementor-column-gap-default\">\n\t\t\t\t\t<div class=\"elementor-column elementor-col-100 elementor-inner-column elementor-element elementor-element-a1b5f36\" data-id=\"a1b5f36\" data-element_type=\"column\">\n\t\t\t<div class=\"elementor-widget-wrap elementor-element-populated\">\n\t\t\t\t\t\t\t\t<div class=\"elementor-element elementor-element-d56e005 elementor-widget elementor-widget-spacer\" data-id=\"d56e005\" data-element_type=\"widget\" data-settings=\"{&quot;ekit_we_effect_on&quot;:&quot;none&quot;}\" data-widget_type=\"spacer.default\">\n\t\t\t\t<div class=\"elementor-widget-container\">\n\t\t\t\t\t<div class=\"elementor-spacer\">\n\t\t\t<div class=\"elementor-spacer-inner\"><\/div>\n\t\t<\/div>\n\t\t\t\t<\/div>\n\t\t\t\t<\/div>\n\t\t\t\t<div class=\"elementor-element elementor-element-b898665 elementor-widget elementor-widget-heading\" data-id=\"b898665\" data-element_type=\"widget\" data-settings=\"{&quot;ekit_we_effect_on&quot;:&quot;none&quot;}\" data-widget_type=\"heading.default\">\n\t\t\t\t<div class=\"elementor-widget-container\">\n\t\t\t<h2 class=\"elementor-heading-title elementor-size-default\">Descubre el Marco de Trabajo<\/h2>\t\t<\/div>\n\t\t\t\t<\/div>\n\t\t\t\t<div class=\"elementor-element elementor-element-d992e2e elementor-widget-divider--view-line elementor-widget elementor-widget-divider\" data-id=\"d992e2e\" data-element_type=\"widget\" data-settings=\"{&quot;ekit_we_effect_on&quot;:&quot;none&quot;}\" data-widget_type=\"divider.default\">\n\t\t\t\t<div class=\"elementor-widget-container\">\n\t\t\t\t\t<div class=\"elementor-divider\">\n\t\t\t<span class=\"elementor-divider-separator\">\n\t\t\t\t\t\t<\/span>\n\t\t<\/div>\n\t\t\t\t<\/div>\n\t\t\t\t<\/div>\n\t\t\t\t\t<\/div>\n\t\t<\/div>\n\t\t\t\t\t\t\t<\/div>\n\t\t<\/section>\n\t\t\t\t<section class=\"elementor-section elementor-inner-section elementor-element elementor-element-4ee695c elementor-section-content-middle elementor-section-boxed elementor-section-height-default elementor-section-height-default\" data-id=\"4ee695c\" data-element_type=\"section\" data-settings=\"{&quot;background_background&quot;:&quot;classic&quot;,&quot;ekit_has_onepagescroll_dot&quot;:&quot;yes&quot;}\">\n\t\t\t\t\t\t<div class=\"elementor-container elementor-column-gap-default\">\n\t\t\t\t\t<div class=\"elementor-column elementor-col-50 elementor-inner-column elementor-element elementor-element-975bd4c\" data-id=\"975bd4c\" data-element_type=\"column\">\n\t\t\t<div class=\"elementor-widget-wrap elementor-element-populated\">\n\t\t\t\t\t\t\t\t<div class=\"elementor-element elementor-element-5d422b0 elementor-widget-laptop__width-initial elementor-widget elementor-widget-image\" data-id=\"5d422b0\" data-element_type=\"widget\" data-settings=\"{&quot;ekit_we_effect_on&quot;:&quot;none&quot;}\" data-widget_type=\"image.default\">\n\t\t\t\t<div class=\"elementor-widget-container\">\n\t\t\t\t\t\t\t\t\t\t\t\t\t\t\t\t<a href=\"https:\/\/apprende.jalisco.gob.mx\/formacion-del-caracter\/wp-content\/uploads\/sites\/61\/2026\/03\/FRAME20.pdf\" target=\"_blank\">\n\t\t\t\t\t\t\t<img decoding=\"async\" width=\"291\" height=\"300\" src=\"https:\/\/apprende.jalisco.gob.mx\/formacion-del-caracter\/wp-content\/uploads\/sites\/61\/2025\/11\/Recurso-15-291x300.png\" class=\"attachment-medium size-medium wp-image-4386\" alt=\"\" srcset=\"https:\/\/apprende.jalisco.gob.mx\/formacion-del-caracter\/wp-content\/uploads\/sites\/61\/2025\/11\/Recurso-15-291x300.png 291w, https:\/\/apprende.jalisco.gob.mx\/formacion-del-caracter\/wp-content\/uploads\/sites\/61\/2025\/11\/Recurso-15-995x1024.png 995w, https:\/\/apprende.jalisco.gob.mx\/formacion-del-caracter\/wp-content\/uploads\/sites\/61\/2025\/11\/Recurso-15-768x791.png 768w, https:\/\/apprende.jalisco.gob.mx\/formacion-del-caracter\/wp-content\/uploads\/sites\/61\/2025\/11\/Recurso-15-1492x1536.png 1492w, https:\/\/apprende.jalisco.gob.mx\/formacion-del-caracter\/wp-content\/uploads\/sites\/61\/2025\/11\/Recurso-15-1989x2048.png 1989w\" sizes=\"(max-width: 291px) 100vw, 291px\" \/>\t\t\t\t\t\t\t\t<\/a>\n\t\t\t\t\t\t\t\t\t\t\t\t\t\t\t<\/div>\n\t\t\t\t<\/div>\n\t\t\t\t\t<\/div>\n\t\t<\/div>\n\t\t\t\t<div class=\"elementor-column elementor-col-50 elementor-inner-column elementor-element elementor-element-d6a23c3\" data-id=\"d6a23c3\" data-element_type=\"column\">\n\t\t\t<div class=\"elementor-widget-wrap elementor-element-populated\">\n\t\t\t\t\t\t\t\t<div class=\"elementor-element elementor-element-0c86873 elementor-widget-laptop__width-initial elementor-widget elementor-widget-text-editor\" data-id=\"0c86873\" data-element_type=\"widget\" data-settings=\"{&quot;ekit_we_effect_on&quot;:&quot;none&quot;}\" data-widget_type=\"text-editor.default\">\n\t\t\t\t<div class=\"elementor-widget-container\">\n\t\t\t\t\t\t\t<p>Este documento comparte la visi\u00f3n que orienta la Formaci\u00f3n del Car\u00e1cter Al Estilo Jalisco. Explica qu\u00e9 entendemos por car\u00e1cter y por qu\u00e9 es esencial en la vida escolar y social. A partir de esta visi\u00f3n,\u00a0<strong>brinda los fundamentos para dise\u00f1ar acciones y estrategias que fortalezcan las virtudes<\/strong>\u00a0y promuevan una convivencia basada en el respeto y el bien com\u00fan.<\/p>\t\t\t\t\t\t<\/div>\n\t\t\t\t<\/div>\n\t\t\t\t\t<\/div>\n\t\t<\/div>\n\t\t\t\t\t\t\t<\/div>\n\t\t<\/section>\n\t\t\t\t\t<\/div>\n\t\t<\/div>\n\t\t\t\t\t\t\t<\/div>\n\t\t<\/section>\n\t\t\t\t<section class=\"elementor-section elementor-top-section elementor-element elementor-element-20ba74a elementor-section-boxed elementor-section-height-default elementor-section-height-default elementor-invisible\" data-id=\"20ba74a\" data-element_type=\"section\" id=\"caracter\" data-settings=\"{&quot;animation&quot;:&quot;fadeInUp&quot;,&quot;ekit_has_onepagescroll_dot&quot;:&quot;yes&quot;}\">\n\t\t\t\t\t\t<div class=\"elementor-container elementor-column-gap-default\">\n\t\t\t\t\t<div class=\"elementor-column elementor-col-100 elementor-top-column elementor-element elementor-element-722e868\" data-id=\"722e868\" data-element_type=\"column\">\n\t\t\t<div class=\"elementor-widget-wrap elementor-element-populated\">\n\t\t\t\t\t\t\t\t<div class=\"elementor-element elementor-element-e4f61e0 elementor-widget elementor-widget-heading\" data-id=\"e4f61e0\" data-element_type=\"widget\" data-settings=\"{&quot;ekit_we_effect_on&quot;:&quot;none&quot;}\" data-widget_type=\"heading.default\">\n\t\t\t\t<div class=\"elementor-widget-container\">\n\t\t\t<h2 class=\"elementor-heading-title elementor-size-default\">Consulta<\/h2>\t\t<\/div>\n\t\t\t\t<\/div>\n\t\t\t\t<div class=\"elementor-element elementor-element-3878a1f elementor-widget-divider--view-line elementor-widget elementor-widget-divider\" data-id=\"3878a1f\" data-element_type=\"widget\" data-settings=\"{&quot;ekit_we_effect_on&quot;:&quot;none&quot;}\" data-widget_type=\"divider.default\">\n\t\t\t\t<div class=\"elementor-widget-container\">\n\t\t\t\t\t<div class=\"elementor-divider\">\n\t\t\t<span class=\"elementor-divider-separator\">\n\t\t\t\t\t\t<\/span>\n\t\t<\/div>\n\t\t\t\t<\/div>\n\t\t\t\t<\/div>\n\t\t\t\t<section class=\"elementor-section elementor-inner-section elementor-element elementor-element-9deb7e9 elementor-section-boxed elementor-section-height-default elementor-section-height-default\" data-id=\"9deb7e9\" data-element_type=\"section\" data-settings=\"{&quot;ekit_has_onepagescroll_dot&quot;:&quot;yes&quot;}\">\n\t\t\t\t\t\t<div class=\"elementor-container elementor-column-gap-default\">\n\t\t\t\t\t<div class=\"elementor-column elementor-col-25 elementor-inner-column elementor-element elementor-element-29f31b1\" data-id=\"29f31b1\" data-element_type=\"column\">\n\t\t\t<div class=\"elementor-widget-wrap elementor-element-populated\">\n\t\t\t\t\t\t\t\t<div class=\"elementor-element elementor-element-f9d0ef1 elementor-position-top elementor-widget elementor-widget-image-box\" data-id=\"f9d0ef1\" data-element_type=\"widget\" data-settings=\"{&quot;ekit_we_effect_on&quot;:&quot;none&quot;}\" data-widget_type=\"image-box.default\">\n\t\t\t\t<div class=\"elementor-widget-container\">\n\t\t\t<div class=\"elementor-image-box-wrapper\"><figure class=\"elementor-image-box-img\"><a href=\"https:\/\/apprende.jalisco.gob.mx\/formacion-del-caracter\/familias\/\" target=\"_blank\"><img decoding=\"async\" width=\"150\" height=\"150\" src=\"https:\/\/apprende.jalisco.gob.mx\/formacion-del-caracter\/wp-content\/uploads\/sites\/61\/2025\/10\/familia-150x150.png\" class=\"attachment-thumbnail size-thumbnail wp-image-3717\" alt=\"\" srcset=\"https:\/\/apprende.jalisco.gob.mx\/formacion-del-caracter\/wp-content\/uploads\/sites\/61\/2025\/10\/familia-150x150.png 150w, https:\/\/apprende.jalisco.gob.mx\/formacion-del-caracter\/wp-content\/uploads\/sites\/61\/2025\/10\/familia-300x300.png 300w, https:\/\/apprende.jalisco.gob.mx\/formacion-del-caracter\/wp-content\/uploads\/sites\/61\/2025\/10\/familia.png 512w\" sizes=\"(max-width: 150px) 100vw, 150px\" \/><\/a><\/figure><div class=\"elementor-image-box-content\"><div class=\"elementor-image-box-title\"><a href=\"https:\/\/apprende.jalisco.gob.mx\/formacion-del-caracter\/familias\/\" target=\"_blank\">Familias<\/a><\/div><\/div><\/div>\t\t<\/div>\n\t\t\t\t<\/div>\n\t\t\t\t\t<\/div>\n\t\t<\/div>\n\t\t\t\t<div class=\"elementor-column elementor-col-25 elementor-inner-column elementor-element elementor-element-7821c30\" data-id=\"7821c30\" data-element_type=\"column\">\n\t\t\t<div class=\"elementor-widget-wrap elementor-element-populated\">\n\t\t\t\t\t\t\t\t<div class=\"elementor-element elementor-element-1014fce elementor-position-top elementor-widget elementor-widget-image-box\" data-id=\"1014fce\" data-element_type=\"widget\" data-settings=\"{&quot;ekit_we_effect_on&quot;:&quot;none&quot;}\" data-widget_type=\"image-box.default\">\n\t\t\t\t<div class=\"elementor-widget-container\">\n\t\t\t<div class=\"elementor-image-box-wrapper\"><figure class=\"elementor-image-box-img\"><a href=\"https:\/\/apprende.jalisco.gob.mx\/formacion-del-caracter\/personalsej\/\" target=\"_blank\"><img decoding=\"async\" width=\"150\" height=\"150\" src=\"https:\/\/apprende.jalisco.gob.mx\/formacion-del-caracter\/wp-content\/uploads\/sites\/61\/2022\/09\/Recrea-y-comparte-150x150.png\" class=\"attachment-thumbnail size-thumbnail wp-image-2922\" alt=\"\" srcset=\"https:\/\/apprende.jalisco.gob.mx\/formacion-del-caracter\/wp-content\/uploads\/sites\/61\/2022\/09\/Recrea-y-comparte-150x150.png 150w, https:\/\/apprende.jalisco.gob.mx\/formacion-del-caracter\/wp-content\/uploads\/sites\/61\/2022\/09\/Recrea-y-comparte-300x300.png 300w, https:\/\/apprende.jalisco.gob.mx\/formacion-del-caracter\/wp-content\/uploads\/sites\/61\/2022\/09\/Recrea-y-comparte.png 512w\" sizes=\"(max-width: 150px) 100vw, 150px\" \/><\/a><\/figure><div class=\"elementor-image-box-content\"><div class=\"elementor-image-box-title\"><a href=\"https:\/\/apprende.jalisco.gob.mx\/formacion-del-caracter\/personalsej\/\" target=\"_blank\">Personal de la SEJ<\/a><\/div><\/div><\/div>\t\t<\/div>\n\t\t\t\t<\/div>\n\t\t\t\t\t<\/div>\n\t\t<\/div>\n\t\t\t\t<div class=\"elementor-column elementor-col-25 elementor-inner-column elementor-element elementor-element-4a52868\" data-id=\"4a52868\" data-element_type=\"column\">\n\t\t\t<div class=\"elementor-widget-wrap elementor-element-populated\">\n\t\t\t\t\t\t\t\t<div class=\"elementor-element elementor-element-2dab917 elementor-position-top elementor-widget elementor-widget-image-box\" data-id=\"2dab917\" data-element_type=\"widget\" data-settings=\"{&quot;ekit_we_effect_on&quot;:&quot;none&quot;}\" data-widget_type=\"image-box.default\">\n\t\t\t\t<div class=\"elementor-widget-container\">\n\t\t\t<div class=\"elementor-image-box-wrapper\"><figure class=\"elementor-image-box-img\"><a href=\"https:\/\/apprende.jalisco.gob.mx\/formacion-del-caracter\/estudiantes\/\" target=\"_blank\"><img decoding=\"async\" width=\"150\" height=\"150\" src=\"https:\/\/apprende.jalisco.gob.mx\/formacion-del-caracter\/wp-content\/uploads\/sites\/61\/2025\/10\/estuadiantes-150x150.png\" class=\"attachment-thumbnail size-thumbnail wp-image-3718\" alt=\"\" srcset=\"https:\/\/apprende.jalisco.gob.mx\/formacion-del-caracter\/wp-content\/uploads\/sites\/61\/2025\/10\/estuadiantes-150x150.png 150w, https:\/\/apprende.jalisco.gob.mx\/formacion-del-caracter\/wp-content\/uploads\/sites\/61\/2025\/10\/estuadiantes-300x300.png 300w, https:\/\/apprende.jalisco.gob.mx\/formacion-del-caracter\/wp-content\/uploads\/sites\/61\/2025\/10\/estuadiantes.png 512w\" sizes=\"(max-width: 150px) 100vw, 150px\" \/><\/a><\/figure><div class=\"elementor-image-box-content\"><div class=\"elementor-image-box-title\"><a href=\"https:\/\/apprende.jalisco.gob.mx\/formacion-del-caracter\/estudiantes\/\" target=\"_blank\">Estudiantes<\/a><\/div><\/div><\/div>\t\t<\/div>\n\t\t\t\t<\/div>\n\t\t\t\t\t<\/div>\n\t\t<\/div>\n\t\t\t\t<div class=\"elementor-column elementor-col-25 elementor-inner-column elementor-element elementor-element-f0f66e3\" data-id=\"f0f66e3\" data-element_type=\"column\">\n\t\t\t<div class=\"elementor-widget-wrap elementor-element-populated\">\n\t\t\t\t\t\t\t\t<div class=\"elementor-element elementor-element-6b786de elementor-position-top elementor-widget elementor-widget-image-box\" data-id=\"6b786de\" data-element_type=\"widget\" data-settings=\"{&quot;ekit_we_effect_on&quot;:&quot;none&quot;}\" data-widget_type=\"image-box.default\">\n\t\t\t\t<div class=\"elementor-widget-container\">\n\t\t\t<div class=\"elementor-image-box-wrapper\"><figure class=\"elementor-image-box-img\"><a href=\"https:\/\/apprende.jalisco.gob.mx\/formacion-del-caracter\/programa\/\" target=\"_blank\"><img decoding=\"async\" width=\"150\" height=\"150\" src=\"https:\/\/apprende.jalisco.gob.mx\/formacion-del-caracter\/wp-content\/uploads\/sites\/61\/2025\/08\/si-mejora-150x150-1.png\" class=\"attachment-thumbnail size-thumbnail wp-image-3324\" alt=\"\" \/><\/a><\/figure><div class=\"elementor-image-box-content\"><div class=\"elementor-image-box-title\"><a href=\"https:\/\/apprende.jalisco.gob.mx\/formacion-del-caracter\/programa\/\" target=\"_blank\">Programa<\/a><\/div><\/div><\/div>\t\t<\/div>\n\t\t\t\t<\/div>\n\t\t\t\t\t<\/div>\n\t\t<\/div>\n\t\t\t\t\t\t\t<\/div>\n\t\t<\/section>\n\t\t\t\t<div class=\"elementor-element elementor-element-a9fef26 elementor-widget elementor-widget-heading\" data-id=\"a9fef26\" data-element_type=\"widget\" data-settings=\"{&quot;ekit_we_effect_on&quot;:&quot;none&quot;}\" data-widget_type=\"heading.default\">\n\t\t\t\t<div class=\"elementor-widget-container\">\n\t\t\t<h2 class=\"elementor-heading-title elementor-size-default\">Fundamentos<\/h2>\t\t<\/div>\n\t\t\t\t<\/div>\n\t\t\t\t<div class=\"elementor-element elementor-element-9669648 elementor-widget-divider--view-line elementor-widget elementor-widget-divider\" data-id=\"9669648\" data-element_type=\"widget\" data-settings=\"{&quot;ekit_we_effect_on&quot;:&quot;none&quot;}\" data-widget_type=\"divider.default\">\n\t\t\t\t<div class=\"elementor-widget-container\">\n\t\t\t\t\t<div class=\"elementor-divider\">\n\t\t\t<span class=\"elementor-divider-separator\">\n\t\t\t\t\t\t<\/span>\n\t\t<\/div>\n\t\t\t\t<\/div>\n\t\t\t\t<\/div>\n\t\t\t\t<div class=\"elementor-element elementor-element-c52bd6d elementor-hidden-mobile elementor-hidden-desktop elementor-hidden-laptop elementor-hidden-tablet elementor--h-position-center elementor--v-position-middle elementor-arrows-position-inside elementor-pagination-position-inside elementor-widget elementor-widget-slides\" data-id=\"c52bd6d\" data-element_type=\"widget\" data-settings=\"{&quot;navigation&quot;:&quot;both&quot;,&quot;autoplay&quot;:&quot;yes&quot;,&quot;pause_on_hover&quot;:&quot;yes&quot;,&quot;pause_on_interaction&quot;:&quot;yes&quot;,&quot;autoplay_speed&quot;:5000,&quot;infinite&quot;:&quot;yes&quot;,&quot;transition&quot;:&quot;slide&quot;,&quot;transition_speed&quot;:500,&quot;ekit_we_effect_on&quot;:&quot;none&quot;}\" data-widget_type=\"slides.default\">\n\t\t\t\t<div class=\"elementor-widget-container\">\n\t\t\t\t\t<div class=\"elementor-swiper\">\n\t\t\t<div class=\"elementor-slides-wrapper elementor-main-swiper swiper-container\" dir=\"ltr\" data-animation=\"fadeInDown\">\n\t\t\t\t<div class=\"swiper-wrapper elementor-slides\">\n\t\t\t\t\t\t\t\t\t\t<div class=\"elementor-repeater-item-b83f368 swiper-slide\"><div class=\"swiper-slide-bg\" role=\"img\"><\/div><div class=\"swiper-slide-inner\" ><div class=\"swiper-slide-contents\"><div class=\"elementor-slide-heading\">\u00bfQu\u00e9 es el car\u00e1cter?<\/div><div class=\"elementor-slide-description\">El car\u00e1cter es el conjunto de disposiciones estables que gu\u00edan c\u00f3mo pensamos, sentimos y actuamos. Se cultiva d\u00eda a d\u00eda mediante h\u00e1bitos, v\u00ednculos y experiencias que nos orientan al bien com\u00fan. Formarlo es educar personas \u00edntegras, libres y responsables.<\/div><\/div><\/div><\/div><div class=\"elementor-repeater-item-b13b339 swiper-slide\"><div class=\"swiper-slide-bg\" role=\"img\"><\/div><div class=\"swiper-slide-inner\" ><div class=\"swiper-slide-contents\"><div class=\"elementor-slide-heading\"> \u00bfPor qu\u00e9 formar el car\u00e1cter?<\/div><div class=\"elementor-slide-description\">Porque educar no es solo transmitir conocimientos: es formar personas capaces de transformar su entorno. La formaci\u00f3n del car\u00e1cter fortalece la convivencia democr\u00e1tica, la autonom\u00eda, la solidaridad y el sentido \u00e9tico. Es el coraz\u00f3n que da vida al aprendizaje.<\/div><\/div><\/div><\/div><div class=\"elementor-repeater-item-49c2408 swiper-slide\"><div class=\"swiper-slide-bg\" role=\"img\"><\/div><div class=\"swiper-slide-inner\" ><div class=\"swiper-slide-contents\"><div class=\"elementor-slide-heading\">Formas de cultivar el car\u00e1cter<\/div><div class=\"elementor-slide-description\"><p style=\"text-align: left;\">\n<strong>*  Por el ejemplo: <\/strong> Cuando la cultura adulta inspira y modela virtudes.<\/br>\n<strong>*  Por el curr\u00edculo:<\/strong>  Cuando la ense\u00f1anza intencionada, tanto formal como informal, integra las virtudes en la experiencia educativa<\/br>\n<strong>* Por compromiso personal: <\/strong> Cuando las virtudes se vuelven una decisi\u00f3n cotidiana que da forma a qui\u00e9nes somos.<\/p>\n<\/div><\/div><\/div><\/div><div class=\"elementor-repeater-item-fa26bba swiper-slide\"><div class=\"swiper-slide-bg\" role=\"img\"><\/div><div class=\"swiper-slide-inner\" ><div class=\"swiper-slide-contents\"><div class=\"elementor-slide-heading\">Dimensiones de la formaci\u00f3n del car\u00e1cter<\/div><div class=\"elementor-slide-description\"><p style=\"text-align: left;\">\n\n<strong>Intelectual:<\/strong> estimula la mente cr\u00edtica, reflexiva y creativa.<br>\n<strong>\u00c9tica: <\/strong>gu\u00eda nuestras decisiones hacia lo correcto y justo.<br>\n<strong>C\u00edvica: <\/strong>fortalece la responsabilidad y la participaci\u00f3n democr\u00e1tica.<br>\n<strong>Desempe\u00f1o:<\/strong> impulsa la constancia, la excelencia y la agencia personal. <br>\n<br>\n<p style=\"text-align: rigth\">(En el men\u00fa \u201cVirtudes\u201d podr\u00e1s explorar el glosario por dimensi\u00f3n y acceder a materiales audiovisuales para trabajarlas en la escuela y en casa.)<\/p>\n<\/div><\/div><\/div><\/div><div class=\"elementor-repeater-item-592fb9a swiper-slide\"><div class=\"swiper-slide-bg\" role=\"img\"><\/div><div class=\"swiper-slide-inner\" ><div class=\"swiper-slide-contents\"><div class=\"elementor-slide-heading\">Virtudes<\/div><div class=\"elementor-slide-description\"><p style=\"text-align: left;\">Las virtudes son cualidades \u00e9ticas, cognitivas y emocionales que se cultivan con h\u00e1bitos, v\u00ednculos y experiencias. Por ejemplo, la honestidad se fortalece cuando decimos la verdad incluso si cuesta; la empat\u00eda, cuando escuchamos de verdad a otros.<\/p><BR>\n<p style=\"text-align: right,\">(En el men\u00fa \u201cEducaci\u00f3n\u201d encontrar\u00e1s acciones, fichas de trabajo, recursos y acceso al curso autogestivo.)<\/p><\/div><\/div><\/div><\/div>\t\t\t\t<\/div>\n\t\t\t\t\t\t\t\t\t\t\t\t\t\t\t<div class=\"swiper-pagination\"><\/div>\n\t\t\t\t\t\t\t\t\t\t\t\t\t\t\t\t<div class=\"elementor-swiper-button elementor-swiper-button-prev\" role=\"button\" tabindex=\"0\">\n\t\t\t\t\t\t\t<i aria-hidden=\"true\" class=\"eicon-chevron-left\"><\/i>\t\t\t\t\t\t\t<span class=\"elementor-screen-only\">Previous slide<\/span>\n\t\t\t\t\t\t<\/div>\n\t\t\t\t\t\t<div class=\"elementor-swiper-button elementor-swiper-button-next\" role=\"button\" tabindex=\"0\">\n\t\t\t\t\t\t\t<i aria-hidden=\"true\" class=\"eicon-chevron-right\"><\/i>\t\t\t\t\t\t\t<span class=\"elementor-screen-only\">Next slide<\/span>\n\t\t\t\t\t\t<\/div>\n\t\t\t\t\t\t\t\t\t\t\t\t<\/div>\n\t\t<\/div>\n\t\t\t\t<\/div>\n\t\t\t\t<\/div>\n\t\t\t\t<div class=\"elementor-element elementor-element-6703c1d elementor-hidden-mobile elementor--h-position-center elementor--v-position-middle elementor-arrows-position-inside elementor-pagination-position-inside elementor-widget elementor-widget-slides\" data-id=\"6703c1d\" data-element_type=\"widget\" data-settings=\"{&quot;navigation&quot;:&quot;both&quot;,&quot;autoplay&quot;:&quot;yes&quot;,&quot;pause_on_hover&quot;:&quot;yes&quot;,&quot;pause_on_interaction&quot;:&quot;yes&quot;,&quot;autoplay_speed&quot;:5000,&quot;infinite&quot;:&quot;yes&quot;,&quot;transition&quot;:&quot;slide&quot;,&quot;transition_speed&quot;:500,&quot;ekit_we_effect_on&quot;:&quot;none&quot;}\" data-widget_type=\"slides.default\">\n\t\t\t\t<div class=\"elementor-widget-container\">\n\t\t\t\t\t<div class=\"elementor-swiper\">\n\t\t\t<div class=\"elementor-slides-wrapper elementor-main-swiper swiper-container\" dir=\"ltr\" data-animation=\"fadeInUp\">\n\t\t\t\t<div class=\"swiper-wrapper elementor-slides\">\n\t\t\t\t\t\t\t\t\t\t<div class=\"elementor-repeater-item-84ba0b8 swiper-slide\"><div class=\"swiper-slide-bg\" role=\"img\"><\/div><div class=\"swiper-slide-inner\" ><div class=\"swiper-slide-contents\"><\/div><\/div><\/div><div class=\"elementor-repeater-item-cfab7ef swiper-slide\"><div class=\"swiper-slide-bg\" role=\"img\"><\/div><div class=\"swiper-slide-inner\" ><div class=\"swiper-slide-contents\"><\/div><\/div><\/div><div class=\"elementor-repeater-item-e05860c swiper-slide\"><div class=\"swiper-slide-bg\" role=\"img\"><\/div><div class=\"swiper-slide-inner\" ><div class=\"swiper-slide-contents\"><\/div><\/div><\/div><div class=\"elementor-repeater-item-5514850 swiper-slide\"><div class=\"swiper-slide-bg\" role=\"img\"><\/div><div class=\"swiper-slide-inner\" ><div class=\"swiper-slide-contents\"><\/div><\/div><\/div><div class=\"elementor-repeater-item-d360cda swiper-slide\"><div class=\"swiper-slide-bg\" role=\"img\"><\/div><div class=\"swiper-slide-inner\" ><div class=\"swiper-slide-contents\"><\/div><\/div><\/div>\t\t\t\t<\/div>\n\t\t\t\t\t\t\t\t\t\t\t\t\t\t\t<div class=\"swiper-pagination\"><\/div>\n\t\t\t\t\t\t\t\t\t\t\t\t\t\t\t\t<div class=\"elementor-swiper-button elementor-swiper-button-prev\" role=\"button\" tabindex=\"0\">\n\t\t\t\t\t\t\t<i aria-hidden=\"true\" class=\"eicon-chevron-left\"><\/i>\t\t\t\t\t\t\t<span class=\"elementor-screen-only\">Previous slide<\/span>\n\t\t\t\t\t\t<\/div>\n\t\t\t\t\t\t<div class=\"elementor-swiper-button elementor-swiper-button-next\" role=\"button\" tabindex=\"0\">\n\t\t\t\t\t\t\t<i aria-hidden=\"true\" class=\"eicon-chevron-right\"><\/i>\t\t\t\t\t\t\t<span class=\"elementor-screen-only\">Next slide<\/span>\n\t\t\t\t\t\t<\/div>\n\t\t\t\t\t\t\t\t\t\t\t\t<\/div>\n\t\t<\/div>\n\t\t\t\t<\/div>\n\t\t\t\t<\/div>\n\t\t\t\t<div class=\"elementor-element elementor-element-2fc173e elementor-hidden-desktop elementor-hidden-laptop elementor-hidden-tablet elementor-tabs-view-horizontal elementor-widget elementor-widget-tabs\" data-id=\"2fc173e\" data-element_type=\"widget\" data-settings=\"{&quot;ekit_we_effect_on&quot;:&quot;none&quot;}\" data-widget_type=\"tabs.default\">\n\t\t\t\t<div class=\"elementor-widget-container\">\n\t\t\t\t\t<div class=\"elementor-tabs\">\n\t\t\t<div class=\"elementor-tabs-wrapper\" role=\"tablist\" >\n\t\t\t\t\t\t\t\t\t<div id=\"elementor-tab-title-5001\" class=\"elementor-tab-title elementor-tab-desktop-title\" aria-selected=\"true\" data-tab=\"1\" role=\"tab\" tabindex=\"0\" aria-controls=\"elementor-tab-content-5001\" aria-expanded=\"false\">\u00bf Qu\u00e9 es el car\u00e1cter?<\/div>\n\t\t\t\t\t\t\t\t\t<div id=\"elementor-tab-title-5002\" class=\"elementor-tab-title elementor-tab-desktop-title\" aria-selected=\"false\" data-tab=\"2\" role=\"tab\" tabindex=\"-1\" aria-controls=\"elementor-tab-content-5002\" aria-expanded=\"false\">\u00bf Porqu\u00e9 formar el car\u00e1cter?<\/div>\n\t\t\t\t\t\t\t\t\t<div id=\"elementor-tab-title-5003\" class=\"elementor-tab-title elementor-tab-desktop-title\" aria-selected=\"false\" data-tab=\"3\" role=\"tab\" tabindex=\"-1\" aria-controls=\"elementor-tab-content-5003\" aria-expanded=\"false\">Formas de cultivar el car\u00e1cter<\/div>\n\t\t\t\t\t\t\t\t\t<div id=\"elementor-tab-title-5004\" class=\"elementor-tab-title elementor-tab-desktop-title\" aria-selected=\"false\" data-tab=\"4\" role=\"tab\" tabindex=\"-1\" aria-controls=\"elementor-tab-content-5004\" aria-expanded=\"false\">Dimensiones de la formaci\u00f3n del car\u00e1cter<\/div>\n\t\t\t\t\t\t\t\t\t<div id=\"elementor-tab-title-5005\" class=\"elementor-tab-title elementor-tab-desktop-title\" aria-selected=\"false\" data-tab=\"5\" role=\"tab\" tabindex=\"-1\" aria-controls=\"elementor-tab-content-5005\" aria-expanded=\"false\">Virtudes en acci\u00f3n<\/div>\n\t\t\t\t\t\t\t<\/div>\n\t\t\t<div class=\"elementor-tabs-content-wrapper\" role=\"tablist\" aria-orientation=\"vertical\">\n\t\t\t\t\t\t\t\t\t<div class=\"elementor-tab-title elementor-tab-mobile-title\" aria-selected=\"true\" data-tab=\"1\" role=\"tab\" tabindex=\"0\" aria-controls=\"elementor-tab-content-5001\" aria-expanded=\"false\">\u00bf Qu\u00e9 es el car\u00e1cter?<\/div>\n\t\t\t\t\t<div id=\"elementor-tab-content-5001\" class=\"elementor-tab-content elementor-clearfix\" data-tab=\"1\" role=\"tabpanel\" aria-labelledby=\"elementor-tab-title-5001\" tabindex=\"0\" hidden=\"false\"><p>El car\u00e1cter es el conjunto de disposiciones estables que gu\u00edan c\u00f3mo pensamos, sentimos y actuamos. Se cultiva d\u00eda a d\u00eda mediante h\u00e1bitos, v\u00ednculos y experiencias que nos orientan al bien com\u00fan. Formarlo es educar personas \u00edntegras, libres y responsables.<\/p><\/div>\n\t\t\t\t\t\t\t\t\t<div class=\"elementor-tab-title elementor-tab-mobile-title\" aria-selected=\"false\" data-tab=\"2\" role=\"tab\" tabindex=\"-1\" aria-controls=\"elementor-tab-content-5002\" aria-expanded=\"false\">\u00bf Porqu\u00e9 formar el car\u00e1cter?<\/div>\n\t\t\t\t\t<div id=\"elementor-tab-content-5002\" class=\"elementor-tab-content elementor-clearfix\" data-tab=\"2\" role=\"tabpanel\" aria-labelledby=\"elementor-tab-title-5002\" tabindex=\"0\" hidden=\"hidden\"><p>Porque educar no es solo transmitir conocimientos: es <strong>formar personas capaces de transformar su entorno<\/strong>. La formaci\u00f3n del car\u00e1cter fortalece la convivencia democr\u00e1tica, la autonom\u00eda, la solidaridad y el sentido \u00e9tico. Es el coraz\u00f3n que da vida al aprendizaje.<\/p><\/div>\n\t\t\t\t\t\t\t\t\t<div class=\"elementor-tab-title elementor-tab-mobile-title\" aria-selected=\"false\" data-tab=\"3\" role=\"tab\" tabindex=\"-1\" aria-controls=\"elementor-tab-content-5003\" aria-expanded=\"false\">Formas de cultivar el car\u00e1cter<\/div>\n\t\t\t\t\t<div id=\"elementor-tab-content-5003\" class=\"elementor-tab-content elementor-clearfix\" data-tab=\"3\" role=\"tabpanel\" aria-labelledby=\"elementor-tab-title-5003\" tabindex=\"0\" hidden=\"hidden\"><ul><li><strong>Por el ejemplo:<\/strong> cuando la cultura adulta inspira y modela virtudes.<\/li><li><strong>Por el curr\u00edculo:<\/strong> cuando la ense\u00f1anza intencionada, tanto formal como informal, integra las virtudes en la experiencia educativa.<\/li><li><strong>Por compromiso personal:<\/strong> cuando las virtudes se vuelven una decisi\u00f3n cotidiana que da forma a qui\u00e9nes somos.<\/li><\/ul><p>.<\/p><\/div>\n\t\t\t\t\t\t\t\t\t<div class=\"elementor-tab-title elementor-tab-mobile-title\" aria-selected=\"false\" data-tab=\"4\" role=\"tab\" tabindex=\"-1\" aria-controls=\"elementor-tab-content-5004\" aria-expanded=\"false\">Dimensiones de la formaci\u00f3n del car\u00e1cter<\/div>\n\t\t\t\t\t<div id=\"elementor-tab-content-5004\" class=\"elementor-tab-content elementor-clearfix\" data-tab=\"4\" role=\"tabpanel\" aria-labelledby=\"elementor-tab-title-5004\" tabindex=\"0\" hidden=\"hidden\"><ul>\n \t<li><strong>Intelectual: <\/strong>estimula la mente cr\u00edtica, reflexiva y creativa.<\/li>\n \t<li><strong>\u00c9tica: <\/strong>gu\u00eda nuestras decisiones hacia lo correcto y justo.<\/li>\n \t<li><strong>C\u00edvica: <\/strong>fortalece la responsabilidad y la participaci\u00f3n democr\u00e1tica.<\/li>\n \t<li><strong style=\"font-size: 16px;\">Desempe\u00f1o: <\/strong><span style=\"font-size: 16px;\">impulsa la constancia, la excelencia y la agencia personal<\/span><\/li>\n<\/ul>\n<p style=\"text-align: right;\"><em>(En el men\u00fa \u201cVirtudes\u201d podr\u00e1s explorar el glosario por dimensi\u00f3n y acceder a materiales audiovisuales para trabajarlas en la escuela y en casa.)<\/em><\/p><\/div>\n\t\t\t\t\t\t\t\t\t<div class=\"elementor-tab-title elementor-tab-mobile-title\" aria-selected=\"false\" data-tab=\"5\" role=\"tab\" tabindex=\"-1\" aria-controls=\"elementor-tab-content-5005\" aria-expanded=\"false\">Virtudes en acci\u00f3n<\/div>\n\t\t\t\t\t<div id=\"elementor-tab-content-5005\" class=\"elementor-tab-content elementor-clearfix\" data-tab=\"5\" role=\"tabpanel\" aria-labelledby=\"elementor-tab-title-5005\" tabindex=\"0\" hidden=\"hidden\"><p><strong>Las virtudes<\/strong> son cualidades \u00e9ticas, cognitivas y emocionales que se cultivan con h\u00e1bitos, v\u00ednculos y experiencias. Por ejemplo, la honestidad se fortalece cuando decimos la verdad incluso si cuesta; la empat\u00eda, cuando escuchamos de verdad a otros.<\/p><\/div>\n\t\t\t\t\t\t\t<\/div>\n\t\t<\/div>\n\t\t\t\t<\/div>\n\t\t\t\t<\/div>\n\t\t\t\t\t<\/div>\n\t\t<\/div>\n\t\t\t\t\t\t\t<\/div>\n\t\t<\/section>\n\t\t\t\t<section class=\"elementor-section elementor-top-section elementor-element elementor-element-d3ff485 elementor-section-height-min-height elementor-section-boxed elementor-section-height-default elementor-section-items-middle\" data-id=\"d3ff485\" data-element_type=\"section\" data-settings=\"{&quot;background_background&quot;:&quot;classic&quot;,&quot;ekit_has_onepagescroll_dot&quot;:&quot;yes&quot;}\">\n\t\t\t\t\t\t<div class=\"elementor-container elementor-column-gap-default\">\n\t\t\t\t\t<div class=\"elementor-column elementor-col-100 elementor-top-column elementor-element elementor-element-d109d5d\" data-id=\"d109d5d\" data-element_type=\"column\">\n\t\t\t<div class=\"elementor-widget-wrap elementor-element-populated\">\n\t\t\t\t\t\t\t\t<div class=\"elementor-element elementor-element-4be8f8b elementor-widget elementor-widget-spacer\" data-id=\"4be8f8b\" data-element_type=\"widget\" data-settings=\"{&quot;ekit_we_effect_on&quot;:&quot;none&quot;}\" data-widget_type=\"spacer.default\">\n\t\t\t\t<div class=\"elementor-widget-container\">\n\t\t\t\t\t<div class=\"elementor-spacer\">\n\t\t\t<div class=\"elementor-spacer-inner\"><\/div>\n\t\t<\/div>\n\t\t\t\t<\/div>\n\t\t\t\t<\/div>\n\t\t\t\t\t<\/div>\n\t\t<\/div>\n\t\t\t\t\t\t\t<\/div>\n\t\t<\/section>\n\t\t\t\t<section class=\"elementor-section elementor-top-section elementor-element elementor-element-39a7fa4 elementor-section-height-min-height elementor-section-boxed elementor-section-height-default elementor-section-items-middle\" data-id=\"39a7fa4\" data-element_type=\"section\" data-settings=\"{&quot;ekit_has_onepagescroll_dot&quot;:&quot;yes&quot;}\">\n\t\t\t\t\t\t<div class=\"elementor-container elementor-column-gap-default\">\n\t\t\t\t\t<div class=\"elementor-column elementor-col-100 elementor-top-column elementor-element elementor-element-5ab7e4a\" data-id=\"5ab7e4a\" data-element_type=\"column\">\n\t\t\t<div class=\"elementor-widget-wrap elementor-element-populated\">\n\t\t\t\t\t\t\t\t<div class=\"elementor-element elementor-element-deae96f elementor-widget elementor-widget-heading\" data-id=\"deae96f\" data-element_type=\"widget\" data-settings=\"{&quot;ekit_we_effect_on&quot;:&quot;none&quot;}\" data-widget_type=\"heading.default\">\n\t\t\t\t<div class=\"elementor-widget-container\">\n\t\t\t<h2 class=\"elementor-heading-title elementor-size-default\">Aliados<\/h2>\t\t<\/div>\n\t\t\t\t<\/div>\n\t\t\t\t<div class=\"elementor-element elementor-element-6f9763b elementor-widget-divider--view-line elementor-widget elementor-widget-divider\" data-id=\"6f9763b\" data-element_type=\"widget\" data-settings=\"{&quot;ekit_we_effect_on&quot;:&quot;none&quot;}\" data-widget_type=\"divider.default\">\n\t\t\t\t<div class=\"elementor-widget-container\">\n\t\t\t\t\t<div class=\"elementor-divider\">\n\t\t\t<span class=\"elementor-divider-separator\">\n\t\t\t\t\t\t<\/span>\n\t\t<\/div>\n\t\t\t\t<\/div>\n\t\t\t\t<\/div>\n\t\t\t\t<div class=\"elementor-element elementor-element-91cc8c0 elementor-skin-carousel elementor-arrows-yes elementor-pagination-type-bullets elementor-pagination-position-outside elementor-widget elementor-widget-media-carousel\" data-id=\"91cc8c0\" data-element_type=\"widget\" data-settings=\"{&quot;space_between&quot;:{&quot;unit&quot;:&quot;px&quot;,&quot;size&quot;:5,&quot;sizes&quot;:[]},&quot;slides_per_view_tablet&quot;:&quot;3&quot;,&quot;slides_to_scroll_tablet&quot;:&quot;3&quot;,&quot;slides_per_view_mobile&quot;:&quot;3&quot;,&quot;space_between_mobile&quot;:{&quot;unit&quot;:&quot;px&quot;,&quot;size&quot;:0,&quot;sizes&quot;:[]},&quot;lazyload&quot;:&quot;yes&quot;,&quot;space_between_tablet&quot;:{&quot;unit&quot;:&quot;px&quot;,&quot;size&quot;:1,&quot;sizes&quot;:[]},&quot;slides_per_view_laptop&quot;:&quot;4&quot;,&quot;skin&quot;:&quot;carousel&quot;,&quot;effect&quot;:&quot;slide&quot;,&quot;show_arrows&quot;:&quot;yes&quot;,&quot;pagination&quot;:&quot;bullets&quot;,&quot;speed&quot;:500,&quot;autoplay&quot;:&quot;yes&quot;,&quot;autoplay_speed&quot;:5000,&quot;loop&quot;:&quot;yes&quot;,&quot;pause_on_hover&quot;:&quot;yes&quot;,&quot;pause_on_interaction&quot;:&quot;yes&quot;,&quot;space_between_laptop&quot;:{&quot;unit&quot;:&quot;px&quot;,&quot;size&quot;:10,&quot;sizes&quot;:[]},&quot;ekit_we_effect_on&quot;:&quot;none&quot;}\" data-widget_type=\"media-carousel.default\">\n\t\t\t\t<div class=\"elementor-widget-container\">\n\t\t\t\t\t<div class=\"elementor-swiper\">\n\t\t\t<div class=\"elementor-main-swiper swiper-container\">\n\t\t\t\t<div class=\"swiper-wrapper\">\n\t\t\t\t\t\t\t\t\t\t\t<div class=\"swiper-slide\">\n\t\t\t\t\t\t\t<a href=\"https:\/\/www.birmingham.ac.uk\/\" target=\"_blank\">\t\t<div class=\"elementor-carousel-image swiper-lazy\" role=\"img\" aria-label=\"birminham\" data-background=\"https:\/\/apprende.jalisco.gob.mx\/formacion-del-caracter\/wp-content\/uploads\/sites\/61\/2025\/10\/birminham-300x94.png\">\n\n\t\t\t\t\t\t\t<div class=\"swiper-lazy-preloader\"><\/div>\n\t\t\t\n\t\t\t\t\t<\/div>\n\t\t<\/a>\t\t\t\t\t\t<\/div>\n\t\t\t\t\t\t\t\t\t\t\t<div class=\"swiper-slide\">\n\t\t\t\t\t\t\t<a href=\"https:\/\/character.org\/schools-of-character\/\" target=\"_blank\">\t\t<div class=\"elementor-carousel-image swiper-lazy\" role=\"img\" aria-label=\"character3\" data-background=\"https:\/\/apprende.jalisco.gob.mx\/formacion-del-caracter\/wp-content\/uploads\/sites\/61\/2025\/10\/character3-1.png\">\n\n\t\t\t\t\t\t\t<div class=\"swiper-lazy-preloader\"><\/div>\n\t\t\t\n\t\t\t\t\t<\/div>\n\t\t<\/a>\t\t\t\t\t\t<\/div>\n\t\t\t\t\t\t\t\t\t\t\t<div class=\"swiper-slide\">\n\t\t\t\t\t\t\t<a href=\"https:\/\/www.unav.edu\/\" target=\"_blank\">\t\t<div class=\"elementor-carousel-image swiper-lazy\" role=\"img\" aria-label=\"A_0003_Marca Universidad de Navarra_200__rojo\" data-background=\"https:\/\/apprende.jalisco.gob.mx\/formacion-del-caracter\/wp-content\/uploads\/sites\/61\/2025\/10\/A_0003_Marca-Universidad-de-Navarra_200__rojo.jpg\">\n\n\t\t\t\t\t\t\t<div class=\"swiper-lazy-preloader\"><\/div>\n\t\t\t\n\t\t\t\t\t<\/div>\n\t\t<\/a>\t\t\t\t\t\t<\/div>\n\t\t\t\t\t\t\t\t\t\t\t<div class=\"swiper-slide\">\n\t\t\t\t\t\t\t<a href=\"https:\/\/www.jubileecentre.ac.uk\/\" target=\"_blank\">\t\t<div class=\"elementor-carousel-image swiper-lazy\" role=\"img\" aria-label=\"jubilee\" data-background=\"https:\/\/apprende.jalisco.gob.mx\/formacion-del-caracter\/wp-content\/uploads\/sites\/61\/2025\/10\/jubilee-300x94.png\">\n\n\t\t\t\t\t\t\t<div class=\"swiper-lazy-preloader\"><\/div>\n\t\t\t\n\t\t\t\t\t<\/div>\n\t\t<\/a>\t\t\t\t\t\t<\/div>\n\t\t\t\t\t\t\t\t\t\t\t<div class=\"swiper-slide\">\n\t\t\t\t\t\t\t<a href=\"https:\/\/www.up.edu.mx\/\" target=\"_blank\">\t\t<div class=\"elementor-carousel-image swiper-lazy\" role=\"img\" aria-label=\"upn\" data-background=\"https:\/\/apprende.jalisco.gob.mx\/formacion-del-caracter\/wp-content\/uploads\/sites\/61\/2025\/10\/upn-300x94.png\">\n\n\t\t\t\t\t\t\t<div class=\"swiper-lazy-preloader\"><\/div>\n\t\t\t\n\t\t\t\t\t<\/div>\n\t\t<\/a>\t\t\t\t\t\t<\/div>\n\t\t\t\t\t\t\t\t\t\t\t<div class=\"swiper-slide\">\n\t\t\t\t\t\t\t<a href=\"https:\/\/www.ipade.mx\/\" target=\"_blank\">\t\t<div class=\"elementor-carousel-image swiper-lazy\" role=\"img\" aria-label=\"ipade2\" data-background=\"https:\/\/apprende.jalisco.gob.mx\/formacion-del-caracter\/wp-content\/uploads\/sites\/61\/2025\/10\/ipade2.png\">\n\n\t\t\t\t\t\t\t<div class=\"swiper-lazy-preloader\"><\/div>\n\t\t\t\n\t\t\t\t\t<\/div>\n\t\t<\/a>\t\t\t\t\t\t<\/div>\n\t\t\t\t\t\t\t\t\t\t\t<div class=\"swiper-slide\">\n\t\t\t\t\t\t\t<a href=\"https:\/\/tec.mx\/es\">\t\t<div class=\"elementor-carousel-image swiper-lazy\" role=\"img\" aria-label=\"tec\" data-background=\"https:\/\/apprende.jalisco.gob.mx\/formacion-del-caracter\/wp-content\/uploads\/sites\/61\/2025\/10\/tec-300x94.png\">\n\n\t\t\t\t\t\t\t<div class=\"swiper-lazy-preloader\"><\/div>\n\t\t\t\n\t\t\t\t\t<\/div>\n\t\t<\/a>\t\t\t\t\t\t<\/div>\n\t\t\t\t\t\t\t\t\t\t\t<div class=\"swiper-slide\">\n\t\t\t\t\t\t\t<a href=\"https:\/\/www.iteso.mx\/\">\t\t<div class=\"elementor-carousel-image swiper-lazy\" role=\"img\" aria-label=\"iteso\" data-background=\"https:\/\/apprende.jalisco.gob.mx\/formacion-del-caracter\/wp-content\/uploads\/sites\/61\/2025\/10\/iteso-300x94.png\">\n\n\t\t\t\t\t\t\t<div class=\"swiper-lazy-preloader\"><\/div>\n\t\t\t\n\t\t\t\t\t<\/div>\n\t\t<\/a>\t\t\t\t\t\t<\/div>\n\t\t\t\t\t\t\t\t\t\t\t<div class=\"swiper-slide\">\n\t\t\t\t\t\t\t\t\t<div class=\"elementor-carousel-image swiper-lazy\" role=\"img\" aria-label=\"azteca2\" data-background=\"https:\/\/apprende.jalisco.gob.mx\/formacion-del-caracter\/wp-content\/uploads\/sites\/61\/2025\/10\/azteca2-1-300x94.png\">\n\n\t\t\t\t\t\t\t<div class=\"swiper-lazy-preloader\"><\/div>\n\t\t\t\n\t\t\t\t\t<\/div>\n\t\t\t\t\t\t\t\t<\/div>\n\t\t\t\t\t\t\t\t\t\t\t<div class=\"swiper-slide\">\n\t\t\t\t\t\t\t<a href=\"https:\/\/www.udg.mx\/es\" target=\"_blank\">\t\t<div class=\"elementor-carousel-image swiper-lazy\" role=\"img\" aria-label=\"udg2\" data-background=\"https:\/\/apprende.jalisco.gob.mx\/formacion-del-caracter\/wp-content\/uploads\/sites\/61\/2025\/10\/udg2.png\">\n\n\t\t\t\t\t\t\t<div class=\"swiper-lazy-preloader\"><\/div>\n\t\t\t\n\t\t\t\t\t<\/div>\n\t\t<\/a>\t\t\t\t\t\t<\/div>\n\t\t\t\t\t\t\t\t\t\t\t<div class=\"swiper-slide\">\n\t\t\t\t\t\t\t<a href=\"https:\/\/www.uag.mx\/\">\t\t<div class=\"elementor-carousel-image swiper-lazy\" role=\"img\" aria-label=\"uag2\" data-background=\"https:\/\/apprende.jalisco.gob.mx\/formacion-del-caracter\/wp-content\/uploads\/sites\/61\/2025\/10\/uag2.png\">\n\n\t\t\t\t\t\t\t<div class=\"swiper-lazy-preloader\"><\/div>\n\t\t\t\n\t\t\t\t\t<\/div>\n\t\t<\/a>\t\t\t\t\t\t<\/div>\n\t\t\t\t\t\t\t\t\t\t\t<div class=\"swiper-slide\">\n\t\t\t\t\t\t\t<a href=\"https:\/\/umg.edu.mx\/portal\/\">\t\t<div class=\"elementor-carousel-image swiper-lazy\" role=\"img\" aria-label=\"marista\" data-background=\"https:\/\/apprende.jalisco.gob.mx\/formacion-del-caracter\/wp-content\/uploads\/sites\/61\/2025\/10\/marista-300x94.png\">\n\n\t\t\t\t\t\t\t<div class=\"swiper-lazy-preloader\"><\/div>\n\t\t\t\n\t\t\t\t\t<\/div>\n\t\t<\/a>\t\t\t\t\t\t<\/div>\n\t\t\t\t\t\t\t\t\t\t\t<div class=\"swiper-slide\">\n\t\t\t\t\t\t\t<a href=\"https:\/\/uvm.mx\/\">\t\t<div class=\"elementor-carousel-image swiper-lazy\" role=\"img\" aria-label=\"uvm\" data-background=\"https:\/\/apprende.jalisco.gob.mx\/formacion-del-caracter\/wp-content\/uploads\/sites\/61\/2025\/10\/uvm-300x94.png\">\n\n\t\t\t\t\t\t\t<div class=\"swiper-lazy-preloader\"><\/div>\n\t\t\t\n\t\t\t\t\t<\/div>\n\t\t<\/a>\t\t\t\t\t\t<\/div>\n\t\t\t\t\t\t\t\t\t\t\t<div class=\"swiper-slide\">\n\t\t\t\t\t\t\t<a href=\"https:\/\/www.univa.mx\/\">\t\t<div class=\"elementor-carousel-image swiper-lazy\" role=\"img\" aria-label=\"univa2\" data-background=\"https:\/\/apprende.jalisco.gob.mx\/formacion-del-caracter\/wp-content\/uploads\/sites\/61\/2025\/10\/univa2-300x129.png\">\n\n\t\t\t\t\t\t\t<div class=\"swiper-lazy-preloader\"><\/div>\n\t\t\t\n\t\t\t\t\t<\/div>\n\t\t<\/a>\t\t\t\t\t\t<\/div>\n\t\t\t\t\t\t\t\t\t\t\t<div class=\"swiper-slide\">\n\t\t\t\t\t\t\t<a href=\"https:\/\/sc.jalisco.gob.mx\/inicio\">\t\t<div class=\"elementor-carousel-image swiper-lazy\" role=\"img\" aria-label=\"cultura2\" data-background=\"https:\/\/apprende.jalisco.gob.mx\/formacion-del-caracter\/wp-content\/uploads\/sites\/61\/2025\/10\/cultura2.png\">\n\n\t\t\t\t\t\t\t<div class=\"swiper-lazy-preloader\"><\/div>\n\t\t\t\n\t\t\t\t\t<\/div>\n\t\t<\/a>\t\t\t\t\t\t<\/div>\n\t\t\t\t\t\t\t\t\t\t\t<div class=\"swiper-slide\">\n\t\t\t\t\t\t\t<a href=\"https:\/\/ssj.jalisco.gob.mx\/inicio\">\t\t<div class=\"elementor-carousel-image swiper-lazy\" role=\"img\" aria-label=\"salud2\" data-background=\"https:\/\/apprende.jalisco.gob.mx\/formacion-del-caracter\/wp-content\/uploads\/sites\/61\/2025\/10\/salud2.jpg\">\n\n\t\t\t\t\t\t\t<div class=\"swiper-lazy-preloader\"><\/div>\n\t\t\t\n\t\t\t\t\t<\/div>\n\t\t<\/a>\t\t\t\t\t\t<\/div>\n\t\t\t\t\t\t\t\t\t\t\t<div class=\"swiper-slide\">\n\t\t\t\t\t\t\t<a href=\"https:\/\/ssas.jalisco.gob.mx\/inicio\" target=\"_blank\">\t\t<div class=\"elementor-carousel-image swiper-lazy\" role=\"img\" aria-label=\"social2\" data-background=\"https:\/\/apprende.jalisco.gob.mx\/formacion-del-caracter\/wp-content\/uploads\/sites\/61\/2025\/10\/social2-300x122.png\">\n\n\t\t\t\t\t\t\t<div class=\"swiper-lazy-preloader\"><\/div>\n\t\t\t\n\t\t\t\t\t<\/div>\n\t\t<\/a>\t\t\t\t\t\t<\/div>\n\t\t\t\t\t\t\t\t\t\t\t<div class=\"swiper-slide\">\n\t\t\t\t\t\t\t<a href=\"https:\/\/difjalisco.gob.mx\/\" target=\"_blank\">\t\t<div class=\"elementor-carousel-image swiper-lazy\" role=\"img\" aria-label=\"dif\" data-background=\"https:\/\/apprende.jalisco.gob.mx\/formacion-del-caracter\/wp-content\/uploads\/sites\/61\/2025\/10\/dif-300x94.png\">\n\n\t\t\t\t\t\t\t<div class=\"swiper-lazy-preloader\"><\/div>\n\t\t\t\n\t\t\t\t\t<\/div>\n\t\t<\/a>\t\t\t\t\t\t<\/div>\n\t\t\t\t\t\t\t\t\t\t\t<div class=\"swiper-slide\">\n\t\t\t\t\t\t\t<a href=\"https:\/\/codejalisco.gob.mx\/\">\t\t<div class=\"elementor-carousel-image swiper-lazy\" role=\"img\" aria-label=\"code\" data-background=\"https:\/\/apprende.jalisco.gob.mx\/formacion-del-caracter\/wp-content\/uploads\/sites\/61\/2025\/10\/code-300x94.png\">\n\n\t\t\t\t\t\t\t<div class=\"swiper-lazy-preloader\"><\/div>\n\t\t\t\n\t\t\t\t\t<\/div>\n\t\t<\/a>\t\t\t\t\t\t<\/div>\n\t\t\t\t\t\t\t\t\t<\/div>\n\t\t\t\t\t\t\t\t\t\t\t\t\t\t\t<div class=\"swiper-pagination\"><\/div>\n\t\t\t\t\t\t\t\t\t\t\t\t\t\t\t\t<div class=\"elementor-swiper-button elementor-swiper-button-prev\" role=\"button\" tabindex=\"0\">\n\t\t\t\t\t\t\t<i aria-hidden=\"true\" class=\"eicon-chevron-left\"><\/i>\t\t\t\t\t\t\t<span class=\"elementor-screen-only\">Previous<\/span>\n\t\t\t\t\t\t<\/div>\n\t\t\t\t\t\t<div class=\"elementor-swiper-button elementor-swiper-button-next\" role=\"button\" tabindex=\"0\">\n\t\t\t\t\t\t\t<i aria-hidden=\"true\" class=\"eicon-chevron-right\"><\/i>\t\t\t\t\t\t\t<span class=\"elementor-screen-only\">Next<\/span>\n\t\t\t\t\t\t<\/div>\n\t\t\t\t\t\t\t\t\t\t\t\t<\/div>\n\t\t<\/div>\n\t\t\t\t<\/div>\n\t\t\t\t<\/div>\n\t\t\t\t\t<\/div>\n\t\t<\/div>\n\t\t\t\t\t\t\t<\/div>\n\t\t<\/section>\n\t\t\t\t<section class=\"elementor-section elementor-top-section elementor-element elementor-element-2176aad elementor-section-boxed elementor-section-height-default elementor-section-height-default\" data-id=\"2176aad\" data-element_type=\"section\" data-settings=\"{&quot;background_background&quot;:&quot;classic&quot;,&quot;ekit_has_onepagescroll_dot&quot;:&quot;yes&quot;}\">\n\t\t\t\t\t\t<div class=\"elementor-container elementor-column-gap-default\">\n\t\t\t\t\t<div class=\"elementor-column elementor-col-50 elementor-top-column elementor-element elementor-element-046cc60\" data-id=\"046cc60\" data-element_type=\"column\">\n\t\t\t<div class=\"elementor-widget-wrap elementor-element-populated\">\n\t\t\t\t\t\t\t\t<div class=\"elementor-element elementor-element-7b657ee elementor-widget-laptop__width-initial elementor-widget elementor-widget-image\" data-id=\"7b657ee\" data-element_type=\"widget\" data-settings=\"{&quot;ekit_we_effect_on&quot;:&quot;none&quot;}\" data-widget_type=\"image.default\">\n\t\t\t\t<div class=\"elementor-widget-container\">\n\t\t\t\t\t\t\t\t\t\t\t\t\t\t\t<img decoding=\"async\" width=\"768\" height=\"512\" src=\"https:\/\/apprende.jalisco.gob.mx\/formacion-del-caracter\/wp-content\/uploads\/sites\/61\/2025\/10\/formacioncaracterfinal-768x512.jpg\" class=\"attachment-medium_large size-medium_large wp-image-4038\" alt=\"\" srcset=\"https:\/\/apprende.jalisco.gob.mx\/formacion-del-caracter\/wp-content\/uploads\/sites\/61\/2025\/10\/formacioncaracterfinal-768x512.jpg 768w, https:\/\/apprende.jalisco.gob.mx\/formacion-del-caracter\/wp-content\/uploads\/sites\/61\/2025\/10\/formacioncaracterfinal-300x200.jpg 300w, https:\/\/apprende.jalisco.gob.mx\/formacion-del-caracter\/wp-content\/uploads\/sites\/61\/2025\/10\/formacioncaracterfinal-1024x683.jpg 1024w, https:\/\/apprende.jalisco.gob.mx\/formacion-del-caracter\/wp-content\/uploads\/sites\/61\/2025\/10\/formacioncaracterfinal-1536x1024.jpg 1536w, https:\/\/apprende.jalisco.gob.mx\/formacion-del-caracter\/wp-content\/uploads\/sites\/61\/2025\/10\/formacioncaracterfinal-2048x1365.jpg 2048w\" sizes=\"(max-width: 768px) 100vw, 768px\" \/>\t\t\t\t\t\t\t\t\t\t\t\t\t\t\t<\/div>\n\t\t\t\t<\/div>\n\t\t\t\t\t<\/div>\n\t\t<\/div>\n\t\t\t\t<div class=\"elementor-column elementor-col-50 elementor-top-column elementor-element elementor-element-e5e779a\" data-id=\"e5e779a\" data-element_type=\"column\">\n\t\t\t<div class=\"elementor-widget-wrap elementor-element-populated\">\n\t\t\t\t\t\t\t\t<div class=\"elementor-element elementor-element-d8bf679 elementor-widget elementor-widget-text-editor\" data-id=\"d8bf679\" data-element_type=\"widget\" data-settings=\"{&quot;ekit_we_effect_on&quot;:&quot;none&quot;}\" data-widget_type=\"text-editor.default\">\n\t\t\t\t<div class=\"elementor-widget-container\">\n\t\t\t\t\t\t\t<p>La <em>Formaci\u00f3n del Car\u00e1cter Al Estilo Jalisco<\/em> une <strong>prop\u00f3sito, virtudes y acci\u00f3n<\/strong> para hacer de cada experiencia educativa una oportunidad de <strong>transformaci\u00f3n.<\/strong><\/p>\t\t\t\t\t\t<\/div>\n\t\t\t\t<\/div>\n\t\t\t\t\t<\/div>\n\t\t<\/div>\n\t\t\t\t\t\t\t<\/div>\n\t\t<\/section>\n\t\t\t\t<section class=\"elementor-section elementor-top-section elementor-element elementor-element-a628436 elementor-section-height-min-height elementor-section-boxed elementor-section-height-default elementor-section-items-middle\" data-id=\"a628436\" data-element_type=\"section\" data-settings=\"{&quot;background_background&quot;:&quot;classic&quot;,&quot;ekit_has_onepagescroll_dot&quot;:&quot;yes&quot;}\">\n\t\t\t\t\t\t<div class=\"elementor-container elementor-column-gap-default\">\n\t\t\t\t\t<div class=\"elementor-column elementor-col-100 elementor-top-column elementor-element elementor-element-335876d\" data-id=\"335876d\" data-element_type=\"column\">\n\t\t\t<div class=\"elementor-widget-wrap elementor-element-populated\">\n\t\t\t\t\t\t\t\t<div class=\"elementor-element elementor-element-1dcfec8 elementor-widget elementor-widget-heading\" data-id=\"1dcfec8\" data-element_type=\"widget\" data-settings=\"{&quot;ekit_we_effect_on&quot;:&quot;none&quot;}\" data-widget_type=\"heading.default\">\n\t\t\t\t<div class=\"elementor-widget-container\">\n\t\t\t<h2 class=\"elementor-heading-title elementor-size-default\">Informaci\u00f3n de Contacto<\/h2>\t\t<\/div>\n\t\t\t\t<\/div>\n\t\t\t\t<div class=\"elementor-element elementor-element-2596421 elementor-widget-divider--view-line elementor-widget elementor-widget-divider\" data-id=\"2596421\" data-element_type=\"widget\" data-settings=\"{&quot;ekit_we_effect_on&quot;:&quot;none&quot;}\" data-widget_type=\"divider.default\">\n\t\t\t\t<div class=\"elementor-widget-container\">\n\t\t\t\t\t<div class=\"elementor-divider\">\n\t\t\t<span class=\"elementor-divider-separator\">\n\t\t\t\t\t\t<\/span>\n\t\t<\/div>\n\t\t\t\t<\/div>\n\t\t\t\t<\/div>\n\t\t\t\t<section class=\"elementor-section elementor-inner-section elementor-element elementor-element-8804b0f elementor-section-boxed elementor-section-height-default elementor-section-height-default\" data-id=\"8804b0f\" data-element_type=\"section\" data-settings=\"{&quot;ekit_has_onepagescroll_dot&quot;:&quot;yes&quot;}\">\n\t\t\t\t\t\t<div class=\"elementor-container elementor-column-gap-extended\">\n\t\t\t\t\t<div class=\"elementor-column elementor-col-33 elementor-inner-column elementor-element elementor-element-77592eb\" data-id=\"77592eb\" data-element_type=\"column\">\n\t\t\t<div class=\"elementor-widget-wrap elementor-element-populated\">\n\t\t\t\t\t\t\t\t<div class=\"elementor-element elementor-element-039d7a2 elementor-position-left elementor-vertical-align-middle elementor-view-default elementor-mobile-position-top elementor-widget elementor-widget-icon-box\" data-id=\"039d7a2\" data-element_type=\"widget\" data-settings=\"{&quot;ekit_we_effect_on&quot;:&quot;none&quot;}\" data-widget_type=\"icon-box.default\">\n\t\t\t\t<div class=\"elementor-widget-container\">\n\t\t\t\t\t<div class=\"elementor-icon-box-wrapper\">\n\t\t\t\t\t\t<div class=\"elementor-icon-box-icon\">\n\t\t\t\t<span class=\"elementor-icon elementor-animation-\" >\n\t\t\t\t<i aria-hidden=\"true\" class=\"icon icon-map-marker\"><\/i>\t\t\t\t<\/span>\n\t\t\t<\/div>\n\t\t\t\t\t\t<div class=\"elementor-icon-box-content\">\n\t\t\t\t<h4 class=\"elementor-icon-box-title\">\n\t\t\t\t\t<span  >\n\t\t\t\t\t\tDirecci\u00f3n\t\t\t\t\t<\/span>\n\t\t\t\t<\/h4>\n\t\t\t\t\t\t\t<\/div>\n\t\t<\/div>\n\t\t\t\t<\/div>\n\t\t\t\t<\/div>\n\t\t\t\t<div class=\"elementor-element elementor-element-62137ba elementor-widget elementor-widget-text-editor\" data-id=\"62137ba\" data-element_type=\"widget\" data-settings=\"{&quot;ekit_we_effect_on&quot;:&quot;none&quot;}\" data-widget_type=\"text-editor.default\">\n\t\t\t\t<div class=\"elementor-widget-container\">\n\t\t\t\t\t\t\t<p style=\"text-align: center;\">Av. Central Guillermo Gonz\u00e1lez Camarena No. 615, Col. Residencial Poniente, C.P. 45136<\/p>\t\t\t\t\t\t<\/div>\n\t\t\t\t<\/div>\n\t\t\t\t\t<\/div>\n\t\t<\/div>\n\t\t\t\t<div class=\"elementor-column elementor-col-33 elementor-inner-column elementor-element elementor-element-96ff3e6\" data-id=\"96ff3e6\" data-element_type=\"column\">\n\t\t\t<div class=\"elementor-widget-wrap elementor-element-populated\">\n\t\t\t\t\t\t\t\t<div class=\"elementor-element elementor-element-0f4fd17 elementor-position-left elementor-view-default elementor-mobile-position-top elementor-vertical-align-top elementor-widget elementor-widget-icon-box\" data-id=\"0f4fd17\" data-element_type=\"widget\" data-settings=\"{&quot;ekit_we_effect_on&quot;:&quot;none&quot;}\" data-widget_type=\"icon-box.default\">\n\t\t\t\t<div class=\"elementor-widget-container\">\n\t\t\t\t\t<div class=\"elementor-icon-box-wrapper\">\n\t\t\t\t\t\t<div class=\"elementor-icon-box-icon\">\n\t\t\t\t<span class=\"elementor-icon elementor-animation-\" >\n\t\t\t\t<i aria-hidden=\"true\" class=\"icon icon-phone\"><\/i>\t\t\t\t<\/span>\n\t\t\t<\/div>\n\t\t\t\t\t\t<div class=\"elementor-icon-box-content\">\n\t\t\t\t<h4 class=\"elementor-icon-box-title\">\n\t\t\t\t\t<span  >\n\t\t\t\t\t\tTel\u00e9fono\t\t\t\t\t<\/span>\n\t\t\t\t<\/h4>\n\t\t\t\t\t\t\t<\/div>\n\t\t<\/div>\n\t\t\t\t<\/div>\n\t\t\t\t<\/div>\n\t\t\t\t<div class=\"elementor-element elementor-element-d33ccb5 elementor-widget elementor-widget-text-editor\" data-id=\"d33ccb5\" data-element_type=\"widget\" data-settings=\"{&quot;ekit_we_effect_on&quot;:&quot;none&quot;}\" data-widget_type=\"text-editor.default\">\n\t\t\t\t<div class=\"elementor-widget-container\">\n\t\t\t\t\t\t\t<p style=\"text-align: center;\">(33) 3030-7500<\/p>\t\t\t\t\t\t<\/div>\n\t\t\t\t<\/div>\n\t\t\t\t\t<\/div>\n\t\t<\/div>\n\t\t\t\t<div class=\"elementor-column elementor-col-33 elementor-inner-column elementor-element elementor-element-5178aed\" data-id=\"5178aed\" data-element_type=\"column\">\n\t\t\t<div class=\"elementor-widget-wrap elementor-element-populated\">\n\t\t\t\t\t\t\t\t<div class=\"elementor-element elementor-element-0155e94 elementor-position-left elementor-view-default elementor-mobile-position-top elementor-vertical-align-top elementor-widget elementor-widget-icon-box\" data-id=\"0155e94\" data-element_type=\"widget\" data-settings=\"{&quot;ekit_we_effect_on&quot;:&quot;none&quot;}\" data-widget_type=\"icon-box.default\">\n\t\t\t\t<div class=\"elementor-widget-container\">\n\t\t\t\t\t<div class=\"elementor-icon-box-wrapper\">\n\t\t\t\t\t\t<div class=\"elementor-icon-box-icon\">\n\t\t\t\t<span class=\"elementor-icon elementor-animation-\" >\n\t\t\t\t<i aria-hidden=\"true\" class=\"icon icon-clock2\"><\/i>\t\t\t\t<\/span>\n\t\t\t<\/div>\n\t\t\t\t\t\t<div class=\"elementor-icon-box-content\">\n\t\t\t\t<h4 class=\"elementor-icon-box-title\">\n\t\t\t\t\t<span  >\n\t\t\t\t\t\tHorario de Atenci\u00f3n\t\t\t\t\t<\/span>\n\t\t\t\t<\/h4>\n\t\t\t\t\t\t\t<\/div>\n\t\t<\/div>\n\t\t\t\t<\/div>\n\t\t\t\t<\/div>\n\t\t\t\t<div class=\"elementor-element elementor-element-31d4faa elementor-widget elementor-widget-text-editor\" data-id=\"31d4faa\" data-element_type=\"widget\" data-settings=\"{&quot;ekit_we_effect_on&quot;:&quot;none&quot;}\" data-widget_type=\"text-editor.default\">\n\t\t\t\t<div class=\"elementor-widget-container\">\n\t\t\t\t\t\t\t<p>09:00 AM &#8211; 04.00 PM<br \/>Lunes &#8211; viernes<\/p>\t\t\t\t\t\t<\/div>\n\t\t\t\t<\/div>\n\t\t\t\t\t<\/div>\n\t\t<\/div>\n\t\t\t\t\t\t\t<\/div>\n\t\t<\/section>\n\t\t\t\t\t<\/div>\n\t\t<\/div>\n\t\t\t\t\t\t\t<\/div>\n\t\t<\/section>\n\t\t\t\t\t\t\t<\/div>\n\t\t","protected":false},"excerpt":{"rendered":"<p>La Formaci\u00f3n del Car\u00e1cter Al Estilo Jalisco coloca al ser humano en el centro. Busca fortalecer virtudes que orientan la vida personal, escolar y comunitaria, construyendo ciudadan\u00eda responsable, emp\u00e1tica y participativa. Este espacio digital re\u00fane recursos materiales y experiencias que acompa\u00f1an a familias, maestras y maestros y estudiantes en este camino. Descubre el Marco de &hellip;<\/p>\n<p class=\"read-more\"> <a class=\"\" href=\"https:\/\/apprende.jalisco.gob.mx\/formacion-del-caracter\/\"> <span class=\"screen-reader-text\">Inicio<\/span> Leer m\u00e1s &raquo;<\/a><\/p>\n","protected":false},"author":1,"featured_media":0,"parent":0,"menu_order":0,"comment_status":"closed","ping_status":"closed","template":"","meta":{"_monsterinsights_skip_tracking":false,"_monsterinsights_sitenote_active":false,"_monsterinsights_sitenote_note":"","_monsterinsights_sitenote_category":0,"site-sidebar-layout":"no-sidebar","site-content-layout":"page-builder","ast-site-content-layout":"","site-content-style":"default","site-sidebar-style":"default","ast-global-header-display":"","ast-banner-title-visibility":"","ast-main-header-display":"","ast-hfb-above-header-display":"","ast-hfb-below-header-display":"","ast-hfb-mobile-header-display":"","site-post-title":"disabled","ast-breadcrumbs-content":"","ast-featured-img":"","footer-sml-layout":"","theme-transparent-header-meta":"","adv-header-id-meta":"","stick-header-meta":"disabled","header-above-stick-meta":"","header-main-stick-meta":"","header-below-stick-meta":"","astra-migrate-meta-layouts":"","ep_exclude_from_search":false,"footnotes":""},"acf":[],"yoast_head":"<!-- This site is optimized with the Yoast SEO Premium plugin v17.7 (Yoast SEO v21.0) - https:\/\/yoast.com\/wordpress\/plugins\/seo\/ -->\n<title>Inicio - Formaci\u00f3n del Car\u00e1cter<\/title>\n<meta name=\"robots\" content=\"index, follow, max-snippet:-1, max-image-preview:large, max-video-preview:-1\" \/>\n<link rel=\"canonical\" href=\"https:\/\/apprende.jalisco.gob.mx\/formacion-del-caracter\/\" \/>\n<meta property=\"og:locale\" content=\"es_MX\" \/>\n<meta property=\"og:type\" content=\"article\" \/>\n<meta property=\"og:title\" content=\"Inicio\" \/>\n<meta property=\"og:description\" content=\"La Formaci\u00f3n del Car\u00e1cter Al Estilo Jalisco coloca al ser humano en el centro. Busca fortalecer virtudes que orientan la vida personal, escolar y comunitaria, construyendo ciudadan\u00eda responsable, emp\u00e1tica y participativa. Este espacio digital re\u00fane recursos materiales y experiencias que acompa\u00f1an a familias, maestras y maestros y estudiantes en este camino. Descubre el Marco de &hellip; Inicio Leer m\u00e1s &raquo;\" \/>\n<meta property=\"og:url\" content=\"https:\/\/apprende.jalisco.gob.mx\/formacion-del-caracter\/\" \/>\n<meta property=\"og:site_name\" content=\"Formaci\u00f3n del Car\u00e1cter\" \/>\n<meta property=\"article:modified_time\" content=\"2026-03-12T20:10:45+00:00\" \/>\n<meta property=\"og:image\" content=\"https:\/\/apprende.jalisco.gob.mx\/formacion-del-caracter\/wp-content\/uploads\/sites\/61\/2025\/10\/VIRTUDES-300x290.png\" \/>\n<meta name=\"twitter:card\" content=\"summary_large_image\" \/>\n<meta name=\"twitter:label1\" content=\"Tiempo de lectura\" \/>\n\t<meta name=\"twitter:data1\" content=\"8 minutos\" \/>\n<script type=\"application\/ld+json\" class=\"yoast-schema-graph\">{\"@context\":\"https:\/\/schema.org\",\"@graph\":[{\"@type\":\"WebPage\",\"@id\":\"https:\/\/apprende.jalisco.gob.mx\/formacion-del-caracter\/\",\"url\":\"https:\/\/apprende.jalisco.gob.mx\/formacion-del-caracter\/\",\"name\":\"Inicio - Formaci\u00f3n del Car\u00e1cter\",\"isPartOf\":{\"@id\":\"https:\/\/apprende.jalisco.gob.mx\/formacion-del-caracter\/#website\"},\"datePublished\":\"2022-03-17T18:40:56+00:00\",\"dateModified\":\"2026-03-12T20:10:45+00:00\",\"breadcrumb\":{\"@id\":\"https:\/\/apprende.jalisco.gob.mx\/formacion-del-caracter\/#breadcrumb\"},\"inLanguage\":\"es-MX\",\"potentialAction\":[{\"@type\":\"ReadAction\",\"target\":[\"https:\/\/apprende.jalisco.gob.mx\/formacion-del-caracter\/\"]}]},{\"@type\":\"BreadcrumbList\",\"@id\":\"https:\/\/apprende.jalisco.gob.mx\/formacion-del-caracter\/#breadcrumb\",\"itemListElement\":[{\"@type\":\"ListItem\",\"position\":1,\"name\":\"Inicio\",\"item\":\"https:\/\/apprende.jalisco.gob.mx\/formacion-del-caracter\/\"},{\"@type\":\"ListItem\",\"position\":2,\"name\":\"Inicio\"}]},{\"@type\":\"WebSite\",\"@id\":\"https:\/\/apprende.jalisco.gob.mx\/formacion-del-caracter\/#website\",\"url\":\"https:\/\/apprende.jalisco.gob.mx\/formacion-del-caracter\/\",\"name\":\"Formaci\u00f3n del Car\u00e1cter\",\"description\":\"Micrositio\",\"publisher\":{\"@id\":\"https:\/\/apprende.jalisco.gob.mx\/formacion-del-caracter\/#organization\"},\"potentialAction\":[{\"@type\":\"SearchAction\",\"target\":{\"@type\":\"EntryPoint\",\"urlTemplate\":\"https:\/\/apprende.jalisco.gob.mx\/formacion-del-caracter\/?s={search_term_string}\"},\"query-input\":\"required name=search_term_string\"}],\"inLanguage\":\"es-MX\"},{\"@type\":\"Organization\",\"@id\":\"https:\/\/apprende.jalisco.gob.mx\/formacion-del-caracter\/#organization\",\"name\":\"Formaci\u00f3n del Car\u00e1cter\",\"url\":\"https:\/\/apprende.jalisco.gob.mx\/formacion-del-caracter\/\",\"logo\":{\"@type\":\"ImageObject\",\"inLanguage\":\"es-MX\",\"@id\":\"https:\/\/apprende.jalisco.gob.mx\/formacion-del-caracter\/#\/schema\/logo\/image\/\",\"url\":\"https:\/\/apprende.jalisco.gob.mx\/formacion-del-caracter\/wp-content\/uploads\/sites\/61\/2022\/03\/logo-Educacion2025.png\",\"contentUrl\":\"https:\/\/apprende.jalisco.gob.mx\/formacion-del-caracter\/wp-content\/uploads\/sites\/61\/2022\/03\/logo-Educacion2025.png\",\"width\":427,\"height\":108,\"caption\":\"Formaci\u00f3n del Car\u00e1cter\"},\"image\":{\"@id\":\"https:\/\/apprende.jalisco.gob.mx\/formacion-del-caracter\/#\/schema\/logo\/image\/\"}}]}<\/script>\n<!-- \/ Yoast SEO Premium plugin. -->","yoast_head_json":{"title":"Inicio - Formaci\u00f3n del Car\u00e1cter","robots":{"index":"index","follow":"follow","max-snippet":"max-snippet:-1","max-image-preview":"max-image-preview:large","max-video-preview":"max-video-preview:-1"},"canonical":"https:\/\/apprende.jalisco.gob.mx\/formacion-del-caracter\/","og_locale":"es_MX","og_type":"article","og_title":"Inicio","og_description":"La Formaci\u00f3n del Car\u00e1cter Al Estilo Jalisco coloca al ser humano en el centro. Busca fortalecer virtudes que orientan la vida personal, escolar y comunitaria, construyendo ciudadan\u00eda responsable, emp\u00e1tica y participativa. Este espacio digital re\u00fane recursos materiales y experiencias que acompa\u00f1an a familias, maestras y maestros y estudiantes en este camino. Descubre el Marco de &hellip; Inicio Leer m\u00e1s &raquo;","og_url":"https:\/\/apprende.jalisco.gob.mx\/formacion-del-caracter\/","og_site_name":"Formaci\u00f3n del Car\u00e1cter","article_modified_time":"2026-03-12T20:10:45+00:00","og_image":[{"url":"https:\/\/apprende.jalisco.gob.mx\/formacion-del-caracter\/wp-content\/uploads\/sites\/61\/2025\/10\/VIRTUDES-300x290.png"}],"twitter_card":"summary_large_image","twitter_misc":{"Tiempo de lectura":"8 minutos"},"schema":{"@context":"https:\/\/schema.org","@graph":[{"@type":"WebPage","@id":"https:\/\/apprende.jalisco.gob.mx\/formacion-del-caracter\/","url":"https:\/\/apprende.jalisco.gob.mx\/formacion-del-caracter\/","name":"Inicio - Formaci\u00f3n del Car\u00e1cter","isPartOf":{"@id":"https:\/\/apprende.jalisco.gob.mx\/formacion-del-caracter\/#website"},"datePublished":"2022-03-17T18:40:56+00:00","dateModified":"2026-03-12T20:10:45+00:00","breadcrumb":{"@id":"https:\/\/apprende.jalisco.gob.mx\/formacion-del-caracter\/#breadcrumb"},"inLanguage":"es-MX","potentialAction":[{"@type":"ReadAction","target":["https:\/\/apprende.jalisco.gob.mx\/formacion-del-caracter\/"]}]},{"@type":"BreadcrumbList","@id":"https:\/\/apprende.jalisco.gob.mx\/formacion-del-caracter\/#breadcrumb","itemListElement":[{"@type":"ListItem","position":1,"name":"Inicio","item":"https:\/\/apprende.jalisco.gob.mx\/formacion-del-caracter\/"},{"@type":"ListItem","position":2,"name":"Inicio"}]},{"@type":"WebSite","@id":"https:\/\/apprende.jalisco.gob.mx\/formacion-del-caracter\/#website","url":"https:\/\/apprende.jalisco.gob.mx\/formacion-del-caracter\/","name":"Formaci\u00f3n del Car\u00e1cter","description":"Micrositio","publisher":{"@id":"https:\/\/apprende.jalisco.gob.mx\/formacion-del-caracter\/#organization"},"potentialAction":[{"@type":"SearchAction","target":{"@type":"EntryPoint","urlTemplate":"https:\/\/apprende.jalisco.gob.mx\/formacion-del-caracter\/?s={search_term_string}"},"query-input":"required name=search_term_string"}],"inLanguage":"es-MX"},{"@type":"Organization","@id":"https:\/\/apprende.jalisco.gob.mx\/formacion-del-caracter\/#organization","name":"Formaci\u00f3n del Car\u00e1cter","url":"https:\/\/apprende.jalisco.gob.mx\/formacion-del-caracter\/","logo":{"@type":"ImageObject","inLanguage":"es-MX","@id":"https:\/\/apprende.jalisco.gob.mx\/formacion-del-caracter\/#\/schema\/logo\/image\/","url":"https:\/\/apprende.jalisco.gob.mx\/formacion-del-caracter\/wp-content\/uploads\/sites\/61\/2022\/03\/logo-Educacion2025.png","contentUrl":"https:\/\/apprende.jalisco.gob.mx\/formacion-del-caracter\/wp-content\/uploads\/sites\/61\/2022\/03\/logo-Educacion2025.png","width":427,"height":108,"caption":"Formaci\u00f3n del Car\u00e1cter"},"image":{"@id":"https:\/\/apprende.jalisco.gob.mx\/formacion-del-caracter\/#\/schema\/logo\/image\/"}}]}},"_links":{"self":[{"href":"https:\/\/apprende.jalisco.gob.mx\/formacion-del-caracter\/wp-json\/wp\/v2\/pages\/11"}],"collection":[{"href":"https:\/\/apprende.jalisco.gob.mx\/formacion-del-caracter\/wp-json\/wp\/v2\/pages"}],"about":[{"href":"https:\/\/apprende.jalisco.gob.mx\/formacion-del-caracter\/wp-json\/wp\/v2\/types\/page"}],"author":[{"embeddable":true,"href":"https:\/\/apprende.jalisco.gob.mx\/formacion-del-caracter\/wp-json\/wp\/v2\/users\/1"}],"replies":[{"embeddable":true,"href":"https:\/\/apprende.jalisco.gob.mx\/formacion-del-caracter\/wp-json\/wp\/v2\/comments?post=11"}],"version-history":[{"count":1386,"href":"https:\/\/apprende.jalisco.gob.mx\/formacion-del-caracter\/wp-json\/wp\/v2\/pages\/11\/revisions"}],"predecessor-version":[{"id":4472,"href":"https:\/\/apprende.jalisco.gob.mx\/formacion-del-caracter\/wp-json\/wp\/v2\/pages\/11\/revisions\/4472"}],"wp:attachment":[{"href":"https:\/\/apprende.jalisco.gob.mx\/formacion-del-caracter\/wp-json\/wp\/v2\/media?parent=11"}],"curies":[{"name":"wp","href":"https:\/\/api.w.org\/{rel}","templated":true}]}}