{"id":3308,"date":"2025-08-19T13:46:11","date_gmt":"2025-08-19T19:46:11","guid":{"rendered":"https:\/\/apprende.jalisco.gob.mx\/formacion-del-caracter\/?page_id=3308"},"modified":"2026-03-12T14:12:16","modified_gmt":"2026-03-12T20:12:16","slug":"personalsej","status":"publish","type":"page","link":"https:\/\/apprende.jalisco.gob.mx\/formacion-del-caracter\/personalsej\/","title":{"rendered":"Personal de la SEJ"},"content":{"rendered":"\t\t<div data-elementor-type=\"wp-page\" data-elementor-id=\"3308\" class=\"elementor elementor-3308\" data-elementor-post-type=\"page\">\n\t\t\t\t\t\t\t\t\t<section class=\"elementor-section elementor-top-section elementor-element elementor-element-f045e25 elementor-section-boxed elementor-section-height-default elementor-section-height-default\" data-id=\"f045e25\" data-element_type=\"section\" data-settings=\"{&quot;ekit_has_onepagescroll_dot&quot;:&quot;yes&quot;}\">\n\t\t\t\t\t\t<div class=\"elementor-container elementor-column-gap-default\">\n\t\t\t\t\t<div class=\"elementor-column elementor-col-100 elementor-top-column elementor-element elementor-element-5436e34\" data-id=\"5436e34\" data-element_type=\"column\">\n\t\t\t<div class=\"elementor-widget-wrap elementor-element-populated\">\n\t\t\t\t\t\t\t\t<div class=\"elementor-element elementor-element-53a1a9e elementor-widget elementor-widget-spacer\" data-id=\"53a1a9e\" data-element_type=\"widget\" data-settings=\"{&quot;ekit_we_effect_on&quot;:&quot;none&quot;}\" data-widget_type=\"spacer.default\">\n\t\t\t\t<div class=\"elementor-widget-container\">\n\t\t\t\t\t<div class=\"elementor-spacer\">\n\t\t\t<div class=\"elementor-spacer-inner\"><\/div>\n\t\t<\/div>\n\t\t\t\t<\/div>\n\t\t\t\t<\/div>\n\t\t\t\t<div class=\"elementor-element elementor-element-79bb563 elementor-widget elementor-widget-heading\" data-id=\"79bb563\" data-element_type=\"widget\" data-settings=\"{&quot;ekit_we_effect_on&quot;:&quot;none&quot;}\" data-widget_type=\"heading.default\">\n\t\t\t\t<div class=\"elementor-widget-container\">\n\t\t\t<h1 class=\"elementor-heading-title elementor-size-default\">Personal de la SEJ<\/h1>\t\t<\/div>\n\t\t\t\t<\/div>\n\t\t\t\t<div class=\"elementor-element elementor-element-59ed4a6 elementor-widget-divider--view-line elementor-widget elementor-widget-divider\" data-id=\"59ed4a6\" data-element_type=\"widget\" data-settings=\"{&quot;ekit_we_effect_on&quot;:&quot;none&quot;}\" data-widget_type=\"divider.default\">\n\t\t\t\t<div class=\"elementor-widget-container\">\n\t\t\t\t\t<div class=\"elementor-divider\">\n\t\t\t<span class=\"elementor-divider-separator\">\n\t\t\t\t\t\t<\/span>\n\t\t<\/div>\n\t\t\t\t<\/div>\n\t\t\t\t<\/div>\n\t\t\t\t\t<\/div>\n\t\t<\/div>\n\t\t\t\t\t\t\t<\/div>\n\t\t<\/section>\n\t\t\t\t<section class=\"elementor-section elementor-top-section elementor-element elementor-element-98aae2a elementor-section-boxed elementor-section-height-default elementor-section-height-default\" data-id=\"98aae2a\" data-element_type=\"section\" data-settings=\"{&quot;ekit_has_onepagescroll_dot&quot;:&quot;yes&quot;}\">\n\t\t\t\t\t\t<div class=\"elementor-container elementor-column-gap-default\">\n\t\t\t\t\t<div class=\"elementor-column elementor-col-25 elementor-top-column elementor-element elementor-element-d78f69d\" data-id=\"d78f69d\" data-element_type=\"column\">\n\t\t\t<div class=\"elementor-widget-wrap elementor-element-populated\">\n\t\t\t\t\t\t\t\t<div class=\"elementor-element elementor-element-f85f8ab elementor-flip-box--direction-right elementor-flip-box--effect-flip elementor-widget elementor-widget-flip-box\" data-id=\"f85f8ab\" data-element_type=\"widget\" data-settings=\"{&quot;ekit_we_effect_on&quot;:&quot;none&quot;}\" data-widget_type=\"flip-box.default\">\n\t\t\t\t<div class=\"elementor-widget-container\">\n\t\t\t\t\t<div class=\"elementor-flip-box\" tabindex=\"0\">\n\t\t\t<div class=\"elementor-flip-box__layer elementor-flip-box__front\">\n\t\t\t\t<div class=\"elementor-flip-box__layer__overlay\">\n\t\t\t\t\t<div class=\"elementor-flip-box__layer__inner\">\n\t\t\t\t\t\t\t\t\t\t\t\t\t<div class=\"elementor-flip-box__image\">\n\t\t\t\t\t\t\t\t<img decoding=\"async\" width=\"712\" height=\"923\" src=\"https:\/\/apprende.jalisco.gob.mx\/formacion-del-caracter\/wp-content\/uploads\/sites\/61\/2025\/10\/FRAMEWORK-Final.png\" class=\"attachment-full size-full wp-image-3914\" alt=\"\" srcset=\"https:\/\/apprende.jalisco.gob.mx\/formacion-del-caracter\/wp-content\/uploads\/sites\/61\/2025\/10\/FRAMEWORK-Final.png 712w, https:\/\/apprende.jalisco.gob.mx\/formacion-del-caracter\/wp-content\/uploads\/sites\/61\/2025\/10\/FRAMEWORK-Final-231x300.png 231w\" sizes=\"(max-width: 712px) 100vw, 712px\" \/>\t\t\t\t\t\t\t<\/div>\n\t\t\t\t\t\t\n\t\t\t\t\t\t\t\t\t\t\t\t\t<h5 class=\"elementor-flip-box__layer__title\">\n\t\t\t\t\t\t\t\tFormaci\u00f3n del Car\u00e1cter Al Estilo Jalisco\t\t\t\t\t\t\t<\/h5>\n\t\t\t\t\t\t\n\t\t\t\t\t\t\t\t\t\t\t\t\t<div class=\"elementor-flip-box__layer__description\">\n\t\t\t\t\t\t\t\tFramework\t\t\t\t\t\t\t<\/div>\n\t\t\t\t\t\t\t\t\t\t\t<\/div>\n\t\t\t\t<\/div>\n\t\t\t<\/div>\n\t\t\t<div class=\"elementor-flip-box__layer elementor-flip-box__back\">\n\t\t\t<div class=\"elementor-flip-box__layer__overlay\">\n\t\t\t\t<div class=\"elementor-flip-box__layer__inner\">\n\t\t\t\t\t\n\t\t\t\t\t\t\t\t\t\t\t<div class=\"elementor-flip-box__layer__description\">\n\t\t\t\t\t\t\tEl marco que orienta nuestra acci\u00f3n educativa hacia una ciudadan\u00eda virtuosa y comprometida.\n\n<br><a href=\"https:\/\/apprende.jalisco.gob.mx\/formacion-del-caracter\/wp-content\/uploads\/sites\/61\/2026\/03\/FRAME20.pdf\" target=\"_blank\" > Descargar<\/a>\t\t\t\t\t\t<\/div>\n\t\t\t\t\t\n\t\t\t\t\t\t\t\t<\/div>\n\t\t<\/div>\n\t\t<\/div>\n\t\t<\/div>\n\t\t\t\t<\/div>\n\t\t\t\t<\/div>\n\t\t\t\t\t<\/div>\n\t\t<\/div>\n\t\t\t\t<div class=\"elementor-column elementor-col-25 elementor-top-column elementor-element elementor-element-8bd5afe\" data-id=\"8bd5afe\" data-element_type=\"column\">\n\t\t\t<div class=\"elementor-widget-wrap elementor-element-populated\">\n\t\t\t\t\t\t\t\t<div class=\"elementor-element elementor-element-dcbe3e5 elementor-flip-box--direction-right elementor-flip-box--effect-flip elementor-widget elementor-widget-flip-box\" data-id=\"dcbe3e5\" data-element_type=\"widget\" data-settings=\"{&quot;ekit_we_effect_on&quot;:&quot;none&quot;}\" data-widget_type=\"flip-box.default\">\n\t\t\t\t<div class=\"elementor-widget-container\">\n\t\t\t\t\t<div class=\"elementor-flip-box\" tabindex=\"0\">\n\t\t\t<div class=\"elementor-flip-box__layer elementor-flip-box__front\">\n\t\t\t\t<div class=\"elementor-flip-box__layer__overlay\">\n\t\t\t\t\t<div class=\"elementor-flip-box__layer__inner\">\n\t\t\t\t\t\t\t\t\t\t\t\t\t<div class=\"elementor-flip-box__image\">\n\t\t\t\t\t\t\t\t<img decoding=\"async\" width=\"1565\" height=\"855\" src=\"https:\/\/apprende.jalisco.gob.mx\/formacion-del-caracter\/wp-content\/uploads\/sites\/61\/2025\/10\/PROMOTORES-Taller.png\" class=\"attachment-full size-full wp-image-3915\" alt=\"\" srcset=\"https:\/\/apprende.jalisco.gob.mx\/formacion-del-caracter\/wp-content\/uploads\/sites\/61\/2025\/10\/PROMOTORES-Taller.png 1565w, https:\/\/apprende.jalisco.gob.mx\/formacion-del-caracter\/wp-content\/uploads\/sites\/61\/2025\/10\/PROMOTORES-Taller-300x164.png 300w, https:\/\/apprende.jalisco.gob.mx\/formacion-del-caracter\/wp-content\/uploads\/sites\/61\/2025\/10\/PROMOTORES-Taller-1024x559.png 1024w, https:\/\/apprende.jalisco.gob.mx\/formacion-del-caracter\/wp-content\/uploads\/sites\/61\/2025\/10\/PROMOTORES-Taller-768x420.png 768w, https:\/\/apprende.jalisco.gob.mx\/formacion-del-caracter\/wp-content\/uploads\/sites\/61\/2025\/10\/PROMOTORES-Taller-1536x839.png 1536w\" sizes=\"(max-width: 1565px) 100vw, 1565px\" \/>\t\t\t\t\t\t\t<\/div>\n\t\t\t\t\t\t\n\t\t\t\t\t\t\t\t\t\t\t\t\t<h5 class=\"elementor-flip-box__layer__title\">\n\t\t\t\t\t\t\t\tFormaci\u00f3n del car\u00e1cter para promotores\t\t\t\t\t\t\t<\/h5>\n\t\t\t\t\t\t\n\t\t\t\t\t\t\t\t\t\t\t\t\t<div class=\"elementor-flip-box__layer__description\">\n\t\t\t\t\t\t\t\tTaller \t\t\t\t\t\t\t<\/div>\n\t\t\t\t\t\t\t\t\t\t\t<\/div>\n\t\t\t\t<\/div>\n\t\t\t<\/div>\n\t\t\t<div class=\"elementor-flip-box__layer elementor-flip-box__back\">\n\t\t\t<div class=\"elementor-flip-box__layer__overlay\">\n\t\t\t\t<div class=\"elementor-flip-box__layer__inner\">\n\t\t\t\t\t\n\t\t\t\t\t\t\t\t\t\t\t<div class=\"elementor-flip-box__layer__description\">\n\t\t\t\t\t\t\tUn espacio para fortalecer liderazgos, inspirar a otros y activar comunidades escolares con sentido.<br>\n<a href=\"https:\/\/apprende.jalisco.gob.mx\/formacion-del-caracter\/wp-content\/uploads\/sites\/61\/2025\/10\/PROMOTORES-Taller.pdf\">Descargar<\/a>\t\t\t\t\t\t<\/div>\n\t\t\t\t\t\n\t\t\t\t\t\t\t\t<\/div>\n\t\t<\/div>\n\t\t<\/div>\n\t\t<\/div>\n\t\t\t\t<\/div>\n\t\t\t\t<\/div>\n\t\t\t\t\t<\/div>\n\t\t<\/div>\n\t\t\t\t<div class=\"elementor-column elementor-col-25 elementor-top-column elementor-element elementor-element-0d1e63e\" data-id=\"0d1e63e\" data-element_type=\"column\">\n\t\t\t<div class=\"elementor-widget-wrap elementor-element-populated\">\n\t\t\t\t\t\t\t\t<div class=\"elementor-element elementor-element-8f22edf elementor-flip-box--direction-right elementor-flip-box--effect-flip elementor-widget elementor-widget-flip-box\" data-id=\"8f22edf\" data-element_type=\"widget\" data-settings=\"{&quot;ekit_we_effect_on&quot;:&quot;none&quot;}\" data-widget_type=\"flip-box.default\">\n\t\t\t\t<div class=\"elementor-widget-container\">\n\t\t\t\t\t<div class=\"elementor-flip-box\" tabindex=\"0\">\n\t\t\t<div class=\"elementor-flip-box__layer elementor-flip-box__front\">\n\t\t\t\t<div class=\"elementor-flip-box__layer__overlay\">\n\t\t\t\t\t<div class=\"elementor-flip-box__layer__inner\">\n\t\t\t\t\t\t\t\t\t\t\t\t\t<div class=\"elementor-flip-box__image\">\n\t\t\t\t\t\t\t\t<img decoding=\"async\" width=\"640\" height=\"360\" src=\"https:\/\/apprende.jalisco.gob.mx\/formacion-del-caracter\/wp-content\/uploads\/sites\/61\/2025\/11\/LAB001.png\" class=\"attachment-full size-full wp-image-4415\" alt=\"\" srcset=\"https:\/\/apprende.jalisco.gob.mx\/formacion-del-caracter\/wp-content\/uploads\/sites\/61\/2025\/11\/LAB001.png 640w, https:\/\/apprende.jalisco.gob.mx\/formacion-del-caracter\/wp-content\/uploads\/sites\/61\/2025\/11\/LAB001-300x169.png 300w\" sizes=\"(max-width: 640px) 100vw, 640px\" \/>\t\t\t\t\t\t\t<\/div>\n\t\t\t\t\t\t\n\t\t\t\t\t\t\t\t\t\t\t\t\t<h5 class=\"elementor-flip-box__layer__title\">\n\t\t\t\t\t\t\t\tFormaci\u00f3n del car\u00e1cter\t\t\t\t\t\t\t<\/h5>\n\t\t\t\t\t\t\n\t\t\t\t\t\t\t\t\t\t\t\t\t<div class=\"elementor-flip-box__layer__description\">\n\t\t\t\t\t\t\t\tLaboratorio de Innovaci\u00f3n\t\t\t\t\t\t\t<\/div>\n\t\t\t\t\t\t\t\t\t\t\t<\/div>\n\t\t\t\t<\/div>\n\t\t\t<\/div>\n\t\t\t<div class=\"elementor-flip-box__layer elementor-flip-box__back\">\n\t\t\t<div class=\"elementor-flip-box__layer__overlay\">\n\t\t\t\t<div class=\"elementor-flip-box__layer__inner\">\n\t\t\t\t\t\n\t\t\t\t\t\t\t\t\t\t\t<div class=\"elementor-flip-box__layer__description\">\n\t\t\t\t\t\t\tUn espacio para imaginar, crear y transformar la educaci\u00f3n desde las virtudes.<br>\n<a href=\"https:\/\/academy.jalisco.gob.mx\/login\" target=\"_blank\">Link<\/a>\n\n\t\t\t\t\t\t<\/div>\n\t\t\t\t\t\n\t\t\t\t\t\t\t\t<\/div>\n\t\t<\/div>\n\t\t<\/div>\n\t\t<\/div>\n\t\t\t\t<\/div>\n\t\t\t\t<\/div>\n\t\t\t\t\t<\/div>\n\t\t<\/div>\n\t\t\t\t<div class=\"elementor-column elementor-col-25 elementor-top-column elementor-element elementor-element-a7e6729\" data-id=\"a7e6729\" data-element_type=\"column\">\n\t\t\t<div class=\"elementor-widget-wrap elementor-element-populated\">\n\t\t\t\t\t\t\t\t<div class=\"elementor-element elementor-element-8e81660 elementor-flip-box--direction-right elementor-flip-box--effect-flip elementor-widget elementor-widget-flip-box\" data-id=\"8e81660\" data-element_type=\"widget\" data-settings=\"{&quot;ekit_we_effect_on&quot;:&quot;none&quot;}\" data-widget_type=\"flip-box.default\">\n\t\t\t\t<div class=\"elementor-widget-container\">\n\t\t\t\t\t<div class=\"elementor-flip-box\" tabindex=\"0\">\n\t\t\t<div class=\"elementor-flip-box__layer elementor-flip-box__front\">\n\t\t\t\t<div class=\"elementor-flip-box__layer__overlay\">\n\t\t\t\t\t<div class=\"elementor-flip-box__layer__inner\">\n\t\t\t\t\t\t\t\t\t\t\t\t\t<div class=\"elementor-flip-box__image\">\n\t\t\t\t\t\t\t\t<img decoding=\"async\" width=\"778\" height=\"751\" src=\"https:\/\/apprende.jalisco.gob.mx\/formacion-del-caracter\/wp-content\/uploads\/sites\/61\/2025\/10\/VIRTUDES.png\" class=\"attachment-full size-full wp-image-3858\" alt=\"\" srcset=\"https:\/\/apprende.jalisco.gob.mx\/formacion-del-caracter\/wp-content\/uploads\/sites\/61\/2025\/10\/VIRTUDES.png 778w, https:\/\/apprende.jalisco.gob.mx\/formacion-del-caracter\/wp-content\/uploads\/sites\/61\/2025\/10\/VIRTUDES-300x290.png 300w, https:\/\/apprende.jalisco.gob.mx\/formacion-del-caracter\/wp-content\/uploads\/sites\/61\/2025\/10\/VIRTUDES-768x741.png 768w\" sizes=\"(max-width: 778px) 100vw, 778px\" \/>\t\t\t\t\t\t\t<\/div>\n\t\t\t\t\t\t\n\t\t\t\t\t\t\t\t\t\t\t\t\t<h6 class=\"elementor-flip-box__layer__title\">\n\t\t\t\t\t\t\t\tVirtudes Al Estilo Jalisco\t\t\t\t\t\t\t<\/h6>\n\t\t\t\t\t\t\n\t\t\t\t\t\t\t\t\t\t\t\t\t<div class=\"elementor-flip-box__layer__description\">\n\t\t\t\t\t\t\t\tFichas de trabajo\t\t\t\t\t\t\t<\/div>\n\t\t\t\t\t\t\t\t\t\t\t<\/div>\n\t\t\t\t<\/div>\n\t\t\t<\/div>\n\t\t\t<div class=\"elementor-flip-box__layer elementor-flip-box__back\">\n\t\t\t<div class=\"elementor-flip-box__layer__overlay\">\n\t\t\t\t<div class=\"elementor-flip-box__layer__inner\">\n\t\t\t\t\t\n\t\t\t\t\t\t\t\t\t\t\t<div class=\"elementor-flip-box__layer__description\">\n\t\t\t\t\t\t\tDise\u00f1adas para acompa\u00f1ar a tus estudiantes en la reflexi\u00f3n, la pr\u00e1ctica y la integraci\u00f3n de virtudes en su historia personal.<br>\n<a href=\"https:\/\/apprende.jalisco.gob.mx\/formacion-del-caracter\/fichas-de-trabajo\/\">Link<\/a>\t\t\t\t\t\t<\/div>\n\t\t\t\t\t\n\t\t\t\t\t\t\t\t<\/div>\n\t\t<\/div>\n\t\t<\/div>\n\t\t<\/div>\n\t\t\t\t<\/div>\n\t\t\t\t<\/div>\n\t\t\t\t\t<\/div>\n\t\t<\/div>\n\t\t\t\t\t\t\t<\/div>\n\t\t<\/section>\n\t\t\t\t\t\t\t<\/div>\n\t\t","protected":false},"excerpt":{"rendered":"<p>Personal de la SEJ Formaci\u00f3n del Car\u00e1cter Al Estilo Jalisco Framework El marco que orienta nuestra acci\u00f3n educativa hacia una ciudadan\u00eda virtuosa y comprometida. Descargar Formaci\u00f3n del car\u00e1cter para promotores Taller Un espacio para fortalecer liderazgos, inspirar a otros y activar comunidades escolares con sentido. Descargar Formaci\u00f3n del car\u00e1cter Laboratorio de Innovaci\u00f3n Un espacio para &hellip;<\/p>\n<p class=\"read-more\"> <a class=\"\" href=\"https:\/\/apprende.jalisco.gob.mx\/formacion-del-caracter\/personalsej\/\"> <span class=\"screen-reader-text\">Personal de la SEJ<\/span> Leer m\u00e1s &raquo;<\/a><\/p>\n","protected":false},"author":8,"featured_media":0,"parent":0,"menu_order":0,"comment_status":"closed","ping_status":"closed","template":"","meta":{"_monsterinsights_skip_tracking":false,"_monsterinsights_sitenote_active":false,"_monsterinsights_sitenote_note":"","_monsterinsights_sitenote_category":0,"site-sidebar-layout":"no-sidebar","site-content-layout":"page-builder","ast-site-content-layout":"full-width-container","site-content-style":"unboxed","site-sidebar-style":"unboxed","ast-global-header-display":"","ast-banner-title-visibility":"","ast-main-header-display":"","ast-hfb-above-header-display":"","ast-hfb-below-header-display":"","ast-hfb-mobile-header-display":"","site-post-title":"disabled","ast-breadcrumbs-content":"","ast-featured-img":"","footer-sml-layout":"","theme-transparent-header-meta":"default","adv-header-id-meta":"","stick-header-meta":"disabled","header-above-stick-meta":"","header-main-stick-meta":"","header-below-stick-meta":"","astra-migrate-meta-layouts":"set","ep_exclude_from_search":false,"footnotes":""},"acf":[],"yoast_head":"<!-- This site is optimized with the Yoast SEO Premium plugin v17.7 (Yoast SEO v21.0) - https:\/\/yoast.com\/wordpress\/plugins\/seo\/ -->\n<title>Personal de la SEJ - Formaci\u00f3n del Car\u00e1cter<\/title>\n<meta name=\"robots\" content=\"index, follow, max-snippet:-1, max-image-preview:large, max-video-preview:-1\" \/>\n<link rel=\"canonical\" href=\"https:\/\/apprende.jalisco.gob.mx\/formacion-del-caracter\/personalsej\/\" \/>\n<meta property=\"og:locale\" content=\"es_MX\" \/>\n<meta property=\"og:type\" content=\"article\" \/>\n<meta property=\"og:title\" content=\"Personal de la SEJ\" \/>\n<meta property=\"og:description\" content=\"Personal de la SEJ Formaci\u00f3n del Car\u00e1cter Al Estilo Jalisco Framework El marco que orienta nuestra acci\u00f3n educativa hacia una ciudadan\u00eda virtuosa y comprometida. Descargar Formaci\u00f3n del car\u00e1cter para promotores Taller Un espacio para fortalecer liderazgos, inspirar a otros y activar comunidades escolares con sentido. Descargar Formaci\u00f3n del car\u00e1cter Laboratorio de Innovaci\u00f3n Un espacio para &hellip; Personal de la SEJ Leer m\u00e1s &raquo;\" \/>\n<meta property=\"og:url\" content=\"https:\/\/apprende.jalisco.gob.mx\/formacion-del-caracter\/personalsej\/\" \/>\n<meta property=\"og:site_name\" content=\"Formaci\u00f3n del Car\u00e1cter\" \/>\n<meta property=\"article:modified_time\" content=\"2026-03-12T20:12:16+00:00\" \/>\n<meta property=\"og:image\" content=\"https:\/\/apprende.jalisco.gob.mx\/formacion-del-caracter\/wp-content\/uploads\/sites\/61\/2025\/10\/FRAMEWORK-Final.png\" \/>\n<meta name=\"twitter:card\" content=\"summary_large_image\" \/>\n<meta name=\"twitter:label1\" content=\"Tiempo de lectura\" \/>\n\t<meta name=\"twitter:data1\" content=\"2 minutos\" \/>\n<script type=\"application\/ld+json\" class=\"yoast-schema-graph\">{\"@context\":\"https:\/\/schema.org\",\"@graph\":[{\"@type\":\"WebPage\",\"@id\":\"https:\/\/apprende.jalisco.gob.mx\/formacion-del-caracter\/personalsej\/\",\"url\":\"https:\/\/apprende.jalisco.gob.mx\/formacion-del-caracter\/personalsej\/\",\"name\":\"Personal de la SEJ - Formaci\u00f3n del Car\u00e1cter\",\"isPartOf\":{\"@id\":\"https:\/\/apprende.jalisco.gob.mx\/formacion-del-caracter\/#website\"},\"datePublished\":\"2025-08-19T19:46:11+00:00\",\"dateModified\":\"2026-03-12T20:12:16+00:00\",\"breadcrumb\":{\"@id\":\"https:\/\/apprende.jalisco.gob.mx\/formacion-del-caracter\/personalsej\/#breadcrumb\"},\"inLanguage\":\"es-MX\",\"potentialAction\":[{\"@type\":\"ReadAction\",\"target\":[\"https:\/\/apprende.jalisco.gob.mx\/formacion-del-caracter\/personalsej\/\"]}]},{\"@type\":\"BreadcrumbList\",\"@id\":\"https:\/\/apprende.jalisco.gob.mx\/formacion-del-caracter\/personalsej\/#breadcrumb\",\"itemListElement\":[{\"@type\":\"ListItem\",\"position\":1,\"name\":\"Inicio\",\"item\":\"https:\/\/apprende.jalisco.gob.mx\/formacion-del-caracter\/\"},{\"@type\":\"ListItem\",\"position\":2,\"name\":\"Personal de la SEJ\"}]},{\"@type\":\"WebSite\",\"@id\":\"https:\/\/apprende.jalisco.gob.mx\/formacion-del-caracter\/#website\",\"url\":\"https:\/\/apprende.jalisco.gob.mx\/formacion-del-caracter\/\",\"name\":\"Formaci\u00f3n del Car\u00e1cter\",\"description\":\"Micrositio\",\"publisher\":{\"@id\":\"https:\/\/apprende.jalisco.gob.mx\/formacion-del-caracter\/#organization\"},\"potentialAction\":[{\"@type\":\"SearchAction\",\"target\":{\"@type\":\"EntryPoint\",\"urlTemplate\":\"https:\/\/apprende.jalisco.gob.mx\/formacion-del-caracter\/?s={search_term_string}\"},\"query-input\":\"required name=search_term_string\"}],\"inLanguage\":\"es-MX\"},{\"@type\":\"Organization\",\"@id\":\"https:\/\/apprende.jalisco.gob.mx\/formacion-del-caracter\/#organization\",\"name\":\"Formaci\u00f3n del Car\u00e1cter\",\"url\":\"https:\/\/apprende.jalisco.gob.mx\/formacion-del-caracter\/\",\"logo\":{\"@type\":\"ImageObject\",\"inLanguage\":\"es-MX\",\"@id\":\"https:\/\/apprende.jalisco.gob.mx\/formacion-del-caracter\/#\/schema\/logo\/image\/\",\"url\":\"https:\/\/apprende.jalisco.gob.mx\/formacion-del-caracter\/wp-content\/uploads\/sites\/61\/2022\/03\/logo-Educacion2025.png\",\"contentUrl\":\"https:\/\/apprende.jalisco.gob.mx\/formacion-del-caracter\/wp-content\/uploads\/sites\/61\/2022\/03\/logo-Educacion2025.png\",\"width\":427,\"height\":108,\"caption\":\"Formaci\u00f3n del Car\u00e1cter\"},\"image\":{\"@id\":\"https:\/\/apprende.jalisco.gob.mx\/formacion-del-caracter\/#\/schema\/logo\/image\/\"}}]}<\/script>\n<!-- \/ Yoast SEO Premium plugin. -->","yoast_head_json":{"title":"Personal de la SEJ - Formaci\u00f3n del Car\u00e1cter","robots":{"index":"index","follow":"follow","max-snippet":"max-snippet:-1","max-image-preview":"max-image-preview:large","max-video-preview":"max-video-preview:-1"},"canonical":"https:\/\/apprende.jalisco.gob.mx\/formacion-del-caracter\/personalsej\/","og_locale":"es_MX","og_type":"article","og_title":"Personal de la SEJ","og_description":"Personal de la SEJ Formaci\u00f3n del Car\u00e1cter Al Estilo Jalisco Framework El marco que orienta nuestra acci\u00f3n educativa hacia una ciudadan\u00eda virtuosa y comprometida. Descargar Formaci\u00f3n del car\u00e1cter para promotores Taller Un espacio para fortalecer liderazgos, inspirar a otros y activar comunidades escolares con sentido. Descargar Formaci\u00f3n del car\u00e1cter Laboratorio de Innovaci\u00f3n Un espacio para &hellip; Personal de la SEJ Leer m\u00e1s &raquo;","og_url":"https:\/\/apprende.jalisco.gob.mx\/formacion-del-caracter\/personalsej\/","og_site_name":"Formaci\u00f3n del Car\u00e1cter","article_modified_time":"2026-03-12T20:12:16+00:00","og_image":[{"url":"https:\/\/apprende.jalisco.gob.mx\/formacion-del-caracter\/wp-content\/uploads\/sites\/61\/2025\/10\/FRAMEWORK-Final.png"}],"twitter_card":"summary_large_image","twitter_misc":{"Tiempo de lectura":"2 minutos"},"schema":{"@context":"https:\/\/schema.org","@graph":[{"@type":"WebPage","@id":"https:\/\/apprende.jalisco.gob.mx\/formacion-del-caracter\/personalsej\/","url":"https:\/\/apprende.jalisco.gob.mx\/formacion-del-caracter\/personalsej\/","name":"Personal de la SEJ - Formaci\u00f3n del Car\u00e1cter","isPartOf":{"@id":"https:\/\/apprende.jalisco.gob.mx\/formacion-del-caracter\/#website"},"datePublished":"2025-08-19T19:46:11+00:00","dateModified":"2026-03-12T20:12:16+00:00","breadcrumb":{"@id":"https:\/\/apprende.jalisco.gob.mx\/formacion-del-caracter\/personalsej\/#breadcrumb"},"inLanguage":"es-MX","potentialAction":[{"@type":"ReadAction","target":["https:\/\/apprende.jalisco.gob.mx\/formacion-del-caracter\/personalsej\/"]}]},{"@type":"BreadcrumbList","@id":"https:\/\/apprende.jalisco.gob.mx\/formacion-del-caracter\/personalsej\/#breadcrumb","itemListElement":[{"@type":"ListItem","position":1,"name":"Inicio","item":"https:\/\/apprende.jalisco.gob.mx\/formacion-del-caracter\/"},{"@type":"ListItem","position":2,"name":"Personal de la SEJ"}]},{"@type":"WebSite","@id":"https:\/\/apprende.jalisco.gob.mx\/formacion-del-caracter\/#website","url":"https:\/\/apprende.jalisco.gob.mx\/formacion-del-caracter\/","name":"Formaci\u00f3n del Car\u00e1cter","description":"Micrositio","publisher":{"@id":"https:\/\/apprende.jalisco.gob.mx\/formacion-del-caracter\/#organization"},"potentialAction":[{"@type":"SearchAction","target":{"@type":"EntryPoint","urlTemplate":"https:\/\/apprende.jalisco.gob.mx\/formacion-del-caracter\/?s={search_term_string}"},"query-input":"required name=search_term_string"}],"inLanguage":"es-MX"},{"@type":"Organization","@id":"https:\/\/apprende.jalisco.gob.mx\/formacion-del-caracter\/#organization","name":"Formaci\u00f3n del Car\u00e1cter","url":"https:\/\/apprende.jalisco.gob.mx\/formacion-del-caracter\/","logo":{"@type":"ImageObject","inLanguage":"es-MX","@id":"https:\/\/apprende.jalisco.gob.mx\/formacion-del-caracter\/#\/schema\/logo\/image\/","url":"https:\/\/apprende.jalisco.gob.mx\/formacion-del-caracter\/wp-content\/uploads\/sites\/61\/2022\/03\/logo-Educacion2025.png","contentUrl":"https:\/\/apprende.jalisco.gob.mx\/formacion-del-caracter\/wp-content\/uploads\/sites\/61\/2022\/03\/logo-Educacion2025.png","width":427,"height":108,"caption":"Formaci\u00f3n del Car\u00e1cter"},"image":{"@id":"https:\/\/apprende.jalisco.gob.mx\/formacion-del-caracter\/#\/schema\/logo\/image\/"}}]}},"_links":{"self":[{"href":"https:\/\/apprende.jalisco.gob.mx\/formacion-del-caracter\/wp-json\/wp\/v2\/pages\/3308"}],"collection":[{"href":"https:\/\/apprende.jalisco.gob.mx\/formacion-del-caracter\/wp-json\/wp\/v2\/pages"}],"about":[{"href":"https:\/\/apprende.jalisco.gob.mx\/formacion-del-caracter\/wp-json\/wp\/v2\/types\/page"}],"author":[{"embeddable":true,"href":"https:\/\/apprende.jalisco.gob.mx\/formacion-del-caracter\/wp-json\/wp\/v2\/users\/8"}],"replies":[{"embeddable":true,"href":"https:\/\/apprende.jalisco.gob.mx\/formacion-del-caracter\/wp-json\/wp\/v2\/comments?post=3308"}],"version-history":[{"count":142,"href":"https:\/\/apprende.jalisco.gob.mx\/formacion-del-caracter\/wp-json\/wp\/v2\/pages\/3308\/revisions"}],"predecessor-version":[{"id":4475,"href":"https:\/\/apprende.jalisco.gob.mx\/formacion-del-caracter\/wp-json\/wp\/v2\/pages\/3308\/revisions\/4475"}],"wp:attachment":[{"href":"https:\/\/apprende.jalisco.gob.mx\/formacion-del-caracter\/wp-json\/wp\/v2\/media?parent=3308"}],"curies":[{"name":"wp","href":"https:\/\/api.w.org\/{rel}","templated":true}]}}