{"id":4147,"date":"2025-10-21T13:45:21","date_gmt":"2025-10-21T19:45:21","guid":{"rendered":"https:\/\/apprende.jalisco.gob.mx\/formacion-del-caracter\/?page_id=4147"},"modified":"2025-10-21T13:52:09","modified_gmt":"2025-10-21T19:52:09","slug":"materiales-de-apoyo","status":"publish","type":"page","link":"https:\/\/apprende.jalisco.gob.mx\/formacion-del-caracter\/materiales-de-apoyo\/","title":{"rendered":"Materiales de apoyo"},"content":{"rendered":"\t\t<div data-elementor-type=\"wp-page\" data-elementor-id=\"4147\" class=\"elementor elementor-4147\" data-elementor-post-type=\"page\">\n\t\t\t\t\t\t\t\t\t<section class=\"elementor-section elementor-top-section elementor-element elementor-element-7c41229 elementor-section-height-min-height elementor-section-full_width elementor-section-items-stretch elementor-section-height-default\" data-id=\"7c41229\" data-element_type=\"section\" id=\"consulta\" data-settings=\"{&quot;ekit_has_onepagescroll_dot&quot;:&quot;yes&quot;}\">\n\t\t\t\t\t\t<div class=\"elementor-container elementor-column-gap-no\">\n\t\t\t\t\t<div class=\"elementor-column elementor-col-100 elementor-top-column elementor-element elementor-element-1d9e0e1\" data-id=\"1d9e0e1\" data-element_type=\"column\">\n\t\t\t<div class=\"elementor-widget-wrap elementor-element-populated\">\n\t\t\t\t\t\t\t\t<div class=\"elementor-element elementor-element-791cdc9 elementor-widget elementor-widget-spacer\" data-id=\"791cdc9\" data-element_type=\"widget\" data-settings=\"{&quot;ekit_we_effect_on&quot;:&quot;none&quot;}\" data-widget_type=\"spacer.default\">\n\t\t\t\t<div class=\"elementor-widget-container\">\n\t\t\t\t\t<div class=\"elementor-spacer\">\n\t\t\t<div class=\"elementor-spacer-inner\"><\/div>\n\t\t<\/div>\n\t\t\t\t<\/div>\n\t\t\t\t<\/div>\n\t\t\t\t<div class=\"elementor-element elementor-element-72a2ca1 elementor-widget elementor-widget-heading\" data-id=\"72a2ca1\" data-element_type=\"widget\" data-settings=\"{&quot;ekit_we_effect_on&quot;:&quot;none&quot;}\" data-widget_type=\"heading.default\">\n\t\t\t\t<div class=\"elementor-widget-container\">\n\t\t\t<h2 class=\"elementor-heading-title elementor-size-default\">Materiales de apoyo<\/h2>\t\t<\/div>\n\t\t\t\t<\/div>\n\t\t\t\t\t<\/div>\n\t\t<\/div>\n\t\t\t\t\t\t\t<\/div>\n\t\t<\/section>\n\t\t\t\t<section class=\"elementor-section elementor-top-section elementor-element elementor-element-6a21b68 elementor-section-boxed elementor-section-height-default elementor-section-height-default\" data-id=\"6a21b68\" data-element_type=\"section\" data-settings=\"{&quot;ekit_has_onepagescroll_dot&quot;:&quot;yes&quot;}\">\n\t\t\t\t\t\t<div class=\"elementor-container elementor-column-gap-default\">\n\t\t\t\t\t<div class=\"elementor-column elementor-col-100 elementor-top-column elementor-element elementor-element-d1aa89c\" data-id=\"d1aa89c\" data-element_type=\"column\">\n\t\t\t<div class=\"elementor-widget-wrap elementor-element-populated\">\n\t\t\t\t\t\t\t\t<div class=\"elementor-element elementor-element-d466cd3 elementor-widget elementor-widget-accordion\" data-id=\"d466cd3\" data-element_type=\"widget\" data-settings=\"{&quot;ekit_we_effect_on&quot;:&quot;none&quot;}\" data-widget_type=\"accordion.default\">\n\t\t\t\t<div class=\"elementor-widget-container\">\n\t\t\t\t\t<div class=\"elementor-accordion\">\n\t\t\t\t\t\t\t<div class=\"elementor-accordion-item\">\n\t\t\t\t\t<div id=\"elementor-tab-title-2221\" class=\"elementor-tab-title\" data-tab=\"1\" role=\"button\" aria-controls=\"elementor-tab-content-2221\" aria-expanded=\"false\">\n\t\t\t\t\t\t\t\t\t\t\t\t\t<span class=\"elementor-accordion-icon elementor-accordion-icon-left\" aria-hidden=\"true\">\n\t\t\t\t\t\t\t\t\t\t\t\t\t\t\t<span class=\"elementor-accordion-icon-closed\"><i class=\"fas fa-plus\"><\/i><\/span>\n\t\t\t\t\t\t\t\t<span class=\"elementor-accordion-icon-opened\"><i class=\"fas fa-minus\"><\/i><\/span>\n\t\t\t\t\t\t\t\t\t\t\t\t\t\t<\/span>\n\t\t\t\t\t\t\t\t\t\t\t\t<a class=\"elementor-accordion-title\" tabindex=\"0\">Familia<\/a>\n\t\t\t\t\t<\/div>\n\t\t\t\t\t<div id=\"elementor-tab-content-2221\" class=\"elementor-tab-content elementor-clearfix\" data-tab=\"1\" role=\"region\" aria-labelledby=\"elementor-tab-title-2221\"><p><a href=\"https:\/\/www.youtube.com\/watch?v=-WXoNLUldFo\"><b>Recrea Familia. Encontrando el balance entre los l\u00edmites y el amor al educar.<\/b><\/a><\/p><p><a href=\"https:\/\/www.youtube.com\/watch?v=O3cE0bXvUlI&amp;list=PL6UhGvZdF4ui4NFAvwstaOq_ZNiaGpLyG&amp;index=2\"><b>Recrea Familia. Padres de hoy, \u00bfcalidad o cantidad?<\/b><\/a><\/p><p><a href=\"https:\/\/www.youtube.com\/watch?v=SAC8Mt-MAXE&amp;list=PL6UhGvZdF4ui4NFAvwstaOq_ZNiaGpLyG&amp;index=4\"><b>Recrea Familia. A convivir se aprende, pero \u00bfd\u00f3nde?<\/b><\/a><\/p><p><a href=\"https:\/\/www.youtube.com\/watch?v=-MneoHcdr6M&amp;list=PL6UhGvZdF4ui4NFAvwstaOq_ZNiaGpLyG&amp;index=5\"><b>Recrea Familia.\u00a0 Tu familia haciendo comunidad<\/b><\/a><\/p><p><a href=\"https:\/\/www.youtube.com\/watch?v=WB1Ss08SRNI&amp;list=PL6UhGvZdF4ui4NFAvwstaOq_ZNiaGpLyG&amp;index=7\"><b>Recrea Familia. \u00a0 \u00bfQu\u00e9 hacer ahora que t\u00fa y yo ya no vivimos juntos?<\/b><\/a><\/p><p><a href=\"https:\/\/www.youtube.com\/watch?v=Oobpx6mGufY&amp;list=PL6UhGvZdF4ui4NFAvwstaOq_ZNiaGpLyG&amp;index=7\"><b>Recrea Familia. \u00a0 Nuestro espacio, nuestra responsabilidad<\/b><\/a><\/p><p><a href=\"https:\/\/www.youtube.com\/watch?v=skbQz10Ohn4&amp;list=PL6UhGvZdF4ui4NFAvwstaOq_ZNiaGpLyG&amp;index=8\"><b>Recrea Familia.\u00a0 Las buenas finanzas se construyen desde peque\u00f1os<\/b><\/a><\/p><p><a href=\"https:\/\/www.youtube.com\/watch?v=9LK50V32Ghg&amp;list=PL6UhGvZdF4ui4NFAvwstaOq_ZNiaGpLyG&amp;index=9\"><b>Recrea Familia. \u00bfQu\u00e9 es la afectividad? Bases de educaci\u00f3n emocional y un poco m\u00e1s<\/b><\/a><\/p><p><a href=\"https:\/\/www.youtube.com\/watch?v=xAUy0NY3ZFs&amp;list=PL6UhGvZdF4ui4NFAvwstaOq_ZNiaGpLyG&amp;index=10\"><b>Recrea Familia.\u00a0 La tecnolog\u00eda, \u00bfamiga o enemiga?<\/b><\/a><\/p><p><a href=\"https:\/\/www.youtube.com\/watch?v=X9hHHKjakFk&amp;list=PL6UhGvZdF4ui4NFAvwstaOq_ZNiaGpLyG&amp;index=11\"><b>Recrea Familia. Previniendo la violencia desde casa<\/b><\/a><\/p><p><a href=\"https:\/\/www.youtube.com\/watch?v=y4k40JdHWBI&amp;list=PL6UhGvZdF4ui4NFAvwstaOq_ZNiaGpLyG&amp;index=12\"><b>Recrea Familia. Estrategias para solucionar conflictos familiares<\/b><\/a><\/p><\/div>\n\t\t\t\t<\/div>\n\t\t\t\t\t\t\t<div class=\"elementor-accordion-item\">\n\t\t\t\t\t<div id=\"elementor-tab-title-2222\" class=\"elementor-tab-title\" data-tab=\"2\" role=\"button\" aria-controls=\"elementor-tab-content-2222\" aria-expanded=\"false\">\n\t\t\t\t\t\t\t\t\t\t\t\t\t<span class=\"elementor-accordion-icon elementor-accordion-icon-left\" aria-hidden=\"true\">\n\t\t\t\t\t\t\t\t\t\t\t\t\t\t\t<span class=\"elementor-accordion-icon-closed\"><i class=\"fas fa-plus\"><\/i><\/span>\n\t\t\t\t\t\t\t\t<span class=\"elementor-accordion-icon-opened\"><i class=\"fas fa-minus\"><\/i><\/span>\n\t\t\t\t\t\t\t\t\t\t\t\t\t\t<\/span>\n\t\t\t\t\t\t\t\t\t\t\t\t<a class=\"elementor-accordion-title\" tabindex=\"0\">Personal SEJ<\/a>\n\t\t\t\t\t<\/div>\n\t\t\t\t\t<div id=\"elementor-tab-content-2222\" class=\"elementor-tab-content elementor-clearfix\" data-tab=\"2\" role=\"region\" aria-labelledby=\"elementor-tab-title-2222\"><p><a href=\"https:\/\/www.youtube.com\/watch?v=11R41G7XOeQ&amp;list=PL6UhGvZdF4ug3lAvmvXIrOkKNTlVmPQpY&amp;index=6\"><b>Recrea Academy 2024. 7\u00b0 Congreso Internacional de Psicopedagog\u00eda<\/b><\/a><\/p><p><a href=\"https:\/\/www.youtube.com\/watch?v=2ueH9wCdn0E&amp;list=PL6UhGvZdF4ugeLEzQ3H89NsyQLYktGQLF\"><b>5TO. Congreso Internacional de psicopedagog\u00eda &#8211; Bienestar docente, de la teor\u00eda a la pr\u00e1ctica<\/b><\/a><\/p><p><a href=\"https:\/\/www.youtube.com\/watch?v=6hJdRA_aSzc&amp;list=PL6UhGvZdF4ugeLEzQ3H89NsyQLYktGQLF&amp;index=3\"><b>5TO. Congreso Internacional de psicopedagog\u00eda &#8211; ABCD para el bienestar emocional<\/b><\/a><\/p><p><a href=\"https:\/\/www.youtube.com\/watch?v=BEq_gAKO3RA&amp;list=PL6UhGvZdF4ugeLEzQ3H89NsyQLYktGQLF&amp;index=4\"><b>5TO. Congreso Internacional de psicopedagog\u00eda &#8211; Atenci\u00f3n plena (Mindfulness) en contextos educativos<\/b><\/a><\/p><p><a href=\"https:\/\/www.youtube.com\/watch?v=Kz-7AwHIqaM&amp;list=PL6UhGvZdF4ugeLEzQ3H89NsyQLYktGQLF&amp;index=5\"><b>5TO. Congreso Internacional de psicopedagog\u00eda &#8211; Vulnerabilidad emocional<\/b><\/a><\/p><p><a href=\"https:\/\/www.youtube.com\/watch?v=11R41G7XOeQ&amp;list=PL6UhGvZdF4ug3lAvmvXIrOkKNTlVmPQpY&amp;index=6\"><b>Recrea Academy 2024. 7\u00b0 Congreso Internacional de Psicopedagog\u00eda<\/b><\/a><\/p><\/div>\n\t\t\t\t<\/div>\n\t\t\t\t\t\t\t<div class=\"elementor-accordion-item\">\n\t\t\t\t\t<div id=\"elementor-tab-title-2223\" class=\"elementor-tab-title\" data-tab=\"3\" role=\"button\" aria-controls=\"elementor-tab-content-2223\" aria-expanded=\"false\">\n\t\t\t\t\t\t\t\t\t\t\t\t\t<span class=\"elementor-accordion-icon elementor-accordion-icon-left\" aria-hidden=\"true\">\n\t\t\t\t\t\t\t\t\t\t\t\t\t\t\t<span class=\"elementor-accordion-icon-closed\"><i class=\"fas fa-plus\"><\/i><\/span>\n\t\t\t\t\t\t\t\t<span class=\"elementor-accordion-icon-opened\"><i class=\"fas fa-minus\"><\/i><\/span>\n\t\t\t\t\t\t\t\t\t\t\t\t\t\t<\/span>\n\t\t\t\t\t\t\t\t\t\t\t\t<a class=\"elementor-accordion-title\" tabindex=\"0\">Alumnos<\/a>\n\t\t\t\t\t<\/div>\n\t\t\t\t\t<div id=\"elementor-tab-content-2223\" class=\"elementor-tab-content elementor-clearfix\" data-tab=\"3\" role=\"region\" aria-labelledby=\"elementor-tab-title-2223\"><p><a href=\"https:\/\/www.youtube.com\/watch?v=9umwh7r6coY\"><b>Vida Saludable &#8211; Lavado de manos<\/b><\/a><\/p><p><a href=\"https:\/\/www.youtube.com\/watch?v=QmXq0ecP19E&amp;list=PL6UhGvZdF4ugx1JN-mWqVGjydIl9bKK6E\"><b>Vida Saludable &#8211; La importancia de tomar agua<\/b><\/a><\/p><p><a href=\"https:\/\/www.youtube.com\/watch?v=vnkwuQXSOmI&amp;list=PL6UhGvZdF4uhrU5emYsGcH67ONUDS5_L7&amp;index=2\"><b>Primer grado &#8211; \u00a1Cuid\u00e9monos juntos! &#8211; Un d\u00eda cuidando la salud<\/b><\/a><\/p><p><a href=\"https:\/\/www.youtube.com\/watch?v=hAlfhdI93d8&amp;list=PL6UhGvZdF4uhrU5emYsGcH67ONUDS5_L7&amp;index=4\"><b>Primer grado &#8211; \u00a1Cuid\u00e9monos juntos! &#8211; Conviviendo ni\u00f1as y ni\u00f1os<\/b><\/a><\/p><p><a href=\"https:\/\/www.youtube.com\/watch?v=hAlfhdI93d8&amp;list=PL6UhGvZdF4uhrU5emYsGcH67ONUDS5_L7&amp;index=4\"><b>Primer grado &#8211; \u00a1Cuid\u00e9monos juntos! &#8211; Conviviendo ni\u00f1as y ni\u00f1os<\/b><\/a><\/p><p><a href=\"https:\/\/www.youtube.com\/watch?v=wcVDxPcx-1E&amp;list=PL6UhGvZdF4uhrU5emYsGcH67ONUDS5_L7&amp;index=14\"><b>Primer grado &#8211; Mu\u00e9vete y divi\u00e9rtete con nuestros cuentos &#8211; Mi cuerpo se mueve<\/b><\/a><\/p><p><a href=\"https:\/\/www.youtube.com\/watch?v=GV2jg9SCie8&amp;list=PL6UhGvZdF4uhrU5emYsGcH67ONUDS5_L7&amp;index=112\"><b>Segundo grado &#8211; Nuestras acciones tienen consecuencias<\/b><\/a><\/p><p><a href=\"https:\/\/www.youtube.com\/watch?v=RhewwFLmNSg&amp;list=PL6UhGvZdF4uhrU5emYsGcH67ONUDS5_L7&amp;index=183\"><b>Tercer grado &#8211; El conflicto no es lo mismo que violencia<\/b><\/a><\/p><p><a href=\"https:\/\/www.youtube.com\/watch?v=WLS9JLgqtI8&amp;list=PL6UhGvZdF4uhrU5emYsGcH67ONUDS5_L7&amp;index=223\"><b>Cuarto grado &#8211; Aprendo a tomar decisiones<\/b><\/a><\/p><p><a href=\"https:\/\/www.youtube.com\/watch?v=X0KD7fSX2QA&amp;list=PL6UhGvZdF4uhrU5emYsGcH67ONUDS5_L7&amp;index=305\"><b>Quinto grado &#8211; Igualdad y no discriminaci\u00f3n<\/b><\/a><\/p><p><a href=\"https:\/\/www.youtube.com\/watch?v=Z0GNM_sas8I&amp;list=PL6UhGvZdF4uhrU5emYsGcH67ONUDS5_L7&amp;index=351\"><b>Sexto grado &#8211; Todos los problemas tienen soluci\u00f3n<\/b><\/a><\/p><\/div>\n\t\t\t\t<\/div>\n\t\t\t\t\t\t\t\t<\/div>\n\t\t\t\t<\/div>\n\t\t\t\t<\/div>\n\t\t\t\t\t<\/div>\n\t\t<\/div>\n\t\t\t\t\t\t\t<\/div>\n\t\t<\/section>\n\t\t\t\t\t\t\t<\/div>\n\t\t","protected":false},"excerpt":{"rendered":"<p>Materiales de apoyo Familia Recrea Familia. Encontrando el balance entre los l\u00edmites y el amor al educar. Recrea Familia. Padres de hoy, \u00bfcalidad o cantidad? Recrea Familia. A convivir se aprende, pero \u00bfd\u00f3nde? Recrea Familia.\u00a0 Tu familia haciendo comunidad Recrea Familia. \u00a0 \u00bfQu\u00e9 hacer ahora que t\u00fa y yo ya no vivimos juntos? Recrea Familia. &hellip;<\/p>\n<p class=\"read-more\"> <a class=\"\" href=\"https:\/\/apprende.jalisco.gob.mx\/formacion-del-caracter\/materiales-de-apoyo\/\"> <span class=\"screen-reader-text\">Materiales de apoyo<\/span> Leer m\u00e1s &raquo;<\/a><\/p>\n","protected":false},"author":8,"featured_media":0,"parent":0,"menu_order":0,"comment_status":"closed","ping_status":"closed","template":"","meta":{"_monsterinsights_skip_tracking":false,"_monsterinsights_sitenote_active":false,"_monsterinsights_sitenote_note":"","_monsterinsights_sitenote_category":0,"site-sidebar-layout":"no-sidebar","site-content-layout":"page-builder","ast-site-content-layout":"full-width-container","site-content-style":"unboxed","site-sidebar-style":"unboxed","ast-global-header-display":"","ast-banner-title-visibility":"","ast-main-header-display":"","ast-hfb-above-header-display":"","ast-hfb-below-header-display":"","ast-hfb-mobile-header-display":"","site-post-title":"disabled","ast-breadcrumbs-content":"","ast-featured-img":"","footer-sml-layout":"","theme-transparent-header-meta":"default","adv-header-id-meta":"","stick-header-meta":"disabled","header-above-stick-meta":"","header-main-stick-meta":"","header-below-stick-meta":"","astra-migrate-meta-layouts":"set","ep_exclude_from_search":false,"footnotes":""},"acf":[],"yoast_head":"<!-- This site is optimized with the Yoast SEO Premium plugin v17.7 (Yoast SEO v21.0) - https:\/\/yoast.com\/wordpress\/plugins\/seo\/ -->\n<title>Materiales de apoyo - Formaci\u00f3n del Car\u00e1cter<\/title>\n<meta name=\"robots\" content=\"index, follow, max-snippet:-1, max-image-preview:large, max-video-preview:-1\" \/>\n<link rel=\"canonical\" href=\"https:\/\/apprende.jalisco.gob.mx\/formacion-del-caracter\/materiales-de-apoyo\/\" \/>\n<meta property=\"og:locale\" content=\"es_MX\" \/>\n<meta property=\"og:type\" content=\"article\" \/>\n<meta property=\"og:title\" content=\"Materiales de apoyo\" \/>\n<meta property=\"og:description\" content=\"Materiales de apoyo Familia Recrea Familia. Encontrando el balance entre los l\u00edmites y el amor al educar. Recrea Familia. Padres de hoy, \u00bfcalidad o cantidad? Recrea Familia. A convivir se aprende, pero \u00bfd\u00f3nde? Recrea Familia.\u00a0 Tu familia haciendo comunidad Recrea Familia. \u00a0 \u00bfQu\u00e9 hacer ahora que t\u00fa y yo ya no vivimos juntos? Recrea Familia. &hellip; Materiales de apoyo Leer m\u00e1s &raquo;\" \/>\n<meta property=\"og:url\" content=\"https:\/\/apprende.jalisco.gob.mx\/formacion-del-caracter\/materiales-de-apoyo\/\" \/>\n<meta property=\"og:site_name\" content=\"Formaci\u00f3n del Car\u00e1cter\" \/>\n<meta property=\"article:modified_time\" content=\"2025-10-21T19:52:09+00:00\" \/>\n<meta name=\"twitter:card\" content=\"summary_large_image\" \/>\n<meta name=\"twitter:label1\" content=\"Tiempo de lectura\" \/>\n\t<meta name=\"twitter:data1\" content=\"2 minutos\" \/>\n<script type=\"application\/ld+json\" class=\"yoast-schema-graph\">{\"@context\":\"https:\/\/schema.org\",\"@graph\":[{\"@type\":\"WebPage\",\"@id\":\"https:\/\/apprende.jalisco.gob.mx\/formacion-del-caracter\/materiales-de-apoyo\/\",\"url\":\"https:\/\/apprende.jalisco.gob.mx\/formacion-del-caracter\/materiales-de-apoyo\/\",\"name\":\"Materiales de apoyo - Formaci\u00f3n del Car\u00e1cter\",\"isPartOf\":{\"@id\":\"https:\/\/apprende.jalisco.gob.mx\/formacion-del-caracter\/#website\"},\"datePublished\":\"2025-10-21T19:45:21+00:00\",\"dateModified\":\"2025-10-21T19:52:09+00:00\",\"breadcrumb\":{\"@id\":\"https:\/\/apprende.jalisco.gob.mx\/formacion-del-caracter\/materiales-de-apoyo\/#breadcrumb\"},\"inLanguage\":\"es-MX\",\"potentialAction\":[{\"@type\":\"ReadAction\",\"target\":[\"https:\/\/apprende.jalisco.gob.mx\/formacion-del-caracter\/materiales-de-apoyo\/\"]}]},{\"@type\":\"BreadcrumbList\",\"@id\":\"https:\/\/apprende.jalisco.gob.mx\/formacion-del-caracter\/materiales-de-apoyo\/#breadcrumb\",\"itemListElement\":[{\"@type\":\"ListItem\",\"position\":1,\"name\":\"Inicio\",\"item\":\"https:\/\/apprende.jalisco.gob.mx\/formacion-del-caracter\/\"},{\"@type\":\"ListItem\",\"position\":2,\"name\":\"Materiales de apoyo\"}]},{\"@type\":\"WebSite\",\"@id\":\"https:\/\/apprende.jalisco.gob.mx\/formacion-del-caracter\/#website\",\"url\":\"https:\/\/apprende.jalisco.gob.mx\/formacion-del-caracter\/\",\"name\":\"Formaci\u00f3n del Car\u00e1cter\",\"description\":\"Micrositio\",\"publisher\":{\"@id\":\"https:\/\/apprende.jalisco.gob.mx\/formacion-del-caracter\/#organization\"},\"potentialAction\":[{\"@type\":\"SearchAction\",\"target\":{\"@type\":\"EntryPoint\",\"urlTemplate\":\"https:\/\/apprende.jalisco.gob.mx\/formacion-del-caracter\/?s={search_term_string}\"},\"query-input\":\"required name=search_term_string\"}],\"inLanguage\":\"es-MX\"},{\"@type\":\"Organization\",\"@id\":\"https:\/\/apprende.jalisco.gob.mx\/formacion-del-caracter\/#organization\",\"name\":\"Formaci\u00f3n del Car\u00e1cter\",\"url\":\"https:\/\/apprende.jalisco.gob.mx\/formacion-del-caracter\/\",\"logo\":{\"@type\":\"ImageObject\",\"inLanguage\":\"es-MX\",\"@id\":\"https:\/\/apprende.jalisco.gob.mx\/formacion-del-caracter\/#\/schema\/logo\/image\/\",\"url\":\"https:\/\/apprende.jalisco.gob.mx\/formacion-del-caracter\/wp-content\/uploads\/sites\/61\/2022\/03\/logo-Educacion2025.png\",\"contentUrl\":\"https:\/\/apprende.jalisco.gob.mx\/formacion-del-caracter\/wp-content\/uploads\/sites\/61\/2022\/03\/logo-Educacion2025.png\",\"width\":427,\"height\":108,\"caption\":\"Formaci\u00f3n del Car\u00e1cter\"},\"image\":{\"@id\":\"https:\/\/apprende.jalisco.gob.mx\/formacion-del-caracter\/#\/schema\/logo\/image\/\"}}]}<\/script>\n<!-- \/ Yoast SEO Premium plugin. -->","yoast_head_json":{"title":"Materiales de apoyo - Formaci\u00f3n del Car\u00e1cter","robots":{"index":"index","follow":"follow","max-snippet":"max-snippet:-1","max-image-preview":"max-image-preview:large","max-video-preview":"max-video-preview:-1"},"canonical":"https:\/\/apprende.jalisco.gob.mx\/formacion-del-caracter\/materiales-de-apoyo\/","og_locale":"es_MX","og_type":"article","og_title":"Materiales de apoyo","og_description":"Materiales de apoyo Familia Recrea Familia. Encontrando el balance entre los l\u00edmites y el amor al educar. Recrea Familia. Padres de hoy, \u00bfcalidad o cantidad? Recrea Familia. A convivir se aprende, pero \u00bfd\u00f3nde? Recrea Familia.\u00a0 Tu familia haciendo comunidad Recrea Familia. \u00a0 \u00bfQu\u00e9 hacer ahora que t\u00fa y yo ya no vivimos juntos? Recrea Familia. &hellip; Materiales de apoyo Leer m\u00e1s &raquo;","og_url":"https:\/\/apprende.jalisco.gob.mx\/formacion-del-caracter\/materiales-de-apoyo\/","og_site_name":"Formaci\u00f3n del Car\u00e1cter","article_modified_time":"2025-10-21T19:52:09+00:00","twitter_card":"summary_large_image","twitter_misc":{"Tiempo de lectura":"2 minutos"},"schema":{"@context":"https:\/\/schema.org","@graph":[{"@type":"WebPage","@id":"https:\/\/apprende.jalisco.gob.mx\/formacion-del-caracter\/materiales-de-apoyo\/","url":"https:\/\/apprende.jalisco.gob.mx\/formacion-del-caracter\/materiales-de-apoyo\/","name":"Materiales de apoyo - Formaci\u00f3n del Car\u00e1cter","isPartOf":{"@id":"https:\/\/apprende.jalisco.gob.mx\/formacion-del-caracter\/#website"},"datePublished":"2025-10-21T19:45:21+00:00","dateModified":"2025-10-21T19:52:09+00:00","breadcrumb":{"@id":"https:\/\/apprende.jalisco.gob.mx\/formacion-del-caracter\/materiales-de-apoyo\/#breadcrumb"},"inLanguage":"es-MX","potentialAction":[{"@type":"ReadAction","target":["https:\/\/apprende.jalisco.gob.mx\/formacion-del-caracter\/materiales-de-apoyo\/"]}]},{"@type":"BreadcrumbList","@id":"https:\/\/apprende.jalisco.gob.mx\/formacion-del-caracter\/materiales-de-apoyo\/#breadcrumb","itemListElement":[{"@type":"ListItem","position":1,"name":"Inicio","item":"https:\/\/apprende.jalisco.gob.mx\/formacion-del-caracter\/"},{"@type":"ListItem","position":2,"name":"Materiales de apoyo"}]},{"@type":"WebSite","@id":"https:\/\/apprende.jalisco.gob.mx\/formacion-del-caracter\/#website","url":"https:\/\/apprende.jalisco.gob.mx\/formacion-del-caracter\/","name":"Formaci\u00f3n del Car\u00e1cter","description":"Micrositio","publisher":{"@id":"https:\/\/apprende.jalisco.gob.mx\/formacion-del-caracter\/#organization"},"potentialAction":[{"@type":"SearchAction","target":{"@type":"EntryPoint","urlTemplate":"https:\/\/apprende.jalisco.gob.mx\/formacion-del-caracter\/?s={search_term_string}"},"query-input":"required name=search_term_string"}],"inLanguage":"es-MX"},{"@type":"Organization","@id":"https:\/\/apprende.jalisco.gob.mx\/formacion-del-caracter\/#organization","name":"Formaci\u00f3n del Car\u00e1cter","url":"https:\/\/apprende.jalisco.gob.mx\/formacion-del-caracter\/","logo":{"@type":"ImageObject","inLanguage":"es-MX","@id":"https:\/\/apprende.jalisco.gob.mx\/formacion-del-caracter\/#\/schema\/logo\/image\/","url":"https:\/\/apprende.jalisco.gob.mx\/formacion-del-caracter\/wp-content\/uploads\/sites\/61\/2022\/03\/logo-Educacion2025.png","contentUrl":"https:\/\/apprende.jalisco.gob.mx\/formacion-del-caracter\/wp-content\/uploads\/sites\/61\/2022\/03\/logo-Educacion2025.png","width":427,"height":108,"caption":"Formaci\u00f3n del Car\u00e1cter"},"image":{"@id":"https:\/\/apprende.jalisco.gob.mx\/formacion-del-caracter\/#\/schema\/logo\/image\/"}}]}},"_links":{"self":[{"href":"https:\/\/apprende.jalisco.gob.mx\/formacion-del-caracter\/wp-json\/wp\/v2\/pages\/4147"}],"collection":[{"href":"https:\/\/apprende.jalisco.gob.mx\/formacion-del-caracter\/wp-json\/wp\/v2\/pages"}],"about":[{"href":"https:\/\/apprende.jalisco.gob.mx\/formacion-del-caracter\/wp-json\/wp\/v2\/types\/page"}],"author":[{"embeddable":true,"href":"https:\/\/apprende.jalisco.gob.mx\/formacion-del-caracter\/wp-json\/wp\/v2\/users\/8"}],"replies":[{"embeddable":true,"href":"https:\/\/apprende.jalisco.gob.mx\/formacion-del-caracter\/wp-json\/wp\/v2\/comments?post=4147"}],"version-history":[{"count":10,"href":"https:\/\/apprende.jalisco.gob.mx\/formacion-del-caracter\/wp-json\/wp\/v2\/pages\/4147\/revisions"}],"predecessor-version":[{"id":4159,"href":"https:\/\/apprende.jalisco.gob.mx\/formacion-del-caracter\/wp-json\/wp\/v2\/pages\/4147\/revisions\/4159"}],"wp:attachment":[{"href":"https:\/\/apprende.jalisco.gob.mx\/formacion-del-caracter\/wp-json\/wp\/v2\/media?parent=4147"}],"curies":[{"name":"wp","href":"https:\/\/api.w.org\/{rel}","templated":true}]}}