{"id":4257,"date":"2025-10-22T10:37:55","date_gmt":"2025-10-22T16:37:55","guid":{"rendered":"https:\/\/apprende.jalisco.gob.mx\/formacion-del-caracter\/?page_id=4257"},"modified":"2025-11-25T11:30:02","modified_gmt":"2025-11-25T17:30:02","slug":"programa","status":"publish","type":"page","link":"https:\/\/apprende.jalisco.gob.mx\/formacion-del-caracter\/programa\/","title":{"rendered":"Programa"},"content":{"rendered":"\t\t<div data-elementor-type=\"wp-page\" data-elementor-id=\"4257\" class=\"elementor elementor-4257\" data-elementor-post-type=\"page\">\n\t\t\t\t\t\t\t\t\t<section class=\"elementor-section elementor-top-section elementor-element elementor-element-6a55da6 elementor-section-boxed elementor-section-height-default elementor-section-height-default\" data-id=\"6a55da6\" data-element_type=\"section\" data-settings=\"{&quot;ekit_has_onepagescroll_dot&quot;:&quot;yes&quot;}\">\n\t\t\t\t\t\t<div class=\"elementor-container elementor-column-gap-default\">\n\t\t\t\t\t<div class=\"elementor-column elementor-col-100 elementor-top-column elementor-element elementor-element-15ead9e\" data-id=\"15ead9e\" data-element_type=\"column\">\n\t\t\t<div class=\"elementor-widget-wrap elementor-element-populated\">\n\t\t\t\t\t\t\t\t<div class=\"elementor-element elementor-element-8ab1fce elementor-widget elementor-widget-spacer\" data-id=\"8ab1fce\" data-element_type=\"widget\" data-settings=\"{&quot;ekit_we_effect_on&quot;:&quot;none&quot;}\" data-widget_type=\"spacer.default\">\n\t\t\t\t<div class=\"elementor-widget-container\">\n\t\t\t\t\t<div class=\"elementor-spacer\">\n\t\t\t<div class=\"elementor-spacer-inner\"><\/div>\n\t\t<\/div>\n\t\t\t\t<\/div>\n\t\t\t\t<\/div>\n\t\t\t\t<div class=\"elementor-element elementor-element-b5450da elementor-widget elementor-widget-heading\" data-id=\"b5450da\" data-element_type=\"widget\" data-settings=\"{&quot;ekit_we_effect_on&quot;:&quot;none&quot;}\" data-widget_type=\"heading.default\">\n\t\t\t\t<div class=\"elementor-widget-container\">\n\t\t\t<h1 class=\"elementor-heading-title elementor-size-default\">Programa<\/h1>\t\t<\/div>\n\t\t\t\t<\/div>\n\t\t\t\t<div class=\"elementor-element elementor-element-96629c8 elementor-widget-divider--view-line elementor-widget elementor-widget-divider\" data-id=\"96629c8\" data-element_type=\"widget\" data-settings=\"{&quot;ekit_we_effect_on&quot;:&quot;none&quot;}\" data-widget_type=\"divider.default\">\n\t\t\t\t<div class=\"elementor-widget-container\">\n\t\t\t\t\t<div class=\"elementor-divider\">\n\t\t\t<span class=\"elementor-divider-separator\">\n\t\t\t\t\t\t<\/span>\n\t\t<\/div>\n\t\t\t\t<\/div>\n\t\t\t\t<\/div>\n\t\t\t\t\t<\/div>\n\t\t<\/div>\n\t\t\t\t\t\t\t<\/div>\n\t\t<\/section>\n\t\t\t\t<section class=\"elementor-section elementor-top-section elementor-element elementor-element-8852aaf elementor-section-content-middle elementor-section-boxed elementor-section-height-default elementor-section-height-default\" data-id=\"8852aaf\" data-element_type=\"section\" data-settings=\"{&quot;background_background&quot;:&quot;classic&quot;,&quot;ekit_has_onepagescroll_dot&quot;:&quot;yes&quot;}\">\n\t\t\t\t\t\t<div class=\"elementor-container elementor-column-gap-default\">\n\t\t\t\t\t<div class=\"elementor-column elementor-col-100 elementor-top-column elementor-element elementor-element-5b8265e\" data-id=\"5b8265e\" data-element_type=\"column\">\n\t\t\t<div class=\"elementor-widget-wrap elementor-element-populated\">\n\t\t\t\t\t\t\t\t<div class=\"elementor-element elementor-element-9298ea8 elementor-position-left elementor-widget-laptop__width-initial elementor-vertical-align-middle elementor-widget-tablet__width-initial elementor-widget-mobile__width-initial elementor-view-default elementor-mobile-position-top elementor-widget elementor-widget-icon-box\" data-id=\"9298ea8\" data-element_type=\"widget\" data-settings=\"{&quot;ekit_we_effect_on&quot;:&quot;css&quot;}\" data-widget_type=\"icon-box.default\">\n\t\t\t\t<div class=\"elementor-widget-container\">\n\t\t\t\t\t<div class=\"elementor-icon-box-wrapper\">\n\t\t\t\t\t\t<div class=\"elementor-icon-box-icon\">\n\t\t\t\t<span class=\"elementor-icon elementor-animation-\" >\n\t\t\t\t<i aria-hidden=\"true\" class=\"icon icon-dart-board\"><\/i>\t\t\t\t<\/span>\n\t\t\t<\/div>\n\t\t\t\t\t\t<div class=\"elementor-icon-box-content\">\n\t\t\t\t<h3 class=\"elementor-icon-box-title\">\n\t\t\t\t\t<span  >\n\t\t\t\t\t\tObjetivos\t\t\t\t\t<\/span>\n\t\t\t\t<\/h3>\n\t\t\t\t\t\t\t\t\t<p class=\"elementor-icon-box-description\">\n\t\t\t\t\t\t- Fortalecer el rol de las familias en la formaci\u00f3n del car\u00e1cter, ofreci\u00e9ndoles herramientas para una convivencia \u00e9tica y corresponsable.\n<br>\n\n- Consolidar liderazgos escolares que integren curr\u00edculo, cultura y clima escolar, siendo referentes cotidianos para la comunidad educativa.\n<br>\n\n- Desarrollar competencias para crear ambientes de cuidado, confianza y prop\u00f3sito compartido que impulsen aprendizajes sostenibles y una pedagog\u00eda situada.\n<br>\n\n- Promover en estudiantes virtudes que fortalezcan su identidad, autonom\u00eda y sentido de prop\u00f3sito, impuls\u00e1ndolos a actuar con \u00e9tica y transformar su entorno para el bien com\u00fan\n\t\t\t\t\t<\/p>\n\t\t\t\t\t\t\t<\/div>\n\t\t<\/div>\n\t\t\t\t<\/div>\n\t\t\t\t<\/div>\n\t\t\t\t\t<\/div>\n\t\t<\/div>\n\t\t\t\t\t\t\t<\/div>\n\t\t<\/section>\n\t\t\t\t<section class=\"elementor-section elementor-top-section elementor-element elementor-element-00f187c elementor-section-content-middle elementor-section-boxed elementor-section-height-default elementor-section-height-default\" data-id=\"00f187c\" data-element_type=\"section\" data-settings=\"{&quot;background_background&quot;:&quot;classic&quot;,&quot;ekit_has_onepagescroll_dot&quot;:&quot;yes&quot;}\">\n\t\t\t\t\t\t<div class=\"elementor-container elementor-column-gap-default\">\n\t\t\t\t\t<div class=\"elementor-column elementor-col-100 elementor-top-column elementor-element elementor-element-464e53c\" data-id=\"464e53c\" data-element_type=\"column\">\n\t\t\t<div class=\"elementor-widget-wrap elementor-element-populated\">\n\t\t\t\t\t\t\t\t<div class=\"elementor-element elementor-element-c5807f0 elementor-position-right elementor-widget-laptop__width-initial elementor-vertical-align-middle elementor-widget-tablet__width-initial elementor-widget-mobile__width-initial elementor-view-default elementor-mobile-position-top elementor-widget elementor-widget-icon-box\" data-id=\"c5807f0\" data-element_type=\"widget\" data-settings=\"{&quot;ekit_we_effect_on&quot;:&quot;none&quot;}\" data-widget_type=\"icon-box.default\">\n\t\t\t\t<div class=\"elementor-widget-container\">\n\t\t\t\t\t<div class=\"elementor-icon-box-wrapper\">\n\t\t\t\t\t\t<div class=\"elementor-icon-box-icon\">\n\t\t\t\t<span class=\"elementor-icon elementor-animation-\" >\n\t\t\t\t<i aria-hidden=\"true\" class=\"icon icon-team1\"><\/i>\t\t\t\t<\/span>\n\t\t\t<\/div>\n\t\t\t\t\t\t<div class=\"elementor-icon-box-content\">\n\t\t\t\t<h2 class=\"elementor-icon-box-title\">\n\t\t\t\t\t<span  >\n\t\t\t\t\t\tBeneficios\t\t\t\t\t<\/span>\n\t\t\t\t<\/h2>\n\t\t\t\t\t\t\t\t\t<p class=\"elementor-icon-box-description\">\n\t\t\t\t\t\t<p>- Madres, padres y tutores: Fortalecer\u00e1n su capacidad de acompa\u00f1ar con herramientas \u00e9ticas y pr\u00e1cticas que impulsen la convivencia, la responsabilidad y el desarrollo de virtudes en la vida diaria.<\/p>\n\n\n<p>- Comunidad escolar: Consolidar\u00e1 un liderazgo pedag\u00f3gico capaz de transformar cultura y clima escolar, impulsar proyectos integradores y formar el car\u00e1cter desde el curr\u00edculo y las relaciones cotidianas.<\/p>\n\n\n<p>- Estudiantes: Vivir\u00e1n experiencias educativas que fortalezcan su identidad, autonom\u00eda y sentido de prop\u00f3sito, prepar\u00e1ndolos para convivir respetuosamente y transformar su entorno en favor del bien com\u00fan.<\/p>\n\t\t\t\t\t<\/p>\n\t\t\t\t\t\t\t<\/div>\n\t\t<\/div>\n\t\t\t\t<\/div>\n\t\t\t\t<\/div>\n\t\t\t\t\t<\/div>\n\t\t<\/div>\n\t\t\t\t\t\t\t<\/div>\n\t\t<\/section>\n\t\t\t\t<section class=\"elementor-section elementor-top-section elementor-element elementor-element-3150f49 elementor-section-full_width elementor-section-height-default elementor-section-height-default\" data-id=\"3150f49\" data-element_type=\"section\" data-settings=\"{&quot;ekit_has_onepagescroll_dot&quot;:&quot;yes&quot;}\">\n\t\t\t\t\t\t<div class=\"elementor-container elementor-column-gap-default\">\n\t\t\t\t\t<div class=\"elementor-column elementor-col-100 elementor-top-column elementor-element elementor-element-fd34451\" data-id=\"fd34451\" data-element_type=\"column\">\n\t\t\t<div class=\"elementor-widget-wrap elementor-element-populated\">\n\t\t\t\t\t\t\t\t<div class=\"elementor-element elementor-element-a3648e6 elementor-widget elementor-widget-image\" data-id=\"a3648e6\" data-element_type=\"widget\" data-settings=\"{&quot;ekit_we_effect_on&quot;:&quot;none&quot;}\" data-widget_type=\"image.default\">\n\t\t\t\t<div class=\"elementor-widget-container\">\n\t\t\t\t\t\t\t\t\t\t\t\t\t\t\t\t<a href=\"https:\/\/apprende.jalisco.gob.mx\/formacion-del-caracter\/wp-content\/uploads\/sites\/61\/2025\/11\/estragia001.png\" data-elementor-open-lightbox=\"yes\" data-elementor-lightbox-title=\"estragia001\" data-e-action-hash=\"#elementor-action%3Aaction%3Dlightbox%26settings%3DeyJpZCI6NDQwNCwidXJsIjoiaHR0cHM6XC9cL2FwcHJlbmRlLmphbGlzY28uZ29iLm14XC9mb3JtYWNpb24tZGVsLWNhcmFjdGVyXC93cC1jb250ZW50XC91cGxvYWRzXC9zaXRlc1wvNjFcLzIwMjVcLzExXC9lc3RyYWdpYTAwMS5wbmcifQ%3D%3D\">\n\t\t\t\t\t\t\t<img decoding=\"async\" width=\"1024\" height=\"576\" src=\"https:\/\/apprende.jalisco.gob.mx\/formacion-del-caracter\/wp-content\/uploads\/sites\/61\/2025\/11\/estragia001-1024x576.png\" class=\"attachment-large size-large wp-image-4404\" alt=\"\" srcset=\"https:\/\/apprende.jalisco.gob.mx\/formacion-del-caracter\/wp-content\/uploads\/sites\/61\/2025\/11\/estragia001-1024x576.png 1024w, https:\/\/apprende.jalisco.gob.mx\/formacion-del-caracter\/wp-content\/uploads\/sites\/61\/2025\/11\/estragia001-300x169.png 300w, https:\/\/apprende.jalisco.gob.mx\/formacion-del-caracter\/wp-content\/uploads\/sites\/61\/2025\/11\/estragia001-768x432.png 768w, https:\/\/apprende.jalisco.gob.mx\/formacion-del-caracter\/wp-content\/uploads\/sites\/61\/2025\/11\/estragia001-1536x864.png 1536w, https:\/\/apprende.jalisco.gob.mx\/formacion-del-caracter\/wp-content\/uploads\/sites\/61\/2025\/11\/estragia001-2048x1152.png 2048w\" sizes=\"(max-width: 1024px) 100vw, 1024px\" \/>\t\t\t\t\t\t\t\t<\/a>\n\t\t\t\t\t\t\t\t\t\t\t\t\t\t\t<\/div>\n\t\t\t\t<\/div>\n\t\t\t\t\t<\/div>\n\t\t<\/div>\n\t\t\t\t\t\t\t<\/div>\n\t\t<\/section>\n\t\t\t\t<section class=\"elementor-section elementor-top-section elementor-element elementor-element-b63aa38 elementor-section-full_width elementor-section-height-default elementor-section-height-default\" data-id=\"b63aa38\" data-element_type=\"section\" data-settings=\"{&quot;ekit_has_onepagescroll_dot&quot;:&quot;yes&quot;}\">\n\t\t\t\t\t\t<div class=\"elementor-container elementor-column-gap-no\">\n\t\t\t\t\t<div class=\"elementor-column elementor-col-50 elementor-top-column elementor-element elementor-element-ca56406\" data-id=\"ca56406\" data-element_type=\"column\">\n\t\t\t<div class=\"elementor-widget-wrap elementor-element-populated\">\n\t\t\t\t\t\t\t\t<div class=\"elementor-element elementor-element-3c4a5a3 elementor-widget elementor-widget-spacer\" data-id=\"3c4a5a3\" data-element_type=\"widget\" data-settings=\"{&quot;ekit_we_effect_on&quot;:&quot;none&quot;}\" data-widget_type=\"spacer.default\">\n\t\t\t\t<div class=\"elementor-widget-container\">\n\t\t\t\t\t<div class=\"elementor-spacer\">\n\t\t\t<div class=\"elementor-spacer-inner\"><\/div>\n\t\t<\/div>\n\t\t\t\t<\/div>\n\t\t\t\t<\/div>\n\t\t\t\t<div class=\"elementor-element elementor-element-07fcaa0 elementor-view-default elementor-widget elementor-widget-icon\" data-id=\"07fcaa0\" data-element_type=\"widget\" data-settings=\"{&quot;ekit_we_effect_on&quot;:&quot;none&quot;}\" data-widget_type=\"icon.default\">\n\t\t\t\t<div class=\"elementor-widget-container\">\n\t\t\t\t\t<div class=\"elementor-icon-wrapper\">\n\t\t\t<div class=\"elementor-icon\">\n\t\t\t<svg xmlns=\"http:\/\/www.w3.org\/2000\/svg\" id=\"Capa_1\" viewBox=\"0 0 512 512\"><defs><style>      .st0 {        fill: #ffc600;      }      .st1 {        fill-rule: evenodd;      }      .st2 {        fill: #fff;      }      .st3 {        fill: #ff8300;      }      .st4 {        stroke-linejoin: round;      }      .st4, .st5 {        fill: none;        stroke: #000;        stroke-width: 14px;      }      .st5 {        stroke-miterlimit: 10;      }      .st6 {        display: none;      }    <\/style><\/defs><rect class=\"st2\" x=\"55.3\" y=\"228.57\" width=\"360.81\" height=\"223.43\"><\/rect><path class=\"st6\" d=\"M128.95,420.31c2.98,3.13,6.92,1.02,10.35,1.78,1.22.27.93-1.63,1.16-2.62q1.88,4.88-3.09,4.88c-1.21,0-2.44-.13-3.63.03-3.18.44-4.88-.73-4.79-4.07Z\"><\/path><path class=\"st6\" d=\"M456.99,449.74c-6.62-.31-13.23-.61-19.85-.92,6.74-2.29,13.36-2.02,19.85.92Z\"><\/path><path class=\"st6\" d=\"M655,424.38c-3.07-.34-3.06-.33-1.65-2.67.18-.3.16-.72.23-1.08.28-1.63.72-3.57,2.67-3.37,1.93.2,1.95,2.23,2.02,3.86-.89,1.28-2.16,2.19-3.27,3.26Z\"><\/path><path class=\"st6\" d=\"M95.94,453.74c-.89-5.92-.04-6.6,5.83-4.74-1.97,1.59-3.72,3.02-5.83,4.74Z\"><\/path><path class=\"st6\" d=\"M112.71,122.49c-1.04.5-2.44-.48-3.29.81-2.01-.19-3.98-.54-5.75-1.59-.25-.2-.33-.4-.26-.61s.15-.31.23-.31c3.09.2,6.13.67,9.07,1.7Z\"><\/path><path class=\"st6\" d=\"M367.05,423.49c-7.44.93-14.61-1.67-21.99-1.77-1.51-.02-3.71-.46-3.35-3.07,7.22-.16,14.3.91,21.32,2.45,1.61.36,3.13.83,4.02,2.39Z\"><\/path><rect class=\"st0\" x=\"89.39\" y=\"273.51\" width=\"143.06\" height=\"144.48\"><\/rect><rect class=\"st3\" x=\"382.33\" y=\"39.95\" width=\"103.67\" height=\"122.83\"><\/rect><g><rect class=\"st4\" x=\"55.3\" y=\"228.57\" width=\"360.81\" height=\"227.63\"><\/rect><polygon class=\"st4\" points=\"436.79 490.09 34.61 490.09 19.49 456.2 451.91 456.2 436.79 490.09\"><\/polygon><polygon class=\"st4\" points=\"6 189.29 132.48 189.29 168.59 230.68 168.59 65.48 6 65.48 6 189.29\"><\/polygon><line class=\"st4\" x1=\"141.73\" y1=\"99.47\" x2=\"34.77\" y2=\"99.47\"><\/line><line class=\"st4\" x1=\"82.28\" y1=\"127.05\" x2=\"34.77\" y2=\"127.05\"><\/line><line class=\"st4\" x1=\"141.73\" y1=\"127.05\" x2=\"95.53\" y2=\"127.05\"><\/line><line class=\"st4\" x1=\"61.63\" y1=\"154.63\" x2=\"34.77\" y2=\"154.63\"><\/line><line class=\"st4\" x1=\"287.81\" y1=\"131.47\" x2=\"208.5\" y2=\"131.47\"><\/line><line class=\"st4\" x1=\"337.8\" y1=\"131.47\" x2=\"311.07\" y2=\"131.47\"><\/line><line class=\"st4\" x1=\"337.8\" y1=\"80.61\" x2=\"261.85\" y2=\"80.61\"><\/line><line class=\"st4\" x1=\"240.39\" y1=\"80.61\" x2=\"208.5\" y2=\"80.61\"><\/line><rect class=\"st4\" x=\"240.39\" y=\"59.93\" width=\"24.13\" height=\"42.24\"><\/rect><rect class=\"st4\" x=\"285.63\" y=\"110.35\" width=\"24.13\" height=\"42.24\"><\/rect><path class=\"st5\" d=\"M240.1,394.72c0,14.22-11.64,25.85-25.85,25.85h-100c-14.23,0-25.86-11.64-25.86-25.85v-99.99c0-14.23,11.63-25.86,25.86-25.86h99.99c14.22,0,25.85,11.63,25.85,25.86v99.99h.01Z\"><\/path><path d=\"M333.18,459.4c0,3.99-10.96,12.43-24.36,12.43h-146.25c-13.39,0-24.35-8.44-24.35-12.43,0-4.01,194.96-4.01,194.96,0\"><\/path><line class=\"st4\" x1=\"459.87\" y1=\"273.51\" x2=\"506\" y2=\"273.51\"><\/line><line class=\"st4\" x1=\"482.93\" y1=\"296.58\" x2=\"482.93\" y2=\"250.44\"><\/line><path class=\"st4\" d=\"M458.85,70.3c0-7.21-5.84-13.04-13.04-13.04s-13.04,5.84-13.04,13.04,5.84,13.04,13.04,13.04c7.21-.02,13.04-5.85,13.04-13.04Z\"><\/path><path class=\"st4\" d=\"M466.15,110.06c0-18.31-9.1-24.01-20.32-24.01s-20.32,5.7-20.32,24.01\"><\/path><line class=\"st4\" x1=\"395\" y1=\"124.12\" x2=\"469.23\" y2=\"124.12\"><\/line><line class=\"st4\" x1=\"395\" y1=\"140.47\" x2=\"469.23\" y2=\"140.47\"><\/line><rect class=\"st4\" x=\"377.77\" y=\"39.95\" width=\"105.17\" height=\"122.83\"><\/rect><polyline class=\"st4\" points=\"395 21.91 500.16 21.91 500.16 144.75\"><\/polyline><path class=\"st1\" d=\"M175.79,360.54c-8.98,4.8-20.15,1.55-24.95-7.29-4.96-8.83-1.7-19.98,7.29-24.79,8.67-4.96,19.99-1.71,24.79,7.14,4.95,8.98,1.55,19.99-7.13,24.94M196.55,314.99h0c-2.32-2.48-4.8-4.49-7.6-6.19l1.24-7.13c.31-2.48-1.08-4.65-3.4-5.42l-10.69-3.11c-2.32-.63-4.65.47-5.58,2.78l-2.94,6.67c-3.25-.16-6.82.16-10.07.93l-4.19-5.88c-1.4-2.01-4.02-2.48-6.2-1.4l-9.6,5.27c-2.17,1.23-2.95,3.72-2.17,5.89l2.64,6.66c-2.48,2.49-4.8,5.26-6.66,8.37l-6.97-1.24c-2.48-.47-4.66,1.08-5.27,3.26l-3.25,10.68c-.62,2.32.47,4.8,2.78,5.59l6.35,2.78c-.15,3.57.31,7.29,1.09,10.7l-5.43,3.72c-1.86,1.54-2.48,4.02-1.4,6.19l5.26,9.78c1.25,2.01,3.88,2.95,5.89,2.01l6.19-2.47c2.33,2.64,5.12,4.79,8.07,6.66l-.93,6.36c-.47,2.31.93,4.64,3.25,5.26l10.54,3.26c2.32.63,4.8-.62,5.73-2.78l2.48-5.89c3.72.31,7.29-.3,11.01-1.08l3.72,5.26c1.24,2.02,4.03,2.48,6.04,1.4l9.77-5.27c2.01-1.24,2.95-3.87,2.01-6.04l-2.48-5.89c2.78-2.63,5.26-5.57,7.13-8.98l6.51,1.08c2.48.46,4.64-.93,5.42-3.25l2.94-10.69c.78-2.32-.46-4.65-2.63-5.59l-6.36-2.63c0-3.55-.46-7.13-1.24-10.53l5.58-3.88c1.86-1.54,2.48-4.18,1.39-6.2l-5.42-9.76c-1.07-2.01-3.56-3.1-5.89-2.01l-6.66,2.75Z\"><\/path><path class=\"st1\" d=\"M313.14,404.58h0v-31.04c-18.52-7.81-30.21-26.32-30.21-45.83s9.75-35.06,25.34-43.86l4.86-1.94v47.74h38.99v-47.74l4.88,1.94c15.58,8.8,25.33,25.36,25.33,43.86,0,19.51-11.7,38.02-30.21,45.83v31.04h-38.98Z\"><\/path><\/g><\/svg>\t\t\t<\/div>\n\t\t<\/div>\n\t\t\t\t<\/div>\n\t\t\t\t<\/div>\n\t\t\t\t<div class=\"elementor-element elementor-element-c418f66 elementor-widget elementor-widget-heading\" data-id=\"c418f66\" data-element_type=\"widget\" data-settings=\"{&quot;ekit_we_effect_on&quot;:&quot;none&quot;}\" data-widget_type=\"heading.default\">\n\t\t\t\t<div class=\"elementor-widget-container\">\n\t\t\t<h4 class=\"elementor-heading-title elementor-size-default\">Implementaci\u00f3n:<br>\nPrimera Fase<\/h4>\t\t<\/div>\n\t\t\t\t<\/div>\n\t\t\t\t\t<\/div>\n\t\t<\/div>\n\t\t\t\t<div class=\"elementor-column elementor-col-50 elementor-top-column elementor-element elementor-element-3b64eed\" data-id=\"3b64eed\" data-element_type=\"column\">\n\t\t\t<div class=\"elementor-widget-wrap elementor-element-populated\">\n\t\t\t\t\t\t\t\t<div class=\"elementor-element elementor-element-94f86cb elementor-widget-tablet__width-initial elementor-widget elementor-widget-text-editor\" data-id=\"94f86cb\" data-element_type=\"widget\" data-settings=\"{&quot;ekit_we_effect_on&quot;:&quot;none&quot;}\" data-widget_type=\"text-editor.default\">\n\t\t\t\t<div class=\"elementor-widget-container\">\n\t\t\t\t\t\t\t<p>Avanzaremos de forma progresiva y articulada para consolidar una cultura educativa centrada en la formaci\u00f3n del car\u00e1cter.<\/p><p>Integra cuatro frentes clave:<\/p><ul><li><strong>Ruta formativa<\/strong> diferenciada para familias, directivos, docentes y estudiantes.<\/li><li><strong>Vinculaci\u00f3n estrat\u00e9gica<\/strong> con sectores y programas clave.<\/li><li><strong>Estrategia de comunicaci\u00f3n<\/strong> clara y accesible.<\/li><li><strong>Recursos digitales<\/strong> que fortalezcan la pr\u00e1ctica cotidiana.<\/li><\/ul>\t\t\t\t\t\t<\/div>\n\t\t\t\t<\/div>\n\t\t\t\t\t<\/div>\n\t\t<\/div>\n\t\t\t\t\t\t\t<\/div>\n\t\t<\/section>\n\t\t\t\t\t\t\t<\/div>\n\t\t","protected":false},"excerpt":{"rendered":"<p>Programa Objetivos &#8211; Fortalecer el rol de las familias en la formaci\u00f3n del car\u00e1cter, ofreci\u00e9ndoles herramientas para una convivencia \u00e9tica y corresponsable. &#8211; Consolidar liderazgos escolares que integren curr\u00edculo, cultura y clima escolar, siendo referentes cotidianos para la comunidad educativa. &#8211; Desarrollar competencias para crear ambientes de cuidado, confianza y prop\u00f3sito compartido que impulsen aprendizajes &hellip;<\/p>\n<p class=\"read-more\"> <a class=\"\" href=\"https:\/\/apprende.jalisco.gob.mx\/formacion-del-caracter\/programa\/\"> <span class=\"screen-reader-text\">Programa<\/span> Leer m\u00e1s &raquo;<\/a><\/p>\n","protected":false},"author":8,"featured_media":0,"parent":0,"menu_order":0,"comment_status":"closed","ping_status":"closed","template":"","meta":{"_monsterinsights_skip_tracking":false,"_monsterinsights_sitenote_active":false,"_monsterinsights_sitenote_note":"","_monsterinsights_sitenote_category":0,"site-sidebar-layout":"no-sidebar","site-content-layout":"page-builder","ast-site-content-layout":"","site-content-style":"default","site-sidebar-style":"default","ast-global-header-display":"","ast-banner-title-visibility":"","ast-main-header-display":"","ast-hfb-above-header-display":"","ast-hfb-below-header-display":"","ast-hfb-mobile-header-display":"","site-post-title":"disabled","ast-breadcrumbs-content":"","ast-featured-img":"disabled","footer-sml-layout":"","theme-transparent-header-meta":"","adv-header-id-meta":"","stick-header-meta":"","header-above-stick-meta":"","header-main-stick-meta":"","header-below-stick-meta":"","astra-migrate-meta-layouts":"","ep_exclude_from_search":false,"footnotes":""},"acf":[],"yoast_head":"<!-- This site is optimized with the Yoast SEO Premium plugin v17.7 (Yoast SEO v21.0) - https:\/\/yoast.com\/wordpress\/plugins\/seo\/ -->\n<title>Programa - Formaci\u00f3n del Car\u00e1cter<\/title>\n<meta name=\"robots\" content=\"index, follow, max-snippet:-1, max-image-preview:large, max-video-preview:-1\" \/>\n<link rel=\"canonical\" href=\"https:\/\/apprende.jalisco.gob.mx\/formacion-del-caracter\/programa\/\" \/>\n<meta property=\"og:locale\" content=\"es_MX\" \/>\n<meta property=\"og:type\" content=\"article\" \/>\n<meta property=\"og:title\" content=\"Programa\" \/>\n<meta property=\"og:description\" content=\"Programa Objetivos &#8211; Fortalecer el rol de las familias en la formaci\u00f3n del car\u00e1cter, ofreci\u00e9ndoles herramientas para una convivencia \u00e9tica y corresponsable. &#8211; Consolidar liderazgos escolares que integren curr\u00edculo, cultura y clima escolar, siendo referentes cotidianos para la comunidad educativa. &#8211; Desarrollar competencias para crear ambientes de cuidado, confianza y prop\u00f3sito compartido que impulsen aprendizajes &hellip; Programa Leer m\u00e1s &raquo;\" \/>\n<meta property=\"og:url\" content=\"https:\/\/apprende.jalisco.gob.mx\/formacion-del-caracter\/programa\/\" \/>\n<meta property=\"og:site_name\" content=\"Formaci\u00f3n del Car\u00e1cter\" \/>\n<meta property=\"article:modified_time\" content=\"2025-11-25T17:30:02+00:00\" \/>\n<meta property=\"og:image\" content=\"https:\/\/apprende.jalisco.gob.mx\/formacion-del-caracter\/wp-content\/uploads\/sites\/61\/2025\/11\/estragia001-1024x576.png\" \/>\n<meta name=\"twitter:card\" content=\"summary_large_image\" \/>\n<meta name=\"twitter:label1\" content=\"Tiempo de lectura\" \/>\n\t<meta name=\"twitter:data1\" content=\"2 minutos\" \/>\n<script type=\"application\/ld+json\" class=\"yoast-schema-graph\">{\"@context\":\"https:\/\/schema.org\",\"@graph\":[{\"@type\":\"WebPage\",\"@id\":\"https:\/\/apprende.jalisco.gob.mx\/formacion-del-caracter\/programa\/\",\"url\":\"https:\/\/apprende.jalisco.gob.mx\/formacion-del-caracter\/programa\/\",\"name\":\"Programa - Formaci\u00f3n del Car\u00e1cter\",\"isPartOf\":{\"@id\":\"https:\/\/apprende.jalisco.gob.mx\/formacion-del-caracter\/#website\"},\"datePublished\":\"2025-10-22T16:37:55+00:00\",\"dateModified\":\"2025-11-25T17:30:02+00:00\",\"breadcrumb\":{\"@id\":\"https:\/\/apprende.jalisco.gob.mx\/formacion-del-caracter\/programa\/#breadcrumb\"},\"inLanguage\":\"es-MX\",\"potentialAction\":[{\"@type\":\"ReadAction\",\"target\":[\"https:\/\/apprende.jalisco.gob.mx\/formacion-del-caracter\/programa\/\"]}]},{\"@type\":\"BreadcrumbList\",\"@id\":\"https:\/\/apprende.jalisco.gob.mx\/formacion-del-caracter\/programa\/#breadcrumb\",\"itemListElement\":[{\"@type\":\"ListItem\",\"position\":1,\"name\":\"Inicio\",\"item\":\"https:\/\/apprende.jalisco.gob.mx\/formacion-del-caracter\/\"},{\"@type\":\"ListItem\",\"position\":2,\"name\":\"Programa\"}]},{\"@type\":\"WebSite\",\"@id\":\"https:\/\/apprende.jalisco.gob.mx\/formacion-del-caracter\/#website\",\"url\":\"https:\/\/apprende.jalisco.gob.mx\/formacion-del-caracter\/\",\"name\":\"Formaci\u00f3n del Car\u00e1cter\",\"description\":\"Micrositio\",\"publisher\":{\"@id\":\"https:\/\/apprende.jalisco.gob.mx\/formacion-del-caracter\/#organization\"},\"potentialAction\":[{\"@type\":\"SearchAction\",\"target\":{\"@type\":\"EntryPoint\",\"urlTemplate\":\"https:\/\/apprende.jalisco.gob.mx\/formacion-del-caracter\/?s={search_term_string}\"},\"query-input\":\"required name=search_term_string\"}],\"inLanguage\":\"es-MX\"},{\"@type\":\"Organization\",\"@id\":\"https:\/\/apprende.jalisco.gob.mx\/formacion-del-caracter\/#organization\",\"name\":\"Formaci\u00f3n del Car\u00e1cter\",\"url\":\"https:\/\/apprende.jalisco.gob.mx\/formacion-del-caracter\/\",\"logo\":{\"@type\":\"ImageObject\",\"inLanguage\":\"es-MX\",\"@id\":\"https:\/\/apprende.jalisco.gob.mx\/formacion-del-caracter\/#\/schema\/logo\/image\/\",\"url\":\"https:\/\/apprende.jalisco.gob.mx\/formacion-del-caracter\/wp-content\/uploads\/sites\/61\/2022\/03\/logo-Educacion2025.png\",\"contentUrl\":\"https:\/\/apprende.jalisco.gob.mx\/formacion-del-caracter\/wp-content\/uploads\/sites\/61\/2022\/03\/logo-Educacion2025.png\",\"width\":427,\"height\":108,\"caption\":\"Formaci\u00f3n del Car\u00e1cter\"},\"image\":{\"@id\":\"https:\/\/apprende.jalisco.gob.mx\/formacion-del-caracter\/#\/schema\/logo\/image\/\"}}]}<\/script>\n<!-- \/ Yoast SEO Premium plugin. -->","yoast_head_json":{"title":"Programa - Formaci\u00f3n del Car\u00e1cter","robots":{"index":"index","follow":"follow","max-snippet":"max-snippet:-1","max-image-preview":"max-image-preview:large","max-video-preview":"max-video-preview:-1"},"canonical":"https:\/\/apprende.jalisco.gob.mx\/formacion-del-caracter\/programa\/","og_locale":"es_MX","og_type":"article","og_title":"Programa","og_description":"Programa Objetivos &#8211; Fortalecer el rol de las familias en la formaci\u00f3n del car\u00e1cter, ofreci\u00e9ndoles herramientas para una convivencia \u00e9tica y corresponsable. &#8211; Consolidar liderazgos escolares que integren curr\u00edculo, cultura y clima escolar, siendo referentes cotidianos para la comunidad educativa. &#8211; Desarrollar competencias para crear ambientes de cuidado, confianza y prop\u00f3sito compartido que impulsen aprendizajes &hellip; Programa Leer m\u00e1s &raquo;","og_url":"https:\/\/apprende.jalisco.gob.mx\/formacion-del-caracter\/programa\/","og_site_name":"Formaci\u00f3n del Car\u00e1cter","article_modified_time":"2025-11-25T17:30:02+00:00","og_image":[{"url":"https:\/\/apprende.jalisco.gob.mx\/formacion-del-caracter\/wp-content\/uploads\/sites\/61\/2025\/11\/estragia001-1024x576.png"}],"twitter_card":"summary_large_image","twitter_misc":{"Tiempo de lectura":"2 minutos"},"schema":{"@context":"https:\/\/schema.org","@graph":[{"@type":"WebPage","@id":"https:\/\/apprende.jalisco.gob.mx\/formacion-del-caracter\/programa\/","url":"https:\/\/apprende.jalisco.gob.mx\/formacion-del-caracter\/programa\/","name":"Programa - Formaci\u00f3n del Car\u00e1cter","isPartOf":{"@id":"https:\/\/apprende.jalisco.gob.mx\/formacion-del-caracter\/#website"},"datePublished":"2025-10-22T16:37:55+00:00","dateModified":"2025-11-25T17:30:02+00:00","breadcrumb":{"@id":"https:\/\/apprende.jalisco.gob.mx\/formacion-del-caracter\/programa\/#breadcrumb"},"inLanguage":"es-MX","potentialAction":[{"@type":"ReadAction","target":["https:\/\/apprende.jalisco.gob.mx\/formacion-del-caracter\/programa\/"]}]},{"@type":"BreadcrumbList","@id":"https:\/\/apprende.jalisco.gob.mx\/formacion-del-caracter\/programa\/#breadcrumb","itemListElement":[{"@type":"ListItem","position":1,"name":"Inicio","item":"https:\/\/apprende.jalisco.gob.mx\/formacion-del-caracter\/"},{"@type":"ListItem","position":2,"name":"Programa"}]},{"@type":"WebSite","@id":"https:\/\/apprende.jalisco.gob.mx\/formacion-del-caracter\/#website","url":"https:\/\/apprende.jalisco.gob.mx\/formacion-del-caracter\/","name":"Formaci\u00f3n del Car\u00e1cter","description":"Micrositio","publisher":{"@id":"https:\/\/apprende.jalisco.gob.mx\/formacion-del-caracter\/#organization"},"potentialAction":[{"@type":"SearchAction","target":{"@type":"EntryPoint","urlTemplate":"https:\/\/apprende.jalisco.gob.mx\/formacion-del-caracter\/?s={search_term_string}"},"query-input":"required name=search_term_string"}],"inLanguage":"es-MX"},{"@type":"Organization","@id":"https:\/\/apprende.jalisco.gob.mx\/formacion-del-caracter\/#organization","name":"Formaci\u00f3n del Car\u00e1cter","url":"https:\/\/apprende.jalisco.gob.mx\/formacion-del-caracter\/","logo":{"@type":"ImageObject","inLanguage":"es-MX","@id":"https:\/\/apprende.jalisco.gob.mx\/formacion-del-caracter\/#\/schema\/logo\/image\/","url":"https:\/\/apprende.jalisco.gob.mx\/formacion-del-caracter\/wp-content\/uploads\/sites\/61\/2022\/03\/logo-Educacion2025.png","contentUrl":"https:\/\/apprende.jalisco.gob.mx\/formacion-del-caracter\/wp-content\/uploads\/sites\/61\/2022\/03\/logo-Educacion2025.png","width":427,"height":108,"caption":"Formaci\u00f3n del Car\u00e1cter"},"image":{"@id":"https:\/\/apprende.jalisco.gob.mx\/formacion-del-caracter\/#\/schema\/logo\/image\/"}}]}},"_links":{"self":[{"href":"https:\/\/apprende.jalisco.gob.mx\/formacion-del-caracter\/wp-json\/wp\/v2\/pages\/4257"}],"collection":[{"href":"https:\/\/apprende.jalisco.gob.mx\/formacion-del-caracter\/wp-json\/wp\/v2\/pages"}],"about":[{"href":"https:\/\/apprende.jalisco.gob.mx\/formacion-del-caracter\/wp-json\/wp\/v2\/types\/page"}],"author":[{"embeddable":true,"href":"https:\/\/apprende.jalisco.gob.mx\/formacion-del-caracter\/wp-json\/wp\/v2\/users\/8"}],"replies":[{"embeddable":true,"href":"https:\/\/apprende.jalisco.gob.mx\/formacion-del-caracter\/wp-json\/wp\/v2\/comments?post=4257"}],"version-history":[{"count":28,"href":"https:\/\/apprende.jalisco.gob.mx\/formacion-del-caracter\/wp-json\/wp\/v2\/pages\/4257\/revisions"}],"predecessor-version":[{"id":4438,"href":"https:\/\/apprende.jalisco.gob.mx\/formacion-del-caracter\/wp-json\/wp\/v2\/pages\/4257\/revisions\/4438"}],"wp:attachment":[{"href":"https:\/\/apprende.jalisco.gob.mx\/formacion-del-caracter\/wp-json\/wp\/v2\/media?parent=4257"}],"curies":[{"name":"wp","href":"https:\/\/api.w.org\/{rel}","templated":true}]}}